{"id":11481,"date":"2025-09-16T14:20:02","date_gmt":"2025-09-16T14:20:02","guid":{"rendered":"https:\/\/dualgree.com.br\/loja\/produto\/emenda-tubo-130mm-para-ar-condicionado-portatil-olimpia-splendid-piu-12\/"},"modified":"2026-04-28T18:19:58","modified_gmt":"2026-04-28T18:19:58","slug":"emenda-tubo-130mm-para-ar-condicionado-portatil-olimpia-splendid-piu-12","status":"publish","type":"product","link":"https:\/\/dualgree.com.br\/loja\/produto\/emenda-tubo-130mm-para-ar-condicionado-portatil-olimpia-splendid-piu-12\/","title":{"rendered":"Emenda extens\u00e3o de tubo 130mm para ar condicionado port\u00e1ti..."},"content":{"rendered":"<p><span style=\"font-family: arial, tahoma, verdana, helvetica;font-size: 14.72px\">DG4759 &#8211; Emenda de tubo de ar condicionado portatil rosca interna 130mm = a 13cm de rosca<\/span><\/p>\n<p>\u00a0<\/p>\n<p><span style=\"font-family: arial, tahoma, verdana, helvetica;font-size: 14.72px\">Cor : Branco<\/span><\/p>\n<p>\u00a0<\/p>\n<p><span style=\"font-family: arial, tahoma, verdana, helvetica;font-size: 14.72px\">Compativel com tubos de 13cm de rosca :<\/span><\/p>\n<p>\u00a0<\/p>\n<p><span style=\"font-family: arial, tahoma, verdana, helvetica;font-size: 14.72px\">Olimpia Splendid Dolceclima Nano Nano Silent 10.<\/span><span style=\"font-family: arial, tahoma, verdana, helvetica;font-size: 14.72px\"><\/span><\/p>\n<p><span style=\"font-family: arial, tahoma, verdana, helvetica;font-size: 14.72px\">Olimpia splendid &#8211; Piu 12.<\/span><\/p>\n<p><span style=\"font-family: arial, tahoma, verdana, helvetica;font-size: 14.72px\">Olimpia splendid<\/span><span style=\"font-family: arial, tahoma, verdana, helvetica;font-size: 14.72px\">\u00a0&#8211;\u00a0<\/span><span style=\"font-family: arial, tahoma, verdana, helvetica;font-size: 14.72px\">Piu 12 HP.<\/span><\/p>\n<p><span style=\"font-family: arial, tahoma, verdana, helvetica;font-size: 14.72px\">Olimpia splendid<\/span><span style=\"font-family: arial, tahoma, verdana, helvetica;font-size: 14.72px\">\u00a0&#8211;\u00a0<\/span>Issimo.<\/p>\n<p><span style=\"font-family: arial, tahoma, verdana, helvetica;font-size: 14.72px\">Olimpia splendid<\/span><span style=\"font-family: arial, tahoma, verdana, helvetica;font-size: 14.72px\">\u00a0&#8211;\u00a0<\/span>new issimo.<\/p>\n<p>Delonghi &#8211; pac c100.<\/p>\n<p>Delonghi &#8211; pac c105.<\/p>\n<p>Delonghi &#8211; pac w125.<\/p>\n<p>Delonghi &#8211; pac AN120.<\/p>\n<p>Delonghi &#8211; pac AN130.<\/p>\n<p>Delonghi &#8211; pac AN145RF.<\/p>\n<p>Delonghi &#8211; pac AN130RF.<\/p>\n<p>\u00a0<\/p>\n<p>Phaser P10F.<\/p>\n<p>\u00a0<\/p>\n<p>Tec home TEC10f.<\/p>\n<p>\u00a0<\/p>\n<p>Gree GP12\/12L &#8211; Modelos antigos<\/p>\n<p>Gree GP8\/12L &#8211; Modelos antigos<\/p>\n<p>\u00a0<\/p>\n<p>Electrolux po10f.<\/p>\n<p>Electrolux po10r.<\/p>\n<p>\u00a0<\/p>\n<p>Philco PH10000F &#8211; Modelo antigo 13cm<\/p>\n<p>Philco PH10000QF &#8211; Modelo antigo 13cm<\/p>\n<p>Philco PH13000F &#8211; Modelo antigo 13cm<\/p>\n<p>Philco PH13000QF &#8211; Modelo antigo 13cm<\/p>\n<p>\u00a0<\/p>\n<p>TCL<\/p>\n<p>Komeco<\/p>\n<p>\u00a0<\/p>\n<p>\u00a0<\/p>\n","protected":false},"excerpt":{"rendered":"<p>DG4759 &#8211; Emenda de tubo de ar condicionado portatil rosca interna 130mm = a 13cm de rosca \u00a0 Cor : Branco \u00a0 Compativel com tubos de 13cm de rosca : \u00a0 Olimpia Splendid Dolceclima Nano Nano Silent 10. Olimpia splendid &#8211; Piu 12. Olimpia splendid\u00a0&#8211;\u00a0Piu 12 HP. Olimpia splendid\u00a0&#8211;\u00a0Issimo. Olimpia splendid\u00a0&#8211;\u00a0new issimo. Delonghi &#8211; pac&#8230;<\/p>\n","protected":false},"featured_media":12148,"comment_status":"open","ping_status":"closed","template":"","meta":{"_kadence_starter_templates_imported_post":false,"_kad_post_transparent":"","_kad_post_title":"","_kad_post_layout":"","_kad_post_sidebar_id":"","_kad_post_content_style":"","_kad_post_vertical_padding":"","_kad_post_feature":"","_kad_post_feature_position":"","_kad_post_header":false,"_kad_post_footer":false,"jetpack_publicize_message":"","jetpack_publicize_feature_enabled":true,"jetpack_social_post_already_shared":true,"jetpack_social_options":{"image_generator_settings":{"template":"highway","default_image_id":0,"font":"","enabled":false},"version":2}},"product_brand":[],"product_cat":[225,181,256,180,202,243,297,183,246,258],"product_tag":[],"class_list":{"0":"post-11481","1":"product","2":"type-product","3":"status-publish","4":"has-post-thumbnail","6":"product_cat-delonghi","7":"product_cat-electrolux","8":"product_cat-emenda-duto-ar-portatil","9":"product_cat-gree","10":"product_cat-komeco","11":"product_cat-olimpia-splendid","12":"product_cat-phaser","13":"product_cat-philco","14":"product_cat-tcl","15":"product_cat-techome","17":"first","18":"instock","19":"sale","20":"shipping-taxable","21":"purchasable","22":"product-type-simple","23":"entry","24":"content-bg","25":"loop-entry"},"yoast_head":"<!-- This site is optimized with the Yoast SEO plugin v27.5 - https:\/\/yoast.com\/product\/yoast-seo-wordpress\/ -->\n<title>Emenda extens\u00e3o de tubo 130mm para ar condicionado port\u00e1til olimpia splendid Piu 12 - Loja - Dual Gree Servi\u00e7os | Pe\u00e7as<\/title>\n<meta name=\"robots\" content=\"index, follow, max-snippet:-1, max-image-preview:large, max-video-preview:-1\" \/>\n<link rel=\"canonical\" href=\"https:\/\/dualgree.com.br\/loja\/produto\/emenda-tubo-130mm-para-ar-condicionado-portatil-olimpia-splendid-piu-12\/\" \/>\n<meta property=\"og:locale\" content=\"pt_BR\" \/>\n<meta property=\"og:type\" content=\"article\" \/>\n<meta property=\"og:title\" content=\"Emenda extens\u00e3o de tubo 130mm para ar condicionado port\u00e1til olimpia splendid Piu 12 - Loja - Dual Gree Servi\u00e7os | Pe\u00e7as\" \/>\n<meta property=\"og:description\" content=\"DG4759 &#8211; Emenda de tubo de ar condicionado portatil rosca interna 130mm = a 13cm de rosca \u00a0 Cor : Branco \u00a0 Compativel com tubos de 13cm de rosca : \u00a0 Olimpia Splendid Dolceclima Nano Nano Silent 10. Olimpia splendid &#8211; Piu 12. Olimpia splendid\u00a0&#8211;\u00a0Piu 12 HP. Olimpia splendid\u00a0&#8211;\u00a0Issimo. Olimpia splendid\u00a0&#8211;\u00a0new issimo. Delonghi &#8211; pac...\" \/>\n<meta property=\"og:url\" content=\"https:\/\/dualgree.com.br\/loja\/produto\/emenda-tubo-130mm-para-ar-condicionado-portatil-olimpia-splendid-piu-12\/\" \/>\n<meta property=\"og:site_name\" content=\"Loja - Dual Gree Servi\u00e7os | Pe\u00e7as\" \/>\n<meta property=\"article:modified_time\" content=\"2026-04-28T18:19:58+00:00\" \/>\n<meta property=\"og:image\" content=\"https:\/\/dualgree.com.br\/loja\/wp-content\/uploads\/2025\/09\/15376383366-emenda-tubo-130mm-para-ar-condicionado-portatil.webp\" \/>\n\t<meta property=\"og:image:width\" content=\"1280\" \/>\n\t<meta property=\"og:image:height\" content=\"1280\" \/>\n\t<meta property=\"og:image:type\" content=\"image\/png\" \/>\n<meta name=\"twitter:card\" content=\"summary_large_image\" \/>\n<meta name=\"twitter:label1\" content=\"Est. tempo de leitura\" \/>\n\t<meta name=\"twitter:data1\" content=\"1 minuto\" \/>\n<script type=\"application\/ld+json\" class=\"yoast-schema-graph\">{\"@context\":\"https:\\\/\\\/schema.org\",\"@graph\":[{\"@type\":\"WebPage\",\"@id\":\"https:\\\/\\\/dualgree.com.br\\\/loja\\\/produto\\\/emenda-tubo-130mm-para-ar-condicionado-portatil-olimpia-splendid-piu-12\\\/\",\"url\":\"https:\\\/\\\/dualgree.com.br\\\/loja\\\/produto\\\/emenda-tubo-130mm-para-ar-condicionado-portatil-olimpia-splendid-piu-12\\\/\",\"name\":\"Emenda extens\u00e3o de tubo 130mm para ar condicionado port\u00e1til olimpia splendid Piu 12 - Loja - Dual Gree Servi\u00e7os | Pe\u00e7as\",\"isPartOf\":{\"@id\":\"https:\\\/\\\/dualgree.com.br\\\/loja\\\/#website\"},\"primaryImageOfPage\":{\"@id\":\"https:\\\/\\\/dualgree.com.br\\\/loja\\\/produto\\\/emenda-tubo-130mm-para-ar-condicionado-portatil-olimpia-splendid-piu-12\\\/#primaryimage\"},\"image\":{\"@id\":\"https:\\\/\\\/dualgree.com.br\\\/loja\\\/produto\\\/emenda-tubo-130mm-para-ar-condicionado-portatil-olimpia-splendid-piu-12\\\/#primaryimage\"},\"thumbnailUrl\":\"https:\\\/\\\/dualgree.com.br\\\/loja\\\/wp-content\\\/uploads\\\/2025\\\/10\\\/15346530447-dg4759-emenda130mm.webp\",\"datePublished\":\"2025-09-16T14:20:02+00:00\",\"dateModified\":\"2026-04-28T18:19:58+00:00\",\"breadcrumb\":{\"@id\":\"https:\\\/\\\/dualgree.com.br\\\/loja\\\/produto\\\/emenda-tubo-130mm-para-ar-condicionado-portatil-olimpia-splendid-piu-12\\\/#breadcrumb\"},\"inLanguage\":\"pt-BR\",\"potentialAction\":[{\"@type\":\"ReadAction\",\"target\":[\"https:\\\/\\\/dualgree.com.br\\\/loja\\\/produto\\\/emenda-tubo-130mm-para-ar-condicionado-portatil-olimpia-splendid-piu-12\\\/\"]}]},{\"@type\":\"ImageObject\",\"inLanguage\":\"pt-BR\",\"@id\":\"https:\\\/\\\/dualgree.com.br\\\/loja\\\/produto\\\/emenda-tubo-130mm-para-ar-condicionado-portatil-olimpia-splendid-piu-12\\\/#primaryimage\",\"url\":\"https:\\\/\\\/dualgree.com.br\\\/loja\\\/wp-content\\\/uploads\\\/2025\\\/10\\\/15346530447-dg4759-emenda130mm.webp\",\"contentUrl\":\"https:\\\/\\\/dualgree.com.br\\\/loja\\\/wp-content\\\/uploads\\\/2025\\\/10\\\/15346530447-dg4759-emenda130mm.webp\",\"width\":680,\"height\":535},{\"@type\":\"BreadcrumbList\",\"@id\":\"https:\\\/\\\/dualgree.com.br\\\/loja\\\/produto\\\/emenda-tubo-130mm-para-ar-condicionado-portatil-olimpia-splendid-piu-12\\\/#breadcrumb\",\"itemListElement\":[{\"@type\":\"ListItem\",\"position\":1,\"name\":\"In\u00edcio\",\"item\":\"https:\\\/\\\/dualgree.com.br\\\/loja\\\/\"},{\"@type\":\"ListItem\",\"position\":2,\"name\":\"Loja &#8211; Cat\u00e1logo de Pe\u00e7as\",\"item\":\"https:\\\/\\\/dualgree.com.br\\\/loja\\\/\"},{\"@type\":\"ListItem\",\"position\":3,\"name\":\"Emenda extens\u00e3o de tubo 130mm para ar condicionado port\u00e1ti...\"}]},{\"@type\":\"WebSite\",\"@id\":\"https:\\\/\\\/dualgree.com.br\\\/loja\\\/#website\",\"url\":\"https:\\\/\\\/dualgree.com.br\\\/loja\\\/\",\"name\":\"Loja - Dual Gree Servi\u00e7os | Partes e Pe\u00e7as\",\"description\":\"Catalogo de Pe\u00e7as para ar condicionado\",\"publisher\":{\"@id\":\"https:\\\/\\\/dualgree.com.br\\\/loja\\\/#organization\"},\"potentialAction\":[{\"@type\":\"SearchAction\",\"target\":{\"@type\":\"EntryPoint\",\"urlTemplate\":\"https:\\\/\\\/dualgree.com.br\\\/loja\\\/?s={search_term_string}\"},\"query-input\":{\"@type\":\"PropertyValueSpecification\",\"valueRequired\":true,\"valueName\":\"search_term_string\"}}],\"inLanguage\":\"pt-BR\"},{\"@type\":\"Organization\",\"@id\":\"https:\\\/\\\/dualgree.com.br\\\/loja\\\/#organization\",\"name\":\"Loja Dual Gree Servi\u00e7o\",\"url\":\"https:\\\/\\\/dualgree.com.br\\\/loja\\\/\",\"logo\":{\"@type\":\"ImageObject\",\"inLanguage\":\"pt-BR\",\"@id\":\"https:\\\/\\\/dualgree.com.br\\\/loja\\\/#\\\/schema\\\/logo\\\/image\\\/\",\"url\":\"https:\\\/\\\/dualgree.com.br\\\/loja\\\/wp-content\\\/uploads\\\/2024\\\/09\\\/teste-logo-ecommerce-dual-1-e1725909304971.png\",\"contentUrl\":\"https:\\\/\\\/dualgree.com.br\\\/loja\\\/wp-content\\\/uploads\\\/2024\\\/09\\\/teste-logo-ecommerce-dual-1-e1725909304971.png\",\"width\":470,\"height\":157,\"caption\":\"Loja Dual Gree Servi\u00e7o\"},\"image\":{\"@id\":\"https:\\\/\\\/dualgree.com.br\\\/loja\\\/#\\\/schema\\\/logo\\\/image\\\/\"}}]}<\/script>\n<!-- \/ Yoast SEO plugin. -->","yoast_head_json":{"title":"Emenda extens\u00e3o de tubo 130mm para ar condicionado port\u00e1til olimpia splendid Piu 12 - Loja - Dual Gree Servi\u00e7os | Pe\u00e7as","robots":{"index":"index","follow":"follow","max-snippet":"max-snippet:-1","max-image-preview":"max-image-preview:large","max-video-preview":"max-video-preview:-1"},"canonical":"https:\/\/dualgree.com.br\/loja\/produto\/emenda-tubo-130mm-para-ar-condicionado-portatil-olimpia-splendid-piu-12\/","og_locale":"pt_BR","og_type":"article","og_title":"Emenda extens\u00e3o de tubo 130mm para ar condicionado port\u00e1til olimpia splendid Piu 12 - Loja - Dual Gree Servi\u00e7os | Pe\u00e7as","og_description":"DG4759 &#8211; Emenda de tubo de ar condicionado portatil rosca interna 130mm = a 13cm de rosca \u00a0 Cor : Branco \u00a0 Compativel com tubos de 13cm de rosca : \u00a0 Olimpia Splendid Dolceclima Nano Nano Silent 10. Olimpia splendid &#8211; Piu 12. Olimpia splendid\u00a0&#8211;\u00a0Piu 12 HP. Olimpia splendid\u00a0&#8211;\u00a0Issimo. Olimpia splendid\u00a0&#8211;\u00a0new issimo. Delonghi &#8211; pac...","og_url":"https:\/\/dualgree.com.br\/loja\/produto\/emenda-tubo-130mm-para-ar-condicionado-portatil-olimpia-splendid-piu-12\/","og_site_name":"Loja - Dual Gree Servi\u00e7os | Pe\u00e7as","article_modified_time":"2026-04-28T18:19:58+00:00","og_image":[{"width":1280,"height":1280,"url":"https:\/\/dualgree.com.br\/loja\/wp-content\/uploads\/2025\/09\/15376383366-emenda-tubo-130mm-para-ar-condicionado-portatil.webp","type":"image\/png"}],"twitter_card":"summary_large_image","twitter_misc":{"Est. tempo de leitura":"1 minuto"},"schema":{"@context":"https:\/\/schema.org","@graph":[{"@type":"WebPage","@id":"https:\/\/dualgree.com.br\/loja\/produto\/emenda-tubo-130mm-para-ar-condicionado-portatil-olimpia-splendid-piu-12\/","url":"https:\/\/dualgree.com.br\/loja\/produto\/emenda-tubo-130mm-para-ar-condicionado-portatil-olimpia-splendid-piu-12\/","name":"Emenda extens\u00e3o de tubo 130mm para ar condicionado port\u00e1til olimpia splendid Piu 12 - Loja - Dual Gree Servi\u00e7os | Pe\u00e7as","isPartOf":{"@id":"https:\/\/dualgree.com.br\/loja\/#website"},"primaryImageOfPage":{"@id":"https:\/\/dualgree.com.br\/loja\/produto\/emenda-tubo-130mm-para-ar-condicionado-portatil-olimpia-splendid-piu-12\/#primaryimage"},"image":{"@id":"https:\/\/dualgree.com.br\/loja\/produto\/emenda-tubo-130mm-para-ar-condicionado-portatil-olimpia-splendid-piu-12\/#primaryimage"},"thumbnailUrl":"https:\/\/dualgree.com.br\/loja\/wp-content\/uploads\/2025\/10\/15346530447-dg4759-emenda130mm.webp","datePublished":"2025-09-16T14:20:02+00:00","dateModified":"2026-04-28T18:19:58+00:00","breadcrumb":{"@id":"https:\/\/dualgree.com.br\/loja\/produto\/emenda-tubo-130mm-para-ar-condicionado-portatil-olimpia-splendid-piu-12\/#breadcrumb"},"inLanguage":"pt-BR","potentialAction":[{"@type":"ReadAction","target":["https:\/\/dualgree.com.br\/loja\/produto\/emenda-tubo-130mm-para-ar-condicionado-portatil-olimpia-splendid-piu-12\/"]}]},{"@type":"ImageObject","inLanguage":"pt-BR","@id":"https:\/\/dualgree.com.br\/loja\/produto\/emenda-tubo-130mm-para-ar-condicionado-portatil-olimpia-splendid-piu-12\/#primaryimage","url":"https:\/\/dualgree.com.br\/loja\/wp-content\/uploads\/2025\/10\/15346530447-dg4759-emenda130mm.webp","contentUrl":"https:\/\/dualgree.com.br\/loja\/wp-content\/uploads\/2025\/10\/15346530447-dg4759-emenda130mm.webp","width":680,"height":535},{"@type":"BreadcrumbList","@id":"https:\/\/dualgree.com.br\/loja\/produto\/emenda-tubo-130mm-para-ar-condicionado-portatil-olimpia-splendid-piu-12\/#breadcrumb","itemListElement":[{"@type":"ListItem","position":1,"name":"In\u00edcio","item":"https:\/\/dualgree.com.br\/loja\/"},{"@type":"ListItem","position":2,"name":"Loja &#8211; Cat\u00e1logo de Pe\u00e7as","item":"https:\/\/dualgree.com.br\/loja\/"},{"@type":"ListItem","position":3,"name":"Emenda extens\u00e3o de tubo 130mm para ar condicionado port\u00e1ti..."}]},{"@type":"WebSite","@id":"https:\/\/dualgree.com.br\/loja\/#website","url":"https:\/\/dualgree.com.br\/loja\/","name":"Loja - Dual Gree Servi\u00e7os | Partes e Pe\u00e7as","description":"Catalogo de Pe\u00e7as para ar condicionado","publisher":{"@id":"https:\/\/dualgree.com.br\/loja\/#organization"},"potentialAction":[{"@type":"SearchAction","target":{"@type":"EntryPoint","urlTemplate":"https:\/\/dualgree.com.br\/loja\/?s={search_term_string}"},"query-input":{"@type":"PropertyValueSpecification","valueRequired":true,"valueName":"search_term_string"}}],"inLanguage":"pt-BR"},{"@type":"Organization","@id":"https:\/\/dualgree.com.br\/loja\/#organization","name":"Loja Dual Gree Servi\u00e7o","url":"https:\/\/dualgree.com.br\/loja\/","logo":{"@type":"ImageObject","inLanguage":"pt-BR","@id":"https:\/\/dualgree.com.br\/loja\/#\/schema\/logo\/image\/","url":"https:\/\/dualgree.com.br\/loja\/wp-content\/uploads\/2024\/09\/teste-logo-ecommerce-dual-1-e1725909304971.png","contentUrl":"https:\/\/dualgree.com.br\/loja\/wp-content\/uploads\/2024\/09\/teste-logo-ecommerce-dual-1-e1725909304971.png","width":470,"height":157,"caption":"Loja Dual Gree Servi\u00e7o"},"image":{"@id":"https:\/\/dualgree.com.br\/loja\/#\/schema\/logo\/image\/"}}]}},"jetpack_publicize_connections":[],"jetpack_sharing_enabled":true,"jetpack_likes_enabled":true,"_links":{"self":[{"href":"https:\/\/dualgree.com.br\/loja\/wp-json\/wp\/v2\/product\/11481","targetHints":{"allow":["GET"]}}],"collection":[{"href":"https:\/\/dualgree.com.br\/loja\/wp-json\/wp\/v2\/product"}],"about":[{"href":"https:\/\/dualgree.com.br\/loja\/wp-json\/wp\/v2\/types\/product"}],"replies":[{"embeddable":true,"href":"https:\/\/dualgree.com.br\/loja\/wp-json\/wp\/v2\/comments?post=11481"}],"wp:featuredmedia":[{"embeddable":true,"href":"https:\/\/dualgree.com.br\/loja\/wp-json\/wp\/v2\/media\/12148"}],"wp:attachment":[{"href":"https:\/\/dualgree.com.br\/loja\/wp-json\/wp\/v2\/media?parent=11481"}],"wp:term":[{"taxonomy":"product_brand","embeddable":true,"href":"https:\/\/dualgree.com.br\/loja\/wp-json\/wp\/v2\/product_brand?post=11481"},{"taxonomy":"product_cat","embeddable":true,"href":"https:\/\/dualgree.com.br\/loja\/wp-json\/wp\/v2\/product_cat?post=11481"},{"taxonomy":"product_tag","embeddable":true,"href":"https:\/\/dualgree.com.br\/loja\/wp-json\/wp\/v2\/product_tag?post=11481"}],"curies":[{"name":"wp","href":"https:\/\/api.w.org\/{rel}","templated":true}]}}