{"id":11792,"date":"2025-10-05T21:30:40","date_gmt":"2025-10-05T21:30:40","guid":{"rendered":"https:\/\/dualgree.com.br\/loja\/produto\/duto-flexivel-para-ar-condicionado-portatil-springer-mph-12crv1\/"},"modified":"2026-04-28T17:25:46","modified_gmt":"2026-04-28T17:25:46","slug":"duto-flexivel-para-ar-condicionado-portatil-springer-mph-12crv1","status":"publish","type":"product","link":"https:\/\/dualgree.com.br\/loja\/produto\/duto-flexivel-para-ar-condicionado-portatil-springer-mph-12crv1\/","title":{"rendered":"Duto Flex\u00edvel Para Ar Condicionado Port\u00e1til Springer  Mph-..."},"content":{"rendered":"<p>Mangueira Duto Tubo Ar Condicionado Port\u00e1til Springer MpH-12CRV1<\/p>\n<p>\u00a0<\/p>\n<p>Aten\u00e7\u00e3o : confirme modelo e marca antes da compra,<\/p>\n<p>\u00a0<\/p>\n<p>\u00c9 necess\u00e1rio o Cliente possuir os adaptadores originais do equipamento<\/p>\n<p>Duto com 2 metros e rosca diamentro de 15 cent\u00edmetros ou 150mm, com arame super resistente<br \/>Acompanha aro suporte para seus conectores. conectores n\u00e3o incluso.<\/p>\n<p>\u00a0<\/p>\n<p>Este duto serve nos equipamentos abaixo:<br \/>Springer<\/p>\n<p><\/p>\n<p>Tamanho do pacote: 50cm x 18cm<\/p>\n<p>\u00a0<\/p>\n","protected":false},"excerpt":{"rendered":"<p>Mangueira Duto Tubo Ar Condicionado Port\u00e1til Springer MpH-12CRV1 \u00a0 Aten\u00e7\u00e3o : confirme modelo e marca antes da compra, \u00a0 \u00c9 necess\u00e1rio o Cliente possuir os adaptadores originais do equipamento Duto com 2 metros e rosca diamentro de 15 cent\u00edmetros ou 150mm, com arame super resistenteAcompanha aro suporte para seus conectores. conectores n\u00e3o incluso. \u00a0 Este&#8230;<\/p>\n","protected":false},"featured_media":11791,"comment_status":"open","ping_status":"closed","template":"","meta":{"_kadence_starter_templates_imported_post":false,"_kad_post_transparent":"","_kad_post_title":"","_kad_post_layout":"","_kad_post_sidebar_id":"","_kad_post_content_style":"","_kad_post_vertical_padding":"","_kad_post_feature":"","_kad_post_feature_position":"","_kad_post_header":false,"_kad_post_footer":false,"jetpack_publicize_message":"","jetpack_publicize_feature_enabled":true,"jetpack_social_post_already_shared":true,"jetpack_social_options":{"image_generator_settings":{"template":"highway","default_image_id":0,"font":"","enabled":false},"version":2}},"product_brand":[],"product_cat":[244,176,243],"product_tag":[],"class_list":{"0":"post-11792","1":"product","2":"type-product","3":"status-publish","4":"has-post-thumbnail","6":"product_cat-duto-para-ar-portatil","7":"product_cat-midea","8":"product_cat-olimpia-splendid","10":"first","11":"instock","12":"sale","13":"shipping-taxable","14":"purchasable","15":"product-type-simple","16":"entry","17":"content-bg","18":"loop-entry"},"yoast_head":"<!-- This site is optimized with the Yoast SEO plugin v27.5 - https:\/\/yoast.com\/product\/yoast-seo-wordpress\/ -->\n<title>Duto Flex\u00edvel Para Ar Condicionado Port\u00e1til Springer Mph-12CRV1 - Loja - Dual Gree Servi\u00e7os | Pe\u00e7as<\/title>\n<meta name=\"robots\" content=\"index, follow, max-snippet:-1, max-image-preview:large, max-video-preview:-1\" \/>\n<link rel=\"canonical\" href=\"https:\/\/dualgree.com.br\/loja\/produto\/duto-flexivel-para-ar-condicionado-portatil-springer-mph-12crv1\/\" \/>\n<meta property=\"og:locale\" content=\"pt_BR\" \/>\n<meta property=\"og:type\" content=\"article\" \/>\n<meta property=\"og:title\" content=\"Duto Flex\u00edvel Para Ar Condicionado Port\u00e1til Springer Mph-12CRV1 - Loja - Dual Gree Servi\u00e7os | Pe\u00e7as\" \/>\n<meta property=\"og:description\" content=\"Mangueira Duto Tubo Ar Condicionado Port\u00e1til Springer MpH-12CRV1 \u00a0 Aten\u00e7\u00e3o : confirme modelo e marca antes da compra, \u00a0 \u00c9 necess\u00e1rio o Cliente possuir os adaptadores originais do equipamento Duto com 2 metros e rosca diamentro de 15 cent\u00edmetros ou 150mm, com arame super resistenteAcompanha aro suporte para seus conectores. conectores n\u00e3o incluso. \u00a0 Este...\" \/>\n<meta property=\"og:url\" content=\"https:\/\/dualgree.com.br\/loja\/produto\/duto-flexivel-para-ar-condicionado-portatil-springer-mph-12crv1\/\" \/>\n<meta property=\"og:site_name\" content=\"Loja - Dual Gree Servi\u00e7os | Pe\u00e7as\" \/>\n<meta property=\"article:modified_time\" content=\"2026-04-28T17:25:46+00:00\" \/>\n<meta name=\"twitter:card\" content=\"summary_large_image\" \/>\n<script type=\"application\/ld+json\" class=\"yoast-schema-graph\">{\"@context\":\"https:\\\/\\\/schema.org\",\"@graph\":[{\"@type\":\"WebPage\",\"@id\":\"https:\\\/\\\/dualgree.com.br\\\/loja\\\/produto\\\/duto-flexivel-para-ar-condicionado-portatil-springer-mph-12crv1\\\/\",\"url\":\"https:\\\/\\\/dualgree.com.br\\\/loja\\\/produto\\\/duto-flexivel-para-ar-condicionado-portatil-springer-mph-12crv1\\\/\",\"name\":\"Duto Flex\u00edvel Para Ar Condicionado Port\u00e1til Springer Mph-12CRV1 - Loja - Dual Gree Servi\u00e7os | Pe\u00e7as\",\"isPartOf\":{\"@id\":\"https:\\\/\\\/dualgree.com.br\\\/loja\\\/#website\"},\"primaryImageOfPage\":{\"@id\":\"https:\\\/\\\/dualgree.com.br\\\/loja\\\/produto\\\/duto-flexivel-para-ar-condicionado-portatil-springer-mph-12crv1\\\/#primaryimage\"},\"image\":{\"@id\":\"https:\\\/\\\/dualgree.com.br\\\/loja\\\/produto\\\/duto-flexivel-para-ar-condicionado-portatil-springer-mph-12crv1\\\/#primaryimage\"},\"thumbnailUrl\":\"https:\\\/\\\/dualgree.com.br\\\/loja\\\/wp-content\\\/uploads\\\/2025\\\/10\\\/15260869652-15109945977-d-826202-mlb45152268641-032021-o-2.webp\",\"datePublished\":\"2025-10-05T21:30:40+00:00\",\"dateModified\":\"2026-04-28T17:25:46+00:00\",\"breadcrumb\":{\"@id\":\"https:\\\/\\\/dualgree.com.br\\\/loja\\\/produto\\\/duto-flexivel-para-ar-condicionado-portatil-springer-mph-12crv1\\\/#breadcrumb\"},\"inLanguage\":\"pt-BR\",\"potentialAction\":[{\"@type\":\"ReadAction\",\"target\":[\"https:\\\/\\\/dualgree.com.br\\\/loja\\\/produto\\\/duto-flexivel-para-ar-condicionado-portatil-springer-mph-12crv1\\\/\"]}]},{\"@type\":\"ImageObject\",\"inLanguage\":\"pt-BR\",\"@id\":\"https:\\\/\\\/dualgree.com.br\\\/loja\\\/produto\\\/duto-flexivel-para-ar-condicionado-portatil-springer-mph-12crv1\\\/#primaryimage\",\"url\":\"https:\\\/\\\/dualgree.com.br\\\/loja\\\/wp-content\\\/uploads\\\/2025\\\/10\\\/15260869652-15109945977-d-826202-mlb45152268641-032021-o-2.webp\",\"contentUrl\":\"https:\\\/\\\/dualgree.com.br\\\/loja\\\/wp-content\\\/uploads\\\/2025\\\/10\\\/15260869652-15109945977-d-826202-mlb45152268641-032021-o-2.webp\",\"width\":500,\"height\":266},{\"@type\":\"BreadcrumbList\",\"@id\":\"https:\\\/\\\/dualgree.com.br\\\/loja\\\/produto\\\/duto-flexivel-para-ar-condicionado-portatil-springer-mph-12crv1\\\/#breadcrumb\",\"itemListElement\":[{\"@type\":\"ListItem\",\"position\":1,\"name\":\"In\u00edcio\",\"item\":\"https:\\\/\\\/dualgree.com.br\\\/loja\\\/\"},{\"@type\":\"ListItem\",\"position\":2,\"name\":\"Loja &#8211; Cat\u00e1logo de Pe\u00e7as\",\"item\":\"https:\\\/\\\/dualgree.com.br\\\/loja\\\/\"},{\"@type\":\"ListItem\",\"position\":3,\"name\":\"Duto Flex\u00edvel Para Ar Condicionado Port\u00e1til Springer Mph-...\"}]},{\"@type\":\"WebSite\",\"@id\":\"https:\\\/\\\/dualgree.com.br\\\/loja\\\/#website\",\"url\":\"https:\\\/\\\/dualgree.com.br\\\/loja\\\/\",\"name\":\"Loja - Dual Gree Servi\u00e7os | Partes e Pe\u00e7as\",\"description\":\"Catalogo de Pe\u00e7as para ar condicionado\",\"publisher\":{\"@id\":\"https:\\\/\\\/dualgree.com.br\\\/loja\\\/#organization\"},\"potentialAction\":[{\"@type\":\"SearchAction\",\"target\":{\"@type\":\"EntryPoint\",\"urlTemplate\":\"https:\\\/\\\/dualgree.com.br\\\/loja\\\/?s={search_term_string}\"},\"query-input\":{\"@type\":\"PropertyValueSpecification\",\"valueRequired\":true,\"valueName\":\"search_term_string\"}}],\"inLanguage\":\"pt-BR\"},{\"@type\":\"Organization\",\"@id\":\"https:\\\/\\\/dualgree.com.br\\\/loja\\\/#organization\",\"name\":\"Loja Dual Gree Servi\u00e7o\",\"url\":\"https:\\\/\\\/dualgree.com.br\\\/loja\\\/\",\"logo\":{\"@type\":\"ImageObject\",\"inLanguage\":\"pt-BR\",\"@id\":\"https:\\\/\\\/dualgree.com.br\\\/loja\\\/#\\\/schema\\\/logo\\\/image\\\/\",\"url\":\"https:\\\/\\\/dualgree.com.br\\\/loja\\\/wp-content\\\/uploads\\\/2024\\\/09\\\/teste-logo-ecommerce-dual-1-e1725909304971.png\",\"contentUrl\":\"https:\\\/\\\/dualgree.com.br\\\/loja\\\/wp-content\\\/uploads\\\/2024\\\/09\\\/teste-logo-ecommerce-dual-1-e1725909304971.png\",\"width\":470,\"height\":157,\"caption\":\"Loja Dual Gree Servi\u00e7o\"},\"image\":{\"@id\":\"https:\\\/\\\/dualgree.com.br\\\/loja\\\/#\\\/schema\\\/logo\\\/image\\\/\"}}]}<\/script>\n<!-- \/ Yoast SEO plugin. -->","yoast_head_json":{"title":"Duto Flex\u00edvel Para Ar Condicionado Port\u00e1til Springer Mph-12CRV1 - Loja - Dual Gree Servi\u00e7os | Pe\u00e7as","robots":{"index":"index","follow":"follow","max-snippet":"max-snippet:-1","max-image-preview":"max-image-preview:large","max-video-preview":"max-video-preview:-1"},"canonical":"https:\/\/dualgree.com.br\/loja\/produto\/duto-flexivel-para-ar-condicionado-portatil-springer-mph-12crv1\/","og_locale":"pt_BR","og_type":"article","og_title":"Duto Flex\u00edvel Para Ar Condicionado Port\u00e1til Springer Mph-12CRV1 - Loja - Dual Gree Servi\u00e7os | Pe\u00e7as","og_description":"Mangueira Duto Tubo Ar Condicionado Port\u00e1til Springer MpH-12CRV1 \u00a0 Aten\u00e7\u00e3o : confirme modelo e marca antes da compra, \u00a0 \u00c9 necess\u00e1rio o Cliente possuir os adaptadores originais do equipamento Duto com 2 metros e rosca diamentro de 15 cent\u00edmetros ou 150mm, com arame super resistenteAcompanha aro suporte para seus conectores. conectores n\u00e3o incluso. \u00a0 Este...","og_url":"https:\/\/dualgree.com.br\/loja\/produto\/duto-flexivel-para-ar-condicionado-portatil-springer-mph-12crv1\/","og_site_name":"Loja - Dual Gree Servi\u00e7os | Pe\u00e7as","article_modified_time":"2026-04-28T17:25:46+00:00","twitter_card":"summary_large_image","schema":{"@context":"https:\/\/schema.org","@graph":[{"@type":"WebPage","@id":"https:\/\/dualgree.com.br\/loja\/produto\/duto-flexivel-para-ar-condicionado-portatil-springer-mph-12crv1\/","url":"https:\/\/dualgree.com.br\/loja\/produto\/duto-flexivel-para-ar-condicionado-portatil-springer-mph-12crv1\/","name":"Duto Flex\u00edvel Para Ar Condicionado Port\u00e1til Springer Mph-12CRV1 - Loja - Dual Gree Servi\u00e7os | Pe\u00e7as","isPartOf":{"@id":"https:\/\/dualgree.com.br\/loja\/#website"},"primaryImageOfPage":{"@id":"https:\/\/dualgree.com.br\/loja\/produto\/duto-flexivel-para-ar-condicionado-portatil-springer-mph-12crv1\/#primaryimage"},"image":{"@id":"https:\/\/dualgree.com.br\/loja\/produto\/duto-flexivel-para-ar-condicionado-portatil-springer-mph-12crv1\/#primaryimage"},"thumbnailUrl":"https:\/\/dualgree.com.br\/loja\/wp-content\/uploads\/2025\/10\/15260869652-15109945977-d-826202-mlb45152268641-032021-o-2.webp","datePublished":"2025-10-05T21:30:40+00:00","dateModified":"2026-04-28T17:25:46+00:00","breadcrumb":{"@id":"https:\/\/dualgree.com.br\/loja\/produto\/duto-flexivel-para-ar-condicionado-portatil-springer-mph-12crv1\/#breadcrumb"},"inLanguage":"pt-BR","potentialAction":[{"@type":"ReadAction","target":["https:\/\/dualgree.com.br\/loja\/produto\/duto-flexivel-para-ar-condicionado-portatil-springer-mph-12crv1\/"]}]},{"@type":"ImageObject","inLanguage":"pt-BR","@id":"https:\/\/dualgree.com.br\/loja\/produto\/duto-flexivel-para-ar-condicionado-portatil-springer-mph-12crv1\/#primaryimage","url":"https:\/\/dualgree.com.br\/loja\/wp-content\/uploads\/2025\/10\/15260869652-15109945977-d-826202-mlb45152268641-032021-o-2.webp","contentUrl":"https:\/\/dualgree.com.br\/loja\/wp-content\/uploads\/2025\/10\/15260869652-15109945977-d-826202-mlb45152268641-032021-o-2.webp","width":500,"height":266},{"@type":"BreadcrumbList","@id":"https:\/\/dualgree.com.br\/loja\/produto\/duto-flexivel-para-ar-condicionado-portatil-springer-mph-12crv1\/#breadcrumb","itemListElement":[{"@type":"ListItem","position":1,"name":"In\u00edcio","item":"https:\/\/dualgree.com.br\/loja\/"},{"@type":"ListItem","position":2,"name":"Loja &#8211; Cat\u00e1logo de Pe\u00e7as","item":"https:\/\/dualgree.com.br\/loja\/"},{"@type":"ListItem","position":3,"name":"Duto Flex\u00edvel Para Ar Condicionado Port\u00e1til Springer Mph-..."}]},{"@type":"WebSite","@id":"https:\/\/dualgree.com.br\/loja\/#website","url":"https:\/\/dualgree.com.br\/loja\/","name":"Loja - Dual Gree Servi\u00e7os | Partes e Pe\u00e7as","description":"Catalogo de Pe\u00e7as para ar condicionado","publisher":{"@id":"https:\/\/dualgree.com.br\/loja\/#organization"},"potentialAction":[{"@type":"SearchAction","target":{"@type":"EntryPoint","urlTemplate":"https:\/\/dualgree.com.br\/loja\/?s={search_term_string}"},"query-input":{"@type":"PropertyValueSpecification","valueRequired":true,"valueName":"search_term_string"}}],"inLanguage":"pt-BR"},{"@type":"Organization","@id":"https:\/\/dualgree.com.br\/loja\/#organization","name":"Loja Dual Gree Servi\u00e7o","url":"https:\/\/dualgree.com.br\/loja\/","logo":{"@type":"ImageObject","inLanguage":"pt-BR","@id":"https:\/\/dualgree.com.br\/loja\/#\/schema\/logo\/image\/","url":"https:\/\/dualgree.com.br\/loja\/wp-content\/uploads\/2024\/09\/teste-logo-ecommerce-dual-1-e1725909304971.png","contentUrl":"https:\/\/dualgree.com.br\/loja\/wp-content\/uploads\/2024\/09\/teste-logo-ecommerce-dual-1-e1725909304971.png","width":470,"height":157,"caption":"Loja Dual Gree Servi\u00e7o"},"image":{"@id":"https:\/\/dualgree.com.br\/loja\/#\/schema\/logo\/image\/"}}]}},"jetpack_publicize_connections":[],"jetpack_sharing_enabled":true,"jetpack_likes_enabled":true,"_links":{"self":[{"href":"https:\/\/dualgree.com.br\/loja\/wp-json\/wp\/v2\/product\/11792","targetHints":{"allow":["GET"]}}],"collection":[{"href":"https:\/\/dualgree.com.br\/loja\/wp-json\/wp\/v2\/product"}],"about":[{"href":"https:\/\/dualgree.com.br\/loja\/wp-json\/wp\/v2\/types\/product"}],"replies":[{"embeddable":true,"href":"https:\/\/dualgree.com.br\/loja\/wp-json\/wp\/v2\/comments?post=11792"}],"wp:featuredmedia":[{"embeddable":true,"href":"https:\/\/dualgree.com.br\/loja\/wp-json\/wp\/v2\/media\/11791"}],"wp:attachment":[{"href":"https:\/\/dualgree.com.br\/loja\/wp-json\/wp\/v2\/media?parent=11792"}],"wp:term":[{"taxonomy":"product_brand","embeddable":true,"href":"https:\/\/dualgree.com.br\/loja\/wp-json\/wp\/v2\/product_brand?post=11792"},{"taxonomy":"product_cat","embeddable":true,"href":"https:\/\/dualgree.com.br\/loja\/wp-json\/wp\/v2\/product_cat?post=11792"},{"taxonomy":"product_tag","embeddable":true,"href":"https:\/\/dualgree.com.br\/loja\/wp-json\/wp\/v2\/product_tag?post=11792"}],"curies":[{"name":"wp","href":"https:\/\/api.w.org\/{rel}","templated":true}]}}