{"id":12130,"date":"2025-10-21T13:14:56","date_gmt":"2025-10-21T13:14:56","guid":{"rendered":"https:\/\/dualgree.com.br\/loja\/produto\/emenda-tubo-rosca-interna-15cm-para-ar-condicionado-philco-pac12000f5\/"},"modified":"2026-03-16T16:35:02","modified_gmt":"2026-03-16T16:35:02","slug":"emenda-tubo-rosca-interna-15cm-para-ar-condicionado-philco-pac12000f5","status":"publish","type":"product","link":"https:\/\/dualgree.com.br\/loja\/produto\/emenda-tubo-rosca-interna-15cm-para-ar-condicionado-philco-pac12000f5\/","title":{"rendered":"Emenda extens\u00e3o de tubo rosca interna 15cm para ar condicio..."},"content":{"rendered":"<p><span style=\"font-family: arial, tahoma, verdana, helvetica;font-size: 14.72px\">DG4759 &#8211; Emenda de tubo rosca interna 150mm que \u00e9 igual a 15cm.<\/span><\/p>\n<p>\u00a0<\/p>\n<p><span style=\"font-family: arial, tahoma, verdana, helvetica;font-size: 14.72px\">Est\u00e1 emenda voc\u00ea usa para conectar um tubo de 15cm de rosca no outro sem dificuldades, e extender os tubos para longas distancias.<\/span><\/p>\n<p>\u00a0<\/p>\n<p><span style=\"font-family: arial, tahoma, verdana, helvetica;font-size: 14.72px\">Compativel com as marcas e modelos<\/span><\/p>\n<p>\u00a0<\/p>\n<p><span style=\"font-family: arial, tahoma, verdana, helvetica;font-size: 14.72px\">Springer midea liva &#8211; MPN12CRV1.<\/span><\/p>\n<p><span style=\"font-family: arial, tahoma, verdana, helvetica;font-size: 14.72px\">Springer midea liva &#8211; MPN12CRV2.<\/span><span style=\"font-family: arial, tahoma, verdana, helvetica;font-size: 14.72px\"><\/span><\/p>\n<p>\u00a0<\/p>\n<p><span style=\"font-family: arial, tahoma, verdana, helvetica;font-size: 14.72px\">Springer midea Tango &#8211; MPT12CRV1.<\/span><span style=\"font-family: arial, tahoma, verdana, helvetica;font-size: 14.72px\"><\/span><\/p>\n<p><span style=\"font-family: arial, tahoma, verdana, helvetica;font-size: 14.72px\">Springer midea Tango &#8211; MPT12CRV2.<\/span><span style=\"font-family: arial, tahoma, verdana, helvetica;font-size: 14.72px\"><\/span><\/p>\n<p>\u00a0<\/p>\n<p><span style=\"font-family: arial, tahoma, verdana, helvetica;font-size: 14.72px\">Philco &#8211; Pac12000f5 &#8211; usa tubo de 15cm.<\/span><\/p>\n<p><span style=\"font-family: arial, tahoma, verdana, helvetica;font-size: 14.72px\">Philco &#8211; Pac12000f2 &#8211;\u00a0<\/span><span style=\"font-family: arial, tahoma, verdana, helvetica;font-size: 14.72px\"><\/span><span style=\"font-family: arial, tahoma, verdana, helvetica;font-size: 14.72px\">usa tubo de 15cm.<\/span><\/p>\n<p><span style=\"font-family: arial, tahoma, verdana, helvetica;font-size: 14.72px\">Philco &#8211; Pac11000f2 &#8211;\u00a0<\/span><span style=\"font-family: arial, tahoma, verdana, helvetica;font-size: 14.72px\"><\/span><span style=\"font-family: arial, tahoma, verdana, helvetica;font-size: 14.72px\">usa tubo de 15cm.<\/span><\/p>\n<p><span style=\"font-family: arial, tahoma, verdana, helvetica;font-size: 14.72px\">Philco &#8211; Pac12000f2 &#8211;\u00a0<\/span><span style=\"font-family: arial, tahoma, verdana, helvetica;font-size: 14.72px\"><\/span><span style=\"font-family: arial, tahoma, verdana, helvetica;font-size: 14.72px\">usa tubo de 15cm.<\/span><\/p>\n","protected":false},"excerpt":{"rendered":"<p>DG4759 &#8211; Emenda de tubo rosca interna 150mm que \u00e9 igual a 15cm. \u00a0 Est\u00e1 emenda voc\u00ea usa para conectar um tubo de 15cm de rosca no outro sem dificuldades, e extender os tubos para longas distancias. \u00a0 Compativel com as marcas e modelos \u00a0 Springer midea liva &#8211; MPN12CRV1. Springer midea liva &#8211; MPN12CRV2&#8230;.<\/p>\n","protected":false},"featured_media":12168,"comment_status":"open","ping_status":"closed","template":"","meta":{"_kadence_starter_templates_imported_post":false,"_kad_post_transparent":"default","_kad_post_title":"","_kad_post_layout":"default","_kad_post_sidebar_id":"","_kad_post_content_style":"default","_kad_post_vertical_padding":"default","_kad_post_feature":"","_kad_post_feature_position":"","_kad_post_header":false,"_kad_post_footer":false,"jetpack_publicize_message":"","jetpack_publicize_feature_enabled":true,"jetpack_social_post_already_shared":true,"jetpack_social_options":{"image_generator_settings":{"template":"highway","default_image_id":0,"font":"","enabled":false},"version":2}},"product_brand":[],"product_cat":[181,256,176,183,257,179],"product_tag":[],"class_list":{"0":"post-12130","1":"product","2":"type-product","3":"status-publish","4":"has-post-thumbnail","6":"product_cat-electrolux","7":"product_cat-emenda-duto-ar-portatil","8":"product_cat-midea","9":"product_cat-philco","10":"product_cat-schulz","11":"product_cat-springer","13":"first","14":"instock","15":"shipping-taxable","16":"purchasable","17":"product-type-simple","18":"entry","19":"content-bg","20":"loop-entry"},"yoast_head":"<!-- This site is optimized with the Yoast SEO plugin v27.5 - https:\/\/yoast.com\/product\/yoast-seo-wordpress\/ -->\n<title>Emenda extens\u00e3o de tubo rosca interna 15cm para ar condicionado Philco pac12000f5 - Loja - Dual Gree Servi\u00e7os | Pe\u00e7as<\/title>\n<meta name=\"robots\" content=\"index, follow, max-snippet:-1, max-image-preview:large, max-video-preview:-1\" \/>\n<link rel=\"canonical\" href=\"https:\/\/dualgree.com.br\/loja\/produto\/emenda-tubo-rosca-interna-15cm-para-ar-condicionado-philco-pac12000f5\/\" \/>\n<meta property=\"og:locale\" content=\"pt_BR\" \/>\n<meta property=\"og:type\" content=\"article\" \/>\n<meta property=\"og:title\" content=\"Emenda extens\u00e3o de tubo rosca interna 15cm para ar condicionado Philco pac12000f5 - Loja - Dual Gree Servi\u00e7os | Pe\u00e7as\" \/>\n<meta property=\"og:description\" content=\"DG4759 &#8211; Emenda de tubo rosca interna 150mm que \u00e9 igual a 15cm. \u00a0 Est\u00e1 emenda voc\u00ea usa para conectar um tubo de 15cm de rosca no outro sem dificuldades, e extender os tubos para longas distancias. \u00a0 Compativel com as marcas e modelos \u00a0 Springer midea liva &#8211; MPN12CRV1. Springer midea liva &#8211; MPN12CRV2....\" \/>\n<meta property=\"og:url\" content=\"https:\/\/dualgree.com.br\/loja\/produto\/emenda-tubo-rosca-interna-15cm-para-ar-condicionado-philco-pac12000f5\/\" \/>\n<meta property=\"og:site_name\" content=\"Loja - Dual Gree Servi\u00e7os | Pe\u00e7as\" \/>\n<meta property=\"article:modified_time\" content=\"2026-03-16T16:35:02+00:00\" \/>\n<meta property=\"og:image\" content=\"https:\/\/dualgree.com.br\/loja\/wp-content\/uploads\/2025\/10\/15346536806-emenda150mm-6.webp\" \/>\n\t<meta property=\"og:image:width\" content=\"718\" \/>\n\t<meta property=\"og:image:height\" content=\"582\" \/>\n\t<meta property=\"og:image:type\" content=\"image\/png\" \/>\n<meta name=\"twitter:card\" content=\"summary_large_image\" \/>\n<meta name=\"twitter:label1\" content=\"Est. tempo de leitura\" \/>\n\t<meta name=\"twitter:data1\" content=\"1 minuto\" \/>\n<script type=\"application\/ld+json\" class=\"yoast-schema-graph\">{\"@context\":\"https:\\\/\\\/schema.org\",\"@graph\":[{\"@type\":\"WebPage\",\"@id\":\"https:\\\/\\\/dualgree.com.br\\\/loja\\\/produto\\\/emenda-tubo-rosca-interna-15cm-para-ar-condicionado-philco-pac12000f5\\\/\",\"url\":\"https:\\\/\\\/dualgree.com.br\\\/loja\\\/produto\\\/emenda-tubo-rosca-interna-15cm-para-ar-condicionado-philco-pac12000f5\\\/\",\"name\":\"Emenda extens\u00e3o de tubo rosca interna 15cm para ar condicionado Philco pac12000f5 - Loja - Dual Gree Servi\u00e7os | Pe\u00e7as\",\"isPartOf\":{\"@id\":\"https:\\\/\\\/dualgree.com.br\\\/loja\\\/#website\"},\"primaryImageOfPage\":{\"@id\":\"https:\\\/\\\/dualgree.com.br\\\/loja\\\/produto\\\/emenda-tubo-rosca-interna-15cm-para-ar-condicionado-philco-pac12000f5\\\/#primaryimage\"},\"image\":{\"@id\":\"https:\\\/\\\/dualgree.com.br\\\/loja\\\/produto\\\/emenda-tubo-rosca-interna-15cm-para-ar-condicionado-philco-pac12000f5\\\/#primaryimage\"},\"thumbnailUrl\":\"https:\\\/\\\/dualgree.com.br\\\/loja\\\/wp-content\\\/uploads\\\/2025\\\/10\\\/15346536806-emenda150mm-6.webp\",\"datePublished\":\"2025-10-21T13:14:56+00:00\",\"dateModified\":\"2026-03-16T16:35:02+00:00\",\"breadcrumb\":{\"@id\":\"https:\\\/\\\/dualgree.com.br\\\/loja\\\/produto\\\/emenda-tubo-rosca-interna-15cm-para-ar-condicionado-philco-pac12000f5\\\/#breadcrumb\"},\"inLanguage\":\"pt-BR\",\"potentialAction\":[{\"@type\":\"ReadAction\",\"target\":[\"https:\\\/\\\/dualgree.com.br\\\/loja\\\/produto\\\/emenda-tubo-rosca-interna-15cm-para-ar-condicionado-philco-pac12000f5\\\/\"]}]},{\"@type\":\"ImageObject\",\"inLanguage\":\"pt-BR\",\"@id\":\"https:\\\/\\\/dualgree.com.br\\\/loja\\\/produto\\\/emenda-tubo-rosca-interna-15cm-para-ar-condicionado-philco-pac12000f5\\\/#primaryimage\",\"url\":\"https:\\\/\\\/dualgree.com.br\\\/loja\\\/wp-content\\\/uploads\\\/2025\\\/10\\\/15346536806-emenda150mm-6.webp\",\"contentUrl\":\"https:\\\/\\\/dualgree.com.br\\\/loja\\\/wp-content\\\/uploads\\\/2025\\\/10\\\/15346536806-emenda150mm-6.webp\",\"width\":718,\"height\":582},{\"@type\":\"BreadcrumbList\",\"@id\":\"https:\\\/\\\/dualgree.com.br\\\/loja\\\/produto\\\/emenda-tubo-rosca-interna-15cm-para-ar-condicionado-philco-pac12000f5\\\/#breadcrumb\",\"itemListElement\":[{\"@type\":\"ListItem\",\"position\":1,\"name\":\"In\u00edcio\",\"item\":\"https:\\\/\\\/dualgree.com.br\\\/loja\\\/\"},{\"@type\":\"ListItem\",\"position\":2,\"name\":\"Loja &#8211; Cat\u00e1logo de Pe\u00e7as\",\"item\":\"https:\\\/\\\/dualgree.com.br\\\/loja\\\/\"},{\"@type\":\"ListItem\",\"position\":3,\"name\":\"Emenda extens\u00e3o de tubo rosca interna 15cm para ar condicio...\"}]},{\"@type\":\"WebSite\",\"@id\":\"https:\\\/\\\/dualgree.com.br\\\/loja\\\/#website\",\"url\":\"https:\\\/\\\/dualgree.com.br\\\/loja\\\/\",\"name\":\"Loja - Dual Gree Servi\u00e7os | Partes e Pe\u00e7as\",\"description\":\"Catalogo de Pe\u00e7as para ar condicionado\",\"publisher\":{\"@id\":\"https:\\\/\\\/dualgree.com.br\\\/loja\\\/#organization\"},\"potentialAction\":[{\"@type\":\"SearchAction\",\"target\":{\"@type\":\"EntryPoint\",\"urlTemplate\":\"https:\\\/\\\/dualgree.com.br\\\/loja\\\/?s={search_term_string}\"},\"query-input\":{\"@type\":\"PropertyValueSpecification\",\"valueRequired\":true,\"valueName\":\"search_term_string\"}}],\"inLanguage\":\"pt-BR\"},{\"@type\":\"Organization\",\"@id\":\"https:\\\/\\\/dualgree.com.br\\\/loja\\\/#organization\",\"name\":\"Loja Dual Gree Servi\u00e7o\",\"url\":\"https:\\\/\\\/dualgree.com.br\\\/loja\\\/\",\"logo\":{\"@type\":\"ImageObject\",\"inLanguage\":\"pt-BR\",\"@id\":\"https:\\\/\\\/dualgree.com.br\\\/loja\\\/#\\\/schema\\\/logo\\\/image\\\/\",\"url\":\"https:\\\/\\\/dualgree.com.br\\\/loja\\\/wp-content\\\/uploads\\\/2024\\\/09\\\/teste-logo-ecommerce-dual-1-e1725909304971.png\",\"contentUrl\":\"https:\\\/\\\/dualgree.com.br\\\/loja\\\/wp-content\\\/uploads\\\/2024\\\/09\\\/teste-logo-ecommerce-dual-1-e1725909304971.png\",\"width\":470,\"height\":157,\"caption\":\"Loja Dual Gree Servi\u00e7o\"},\"image\":{\"@id\":\"https:\\\/\\\/dualgree.com.br\\\/loja\\\/#\\\/schema\\\/logo\\\/image\\\/\"}}]}<\/script>\n<!-- \/ Yoast SEO plugin. -->","yoast_head_json":{"title":"Emenda extens\u00e3o de tubo rosca interna 15cm para ar condicionado Philco pac12000f5 - Loja - Dual Gree Servi\u00e7os | Pe\u00e7as","robots":{"index":"index","follow":"follow","max-snippet":"max-snippet:-1","max-image-preview":"max-image-preview:large","max-video-preview":"max-video-preview:-1"},"canonical":"https:\/\/dualgree.com.br\/loja\/produto\/emenda-tubo-rosca-interna-15cm-para-ar-condicionado-philco-pac12000f5\/","og_locale":"pt_BR","og_type":"article","og_title":"Emenda extens\u00e3o de tubo rosca interna 15cm para ar condicionado Philco pac12000f5 - Loja - Dual Gree Servi\u00e7os | Pe\u00e7as","og_description":"DG4759 &#8211; Emenda de tubo rosca interna 150mm que \u00e9 igual a 15cm. \u00a0 Est\u00e1 emenda voc\u00ea usa para conectar um tubo de 15cm de rosca no outro sem dificuldades, e extender os tubos para longas distancias. \u00a0 Compativel com as marcas e modelos \u00a0 Springer midea liva &#8211; MPN12CRV1. Springer midea liva &#8211; MPN12CRV2....","og_url":"https:\/\/dualgree.com.br\/loja\/produto\/emenda-tubo-rosca-interna-15cm-para-ar-condicionado-philco-pac12000f5\/","og_site_name":"Loja - Dual Gree Servi\u00e7os | Pe\u00e7as","article_modified_time":"2026-03-16T16:35:02+00:00","og_image":[{"width":718,"height":582,"url":"https:\/\/dualgree.com.br\/loja\/wp-content\/uploads\/2025\/10\/15346536806-emenda150mm-6.webp","type":"image\/png"}],"twitter_card":"summary_large_image","twitter_misc":{"Est. tempo de leitura":"1 minuto"},"schema":{"@context":"https:\/\/schema.org","@graph":[{"@type":"WebPage","@id":"https:\/\/dualgree.com.br\/loja\/produto\/emenda-tubo-rosca-interna-15cm-para-ar-condicionado-philco-pac12000f5\/","url":"https:\/\/dualgree.com.br\/loja\/produto\/emenda-tubo-rosca-interna-15cm-para-ar-condicionado-philco-pac12000f5\/","name":"Emenda extens\u00e3o de tubo rosca interna 15cm para ar condicionado Philco pac12000f5 - Loja - Dual Gree Servi\u00e7os | Pe\u00e7as","isPartOf":{"@id":"https:\/\/dualgree.com.br\/loja\/#website"},"primaryImageOfPage":{"@id":"https:\/\/dualgree.com.br\/loja\/produto\/emenda-tubo-rosca-interna-15cm-para-ar-condicionado-philco-pac12000f5\/#primaryimage"},"image":{"@id":"https:\/\/dualgree.com.br\/loja\/produto\/emenda-tubo-rosca-interna-15cm-para-ar-condicionado-philco-pac12000f5\/#primaryimage"},"thumbnailUrl":"https:\/\/dualgree.com.br\/loja\/wp-content\/uploads\/2025\/10\/15346536806-emenda150mm-6.webp","datePublished":"2025-10-21T13:14:56+00:00","dateModified":"2026-03-16T16:35:02+00:00","breadcrumb":{"@id":"https:\/\/dualgree.com.br\/loja\/produto\/emenda-tubo-rosca-interna-15cm-para-ar-condicionado-philco-pac12000f5\/#breadcrumb"},"inLanguage":"pt-BR","potentialAction":[{"@type":"ReadAction","target":["https:\/\/dualgree.com.br\/loja\/produto\/emenda-tubo-rosca-interna-15cm-para-ar-condicionado-philco-pac12000f5\/"]}]},{"@type":"ImageObject","inLanguage":"pt-BR","@id":"https:\/\/dualgree.com.br\/loja\/produto\/emenda-tubo-rosca-interna-15cm-para-ar-condicionado-philco-pac12000f5\/#primaryimage","url":"https:\/\/dualgree.com.br\/loja\/wp-content\/uploads\/2025\/10\/15346536806-emenda150mm-6.webp","contentUrl":"https:\/\/dualgree.com.br\/loja\/wp-content\/uploads\/2025\/10\/15346536806-emenda150mm-6.webp","width":718,"height":582},{"@type":"BreadcrumbList","@id":"https:\/\/dualgree.com.br\/loja\/produto\/emenda-tubo-rosca-interna-15cm-para-ar-condicionado-philco-pac12000f5\/#breadcrumb","itemListElement":[{"@type":"ListItem","position":1,"name":"In\u00edcio","item":"https:\/\/dualgree.com.br\/loja\/"},{"@type":"ListItem","position":2,"name":"Loja &#8211; Cat\u00e1logo de Pe\u00e7as","item":"https:\/\/dualgree.com.br\/loja\/"},{"@type":"ListItem","position":3,"name":"Emenda extens\u00e3o de tubo rosca interna 15cm para ar condicio..."}]},{"@type":"WebSite","@id":"https:\/\/dualgree.com.br\/loja\/#website","url":"https:\/\/dualgree.com.br\/loja\/","name":"Loja - Dual Gree Servi\u00e7os | Partes e Pe\u00e7as","description":"Catalogo de Pe\u00e7as para ar condicionado","publisher":{"@id":"https:\/\/dualgree.com.br\/loja\/#organization"},"potentialAction":[{"@type":"SearchAction","target":{"@type":"EntryPoint","urlTemplate":"https:\/\/dualgree.com.br\/loja\/?s={search_term_string}"},"query-input":{"@type":"PropertyValueSpecification","valueRequired":true,"valueName":"search_term_string"}}],"inLanguage":"pt-BR"},{"@type":"Organization","@id":"https:\/\/dualgree.com.br\/loja\/#organization","name":"Loja Dual Gree Servi\u00e7o","url":"https:\/\/dualgree.com.br\/loja\/","logo":{"@type":"ImageObject","inLanguage":"pt-BR","@id":"https:\/\/dualgree.com.br\/loja\/#\/schema\/logo\/image\/","url":"https:\/\/dualgree.com.br\/loja\/wp-content\/uploads\/2024\/09\/teste-logo-ecommerce-dual-1-e1725909304971.png","contentUrl":"https:\/\/dualgree.com.br\/loja\/wp-content\/uploads\/2024\/09\/teste-logo-ecommerce-dual-1-e1725909304971.png","width":470,"height":157,"caption":"Loja Dual Gree Servi\u00e7o"},"image":{"@id":"https:\/\/dualgree.com.br\/loja\/#\/schema\/logo\/image\/"}}]}},"jetpack_publicize_connections":[],"jetpack_sharing_enabled":true,"jetpack_likes_enabled":true,"_links":{"self":[{"href":"https:\/\/dualgree.com.br\/loja\/wp-json\/wp\/v2\/product\/12130","targetHints":{"allow":["GET"]}}],"collection":[{"href":"https:\/\/dualgree.com.br\/loja\/wp-json\/wp\/v2\/product"}],"about":[{"href":"https:\/\/dualgree.com.br\/loja\/wp-json\/wp\/v2\/types\/product"}],"replies":[{"embeddable":true,"href":"https:\/\/dualgree.com.br\/loja\/wp-json\/wp\/v2\/comments?post=12130"}],"wp:featuredmedia":[{"embeddable":true,"href":"https:\/\/dualgree.com.br\/loja\/wp-json\/wp\/v2\/media\/12168"}],"wp:attachment":[{"href":"https:\/\/dualgree.com.br\/loja\/wp-json\/wp\/v2\/media?parent=12130"}],"wp:term":[{"taxonomy":"product_brand","embeddable":true,"href":"https:\/\/dualgree.com.br\/loja\/wp-json\/wp\/v2\/product_brand?post=12130"},{"taxonomy":"product_cat","embeddable":true,"href":"https:\/\/dualgree.com.br\/loja\/wp-json\/wp\/v2\/product_cat?post=12130"},{"taxonomy":"product_tag","embeddable":true,"href":"https:\/\/dualgree.com.br\/loja\/wp-json\/wp\/v2\/product_tag?post=12130"}],"curies":[{"name":"wp","href":"https:\/\/api.w.org\/{rel}","templated":true}]}}