{"id":12650,"date":"2025-11-11T20:56:57","date_gmt":"2025-11-11T20:56:57","guid":{"rendered":"https:\/\/dualgree.com.br\/loja\/produto\/conector-com-travas-da-regua-portatil-springer-mpc-12crv1\/"},"modified":"2026-04-28T17:25:49","modified_gmt":"2026-04-28T17:25:49","slug":"conector-com-travas-da-regua-portatil-springer-mpc-12crv1","status":"publish","type":"product","link":"https:\/\/dualgree.com.br\/loja\/produto\/conector-com-travas-da-regua-portatil-springer-mpc-12crv1\/","title":{"rendered":"Conector com travas da r\u00e9gua port\u00e1til Springer  MPC-12CRV1"},"content":{"rendered":"<p><span style=\"font-family: arial, tahoma, verdana, helvetica\"><span style=\"font-size: 14.72px\">DG4267 &#8211; Conector fixo com as travas da regua ar condicionado portatil Compativel com Springer Midea\u00a0<\/span><\/span><\/p>\n<p><span style=\"font-family: arial, tahoma, verdana, helvetica\"><span style=\"font-size: 14.72px\">\u00a0<\/span><\/span><\/p>\n<p><span style=\"font-family: arial, tahoma, verdana, helvetica\"><span style=\"font-size: 14.72px\">Compativel com os modelos<\/span><\/span><\/p>\n<p><span style=\"font-family: arial, tahoma, verdana, helvetica\"><span style=\"font-size: 14.72px\">\u00a0<\/span><\/span><\/p>\n<p><span style=\"font-family: arial, tahoma, verdana, helvetica\"><span style=\"font-size: 14.72px\">Conector da regua ar condicionado portatil Springer midea mph12crv2<\/span><\/span><\/p>\n<p><span style=\"font-family: arial, tahoma, verdana, helvetica\"><span style=\"font-size: 14.72px\">\u00a0<\/span><\/span><\/p>\n<p><span style=\"font-family: arial, tahoma, verdana, helvetica\"><span style=\"font-size: 14.72px\">Conector da regua ar condicionado portatil Springer midea mph12crv1<\/span><\/span><\/p>\n<p><span style=\"font-family: arial, tahoma, verdana, helvetica\"><span style=\"font-size: 14.72px\">\u00a0<\/span><\/span><\/p>\n<p><span style=\"font-family: arial, tahoma, verdana, helvetica\"><span style=\"font-size: 14.72px\">Caracteristica do conector!<\/span><\/span><\/p>\n<p><span style=\"font-family: arial, tahoma, verdana, helvetica\"><span style=\"font-size: 14.72px\">Este conector \u00e9 utilizado na regua e fica fixo, o duto flexivel de 14,5cm acopla nele e trava no conector.\u00a0<\/span><\/span><\/p>\n<p><span style=\"font-family: arial, tahoma, verdana, helvetica\"><span style=\"font-size: 14.72px\">Porem para utilizar este conector deve\u00a0 possuir o aro na boca do tubo!.<\/span><\/span><\/p>\n<p><span style=\"font-family: arial, tahoma, verdana, helvetica\"><span style=\"font-size: 14.72px\">\u00a0<\/span><\/span><\/p>\n<p><span style=\"font-family: arial, tahoma, verdana, helvetica\"><span style=\"font-size: 14.72px\">Veja as fotos com detalhes e ilustra\u00e7\u00e3o. espero ter ajudado.!<\/span><\/span><\/p>\n","protected":false},"excerpt":{"rendered":"<p>DG4267 &#8211; Conector fixo com as travas da regua ar condicionado portatil Compativel com Springer Midea\u00a0 \u00a0 Compativel com os modelos \u00a0 Conector da regua ar condicionado portatil Springer midea mph12crv2 \u00a0 Conector da regua ar condicionado portatil Springer midea mph12crv1 \u00a0 Caracteristica do conector! Este conector \u00e9 utilizado na regua e fica fixo, o&#8230;<\/p>\n","protected":false},"featured_media":12653,"comment_status":"open","ping_status":"closed","template":"","meta":{"_kadence_starter_templates_imported_post":false,"_kad_post_transparent":"","_kad_post_title":"","_kad_post_layout":"","_kad_post_sidebar_id":"","_kad_post_content_style":"","_kad_post_vertical_padding":"","_kad_post_feature":"","_kad_post_feature_position":"","_kad_post_header":false,"_kad_post_footer":false,"jetpack_publicize_message":"","jetpack_publicize_feature_enabled":true,"jetpack_social_post_already_shared":true,"jetpack_social_options":{"image_generator_settings":{"template":"highway","default_image_id":0,"font":"","enabled":false},"version":2}},"product_brand":[],"product_cat":[270,176,179],"product_tag":[],"class_list":{"0":"post-12650","1":"product","2":"type-product","3":"status-publish","4":"has-post-thumbnail","6":"product_cat-conector-da-ragua-ar-portatil","7":"product_cat-midea","8":"product_cat-springer","10":"first","11":"instock","12":"shipping-taxable","13":"purchasable","14":"product-type-simple","15":"entry","16":"content-bg","17":"loop-entry"},"yoast_head":"<!-- This site is optimized with the Yoast SEO plugin v27.5 - https:\/\/yoast.com\/product\/yoast-seo-wordpress\/ -->\n<title>Conector com travas da r\u00e9gua port\u00e1til Springer MPC-12CRV1 - Loja - Dual Gree Servi\u00e7os | Pe\u00e7as<\/title>\n<meta name=\"robots\" content=\"index, follow, max-snippet:-1, max-image-preview:large, max-video-preview:-1\" \/>\n<link rel=\"canonical\" href=\"https:\/\/dualgree.com.br\/loja\/produto\/conector-com-travas-da-regua-portatil-springer-mpc-12crv1\/\" \/>\n<meta property=\"og:locale\" content=\"pt_BR\" \/>\n<meta property=\"og:type\" content=\"article\" \/>\n<meta property=\"og:title\" content=\"Conector com travas da r\u00e9gua port\u00e1til Springer MPC-12CRV1 - Loja - Dual Gree Servi\u00e7os | Pe\u00e7as\" \/>\n<meta property=\"og:description\" content=\"DG4267 &#8211; Conector fixo com as travas da regua ar condicionado portatil Compativel com Springer Midea\u00a0 \u00a0 Compativel com os modelos \u00a0 Conector da regua ar condicionado portatil Springer midea mph12crv2 \u00a0 Conector da regua ar condicionado portatil Springer midea mph12crv1 \u00a0 Caracteristica do conector! Este conector \u00e9 utilizado na regua e fica fixo, o...\" \/>\n<meta property=\"og:url\" content=\"https:\/\/dualgree.com.br\/loja\/produto\/conector-com-travas-da-regua-portatil-springer-mpc-12crv1\/\" \/>\n<meta property=\"og:site_name\" content=\"Loja - Dual Gree Servi\u00e7os | Pe\u00e7as\" \/>\n<meta property=\"article:modified_time\" content=\"2026-04-28T17:25:49+00:00\" \/>\n<meta property=\"og:image\" content=\"https:\/\/dualgree.com.br\/loja\/wp-content\/uploads\/2025\/11\/15302498091-4263-conector-com-travas-da-regua-portatil-springer-mph12crv1-2.webp\" \/>\n\t<meta property=\"og:image:width\" content=\"1280\" \/>\n\t<meta property=\"og:image:height\" content=\"1280\" \/>\n\t<meta property=\"og:image:type\" content=\"image\/jpeg\" \/>\n<meta name=\"twitter:card\" content=\"summary_large_image\" \/>\n<script type=\"application\/ld+json\" class=\"yoast-schema-graph\">{\"@context\":\"https:\\\/\\\/schema.org\",\"@graph\":[{\"@type\":\"WebPage\",\"@id\":\"https:\\\/\\\/dualgree.com.br\\\/loja\\\/produto\\\/conector-com-travas-da-regua-portatil-springer-mpc-12crv1\\\/\",\"url\":\"https:\\\/\\\/dualgree.com.br\\\/loja\\\/produto\\\/conector-com-travas-da-regua-portatil-springer-mpc-12crv1\\\/\",\"name\":\"Conector com travas da r\u00e9gua port\u00e1til Springer MPC-12CRV1 - Loja - Dual Gree Servi\u00e7os | Pe\u00e7as\",\"isPartOf\":{\"@id\":\"https:\\\/\\\/dualgree.com.br\\\/loja\\\/#website\"},\"primaryImageOfPage\":{\"@id\":\"https:\\\/\\\/dualgree.com.br\\\/loja\\\/produto\\\/conector-com-travas-da-regua-portatil-springer-mpc-12crv1\\\/#primaryimage\"},\"image\":{\"@id\":\"https:\\\/\\\/dualgree.com.br\\\/loja\\\/produto\\\/conector-com-travas-da-regua-portatil-springer-mpc-12crv1\\\/#primaryimage\"},\"thumbnailUrl\":\"https:\\\/\\\/dualgree.com.br\\\/loja\\\/wp-content\\\/uploads\\\/2025\\\/11\\\/15302498091-4263-conector-com-travas-da-regua-portatil-springer-mph12crv1-2-1.webp\",\"datePublished\":\"2025-11-11T20:56:57+00:00\",\"dateModified\":\"2026-04-28T17:25:49+00:00\",\"breadcrumb\":{\"@id\":\"https:\\\/\\\/dualgree.com.br\\\/loja\\\/produto\\\/conector-com-travas-da-regua-portatil-springer-mpc-12crv1\\\/#breadcrumb\"},\"inLanguage\":\"pt-BR\",\"potentialAction\":[{\"@type\":\"ReadAction\",\"target\":[\"https:\\\/\\\/dualgree.com.br\\\/loja\\\/produto\\\/conector-com-travas-da-regua-portatil-springer-mpc-12crv1\\\/\"]}]},{\"@type\":\"ImageObject\",\"inLanguage\":\"pt-BR\",\"@id\":\"https:\\\/\\\/dualgree.com.br\\\/loja\\\/produto\\\/conector-com-travas-da-regua-portatil-springer-mpc-12crv1\\\/#primaryimage\",\"url\":\"https:\\\/\\\/dualgree.com.br\\\/loja\\\/wp-content\\\/uploads\\\/2025\\\/11\\\/15302498091-4263-conector-com-travas-da-regua-portatil-springer-mph12crv1-2-1.webp\",\"contentUrl\":\"https:\\\/\\\/dualgree.com.br\\\/loja\\\/wp-content\\\/uploads\\\/2025\\\/11\\\/15302498091-4263-conector-com-travas-da-regua-portatil-springer-mph12crv1-2-1.webp\",\"width\":1280,\"height\":1280},{\"@type\":\"BreadcrumbList\",\"@id\":\"https:\\\/\\\/dualgree.com.br\\\/loja\\\/produto\\\/conector-com-travas-da-regua-portatil-springer-mpc-12crv1\\\/#breadcrumb\",\"itemListElement\":[{\"@type\":\"ListItem\",\"position\":1,\"name\":\"In\u00edcio\",\"item\":\"https:\\\/\\\/dualgree.com.br\\\/loja\\\/\"},{\"@type\":\"ListItem\",\"position\":2,\"name\":\"Loja &#8211; Cat\u00e1logo de Pe\u00e7as\",\"item\":\"https:\\\/\\\/dualgree.com.br\\\/loja\\\/\"},{\"@type\":\"ListItem\",\"position\":3,\"name\":\"Conector com travas da r\u00e9gua port\u00e1til Springer MPC-12CRV1\"}]},{\"@type\":\"WebSite\",\"@id\":\"https:\\\/\\\/dualgree.com.br\\\/loja\\\/#website\",\"url\":\"https:\\\/\\\/dualgree.com.br\\\/loja\\\/\",\"name\":\"Loja - Dual Gree Servi\u00e7os | Partes e Pe\u00e7as\",\"description\":\"Catalogo de Pe\u00e7as para ar condicionado\",\"publisher\":{\"@id\":\"https:\\\/\\\/dualgree.com.br\\\/loja\\\/#organization\"},\"potentialAction\":[{\"@type\":\"SearchAction\",\"target\":{\"@type\":\"EntryPoint\",\"urlTemplate\":\"https:\\\/\\\/dualgree.com.br\\\/loja\\\/?s={search_term_string}\"},\"query-input\":{\"@type\":\"PropertyValueSpecification\",\"valueRequired\":true,\"valueName\":\"search_term_string\"}}],\"inLanguage\":\"pt-BR\"},{\"@type\":\"Organization\",\"@id\":\"https:\\\/\\\/dualgree.com.br\\\/loja\\\/#organization\",\"name\":\"Loja Dual Gree Servi\u00e7o\",\"url\":\"https:\\\/\\\/dualgree.com.br\\\/loja\\\/\",\"logo\":{\"@type\":\"ImageObject\",\"inLanguage\":\"pt-BR\",\"@id\":\"https:\\\/\\\/dualgree.com.br\\\/loja\\\/#\\\/schema\\\/logo\\\/image\\\/\",\"url\":\"https:\\\/\\\/dualgree.com.br\\\/loja\\\/wp-content\\\/uploads\\\/2024\\\/09\\\/teste-logo-ecommerce-dual-1-e1725909304971.png\",\"contentUrl\":\"https:\\\/\\\/dualgree.com.br\\\/loja\\\/wp-content\\\/uploads\\\/2024\\\/09\\\/teste-logo-ecommerce-dual-1-e1725909304971.png\",\"width\":470,\"height\":157,\"caption\":\"Loja Dual Gree Servi\u00e7o\"},\"image\":{\"@id\":\"https:\\\/\\\/dualgree.com.br\\\/loja\\\/#\\\/schema\\\/logo\\\/image\\\/\"}}]}<\/script>\n<!-- \/ Yoast SEO plugin. -->","yoast_head_json":{"title":"Conector com travas da r\u00e9gua port\u00e1til Springer MPC-12CRV1 - Loja - Dual Gree Servi\u00e7os | Pe\u00e7as","robots":{"index":"index","follow":"follow","max-snippet":"max-snippet:-1","max-image-preview":"max-image-preview:large","max-video-preview":"max-video-preview:-1"},"canonical":"https:\/\/dualgree.com.br\/loja\/produto\/conector-com-travas-da-regua-portatil-springer-mpc-12crv1\/","og_locale":"pt_BR","og_type":"article","og_title":"Conector com travas da r\u00e9gua port\u00e1til Springer MPC-12CRV1 - Loja - Dual Gree Servi\u00e7os | Pe\u00e7as","og_description":"DG4267 &#8211; Conector fixo com as travas da regua ar condicionado portatil Compativel com Springer Midea\u00a0 \u00a0 Compativel com os modelos \u00a0 Conector da regua ar condicionado portatil Springer midea mph12crv2 \u00a0 Conector da regua ar condicionado portatil Springer midea mph12crv1 \u00a0 Caracteristica do conector! Este conector \u00e9 utilizado na regua e fica fixo, o...","og_url":"https:\/\/dualgree.com.br\/loja\/produto\/conector-com-travas-da-regua-portatil-springer-mpc-12crv1\/","og_site_name":"Loja - Dual Gree Servi\u00e7os | Pe\u00e7as","article_modified_time":"2026-04-28T17:25:49+00:00","og_image":[{"width":1280,"height":1280,"url":"https:\/\/dualgree.com.br\/loja\/wp-content\/uploads\/2025\/11\/15302498091-4263-conector-com-travas-da-regua-portatil-springer-mph12crv1-2.webp","type":"image\/jpeg"}],"twitter_card":"summary_large_image","schema":{"@context":"https:\/\/schema.org","@graph":[{"@type":"WebPage","@id":"https:\/\/dualgree.com.br\/loja\/produto\/conector-com-travas-da-regua-portatil-springer-mpc-12crv1\/","url":"https:\/\/dualgree.com.br\/loja\/produto\/conector-com-travas-da-regua-portatil-springer-mpc-12crv1\/","name":"Conector com travas da r\u00e9gua port\u00e1til Springer MPC-12CRV1 - Loja - Dual Gree Servi\u00e7os | Pe\u00e7as","isPartOf":{"@id":"https:\/\/dualgree.com.br\/loja\/#website"},"primaryImageOfPage":{"@id":"https:\/\/dualgree.com.br\/loja\/produto\/conector-com-travas-da-regua-portatil-springer-mpc-12crv1\/#primaryimage"},"image":{"@id":"https:\/\/dualgree.com.br\/loja\/produto\/conector-com-travas-da-regua-portatil-springer-mpc-12crv1\/#primaryimage"},"thumbnailUrl":"https:\/\/dualgree.com.br\/loja\/wp-content\/uploads\/2025\/11\/15302498091-4263-conector-com-travas-da-regua-portatil-springer-mph12crv1-2-1.webp","datePublished":"2025-11-11T20:56:57+00:00","dateModified":"2026-04-28T17:25:49+00:00","breadcrumb":{"@id":"https:\/\/dualgree.com.br\/loja\/produto\/conector-com-travas-da-regua-portatil-springer-mpc-12crv1\/#breadcrumb"},"inLanguage":"pt-BR","potentialAction":[{"@type":"ReadAction","target":["https:\/\/dualgree.com.br\/loja\/produto\/conector-com-travas-da-regua-portatil-springer-mpc-12crv1\/"]}]},{"@type":"ImageObject","inLanguage":"pt-BR","@id":"https:\/\/dualgree.com.br\/loja\/produto\/conector-com-travas-da-regua-portatil-springer-mpc-12crv1\/#primaryimage","url":"https:\/\/dualgree.com.br\/loja\/wp-content\/uploads\/2025\/11\/15302498091-4263-conector-com-travas-da-regua-portatil-springer-mph12crv1-2-1.webp","contentUrl":"https:\/\/dualgree.com.br\/loja\/wp-content\/uploads\/2025\/11\/15302498091-4263-conector-com-travas-da-regua-portatil-springer-mph12crv1-2-1.webp","width":1280,"height":1280},{"@type":"BreadcrumbList","@id":"https:\/\/dualgree.com.br\/loja\/produto\/conector-com-travas-da-regua-portatil-springer-mpc-12crv1\/#breadcrumb","itemListElement":[{"@type":"ListItem","position":1,"name":"In\u00edcio","item":"https:\/\/dualgree.com.br\/loja\/"},{"@type":"ListItem","position":2,"name":"Loja &#8211; Cat\u00e1logo de Pe\u00e7as","item":"https:\/\/dualgree.com.br\/loja\/"},{"@type":"ListItem","position":3,"name":"Conector com travas da r\u00e9gua port\u00e1til Springer MPC-12CRV1"}]},{"@type":"WebSite","@id":"https:\/\/dualgree.com.br\/loja\/#website","url":"https:\/\/dualgree.com.br\/loja\/","name":"Loja - Dual Gree Servi\u00e7os | Partes e Pe\u00e7as","description":"Catalogo de Pe\u00e7as para ar condicionado","publisher":{"@id":"https:\/\/dualgree.com.br\/loja\/#organization"},"potentialAction":[{"@type":"SearchAction","target":{"@type":"EntryPoint","urlTemplate":"https:\/\/dualgree.com.br\/loja\/?s={search_term_string}"},"query-input":{"@type":"PropertyValueSpecification","valueRequired":true,"valueName":"search_term_string"}}],"inLanguage":"pt-BR"},{"@type":"Organization","@id":"https:\/\/dualgree.com.br\/loja\/#organization","name":"Loja Dual Gree Servi\u00e7o","url":"https:\/\/dualgree.com.br\/loja\/","logo":{"@type":"ImageObject","inLanguage":"pt-BR","@id":"https:\/\/dualgree.com.br\/loja\/#\/schema\/logo\/image\/","url":"https:\/\/dualgree.com.br\/loja\/wp-content\/uploads\/2024\/09\/teste-logo-ecommerce-dual-1-e1725909304971.png","contentUrl":"https:\/\/dualgree.com.br\/loja\/wp-content\/uploads\/2024\/09\/teste-logo-ecommerce-dual-1-e1725909304971.png","width":470,"height":157,"caption":"Loja Dual Gree Servi\u00e7o"},"image":{"@id":"https:\/\/dualgree.com.br\/loja\/#\/schema\/logo\/image\/"}}]}},"jetpack_publicize_connections":[],"jetpack_sharing_enabled":true,"jetpack_likes_enabled":true,"_links":{"self":[{"href":"https:\/\/dualgree.com.br\/loja\/wp-json\/wp\/v2\/product\/12650","targetHints":{"allow":["GET"]}}],"collection":[{"href":"https:\/\/dualgree.com.br\/loja\/wp-json\/wp\/v2\/product"}],"about":[{"href":"https:\/\/dualgree.com.br\/loja\/wp-json\/wp\/v2\/types\/product"}],"replies":[{"embeddable":true,"href":"https:\/\/dualgree.com.br\/loja\/wp-json\/wp\/v2\/comments?post=12650"}],"wp:featuredmedia":[{"embeddable":true,"href":"https:\/\/dualgree.com.br\/loja\/wp-json\/wp\/v2\/media\/12653"}],"wp:attachment":[{"href":"https:\/\/dualgree.com.br\/loja\/wp-json\/wp\/v2\/media?parent=12650"}],"wp:term":[{"taxonomy":"product_brand","embeddable":true,"href":"https:\/\/dualgree.com.br\/loja\/wp-json\/wp\/v2\/product_brand?post=12650"},{"taxonomy":"product_cat","embeddable":true,"href":"https:\/\/dualgree.com.br\/loja\/wp-json\/wp\/v2\/product_cat?post=12650"},{"taxonomy":"product_tag","embeddable":true,"href":"https:\/\/dualgree.com.br\/loja\/wp-json\/wp\/v2\/product_tag?post=12650"}],"curies":[{"name":"wp","href":"https:\/\/api.w.org\/{rel}","templated":true}]}}