{"id":13662,"date":"2026-01-06T18:19:09","date_gmt":"2026-01-06T18:19:09","guid":{"rendered":"https:\/\/dualgree.com.br\/loja\/produto\/kit-painel-tampa-e-base-condicionado-electrolux-pi09f-di09f\/"},"modified":"2026-03-02T21:18:36","modified_gmt":"2026-03-02T21:18:36","slug":"kit-painel-tampa-e-base-condicionado-electrolux-pi09f-di09f","status":"publish","type":"product","link":"https:\/\/dualgree.com.br\/loja\/produto\/kit-painel-tampa-e-base-condicionado-electrolux-pi09f-di09f\/","title":{"rendered":"Kit Painel tampa e Base Condicionado Electrolux Pi09f Di09f"},"content":{"rendered":"<p>\u00a0Kit Painel carenagem e Base da serpentina ar Condicionado Electrolux Pi09f Di09f<\/p>\n<p>\u00a0<\/p>\n<p>Itens do kit<\/p>\n<p>\u00a0<\/p>\n<p>IC2244 &#8211; 1x unid painel carenagem<\/p>\n<p>IC2576 &#8211; 1x unid base da serpentina<\/p>\n<p>\u00a0<\/p>\n<p>\u00a0<\/p>\n<p>Compativel com os modelos:<\/p>\n<p>\u00a0<\/p>\n<p>PI07F,<\/p>\n<p>\u00a0<\/p>\n<p>PI07r,<\/p>\n<p>\u00a0<\/p>\n<p>PI09F,<\/p>\n<p>\u00a0<\/p>\n<p>PI09R,<\/p>\n<p>\u00a0<\/p>\n<p>DI07F,<\/p>\n<p>\u00a0<\/p>\n<p>DI07R,<\/p>\n<p>\u00a0<\/p>\n<p>DI09F,<\/p>\n<p>\u00a0<\/p>\n<p>DI09R,<\/p>\n<p>\u00a0<\/p>\n<p>ESTE\u00a0 PRODUTO N\u00c3O SERVE PARA CAPACIDADES 12000BTUS.!<\/p>\n<p>\u00a0<\/p>\n<p>\u00a0<\/p>\n","protected":false},"excerpt":{"rendered":"<p>\u00a0Kit Painel carenagem e Base da serpentina ar Condicionado Electrolux Pi09f Di09f \u00a0 Itens do kit \u00a0 IC2244 &#8211; 1x unid painel carenagem IC2576 &#8211; 1x unid base da serpentina \u00a0 \u00a0 Compativel com os modelos: \u00a0 PI07F, \u00a0 PI07r, \u00a0 PI09F, \u00a0 PI09R, \u00a0 DI07F, \u00a0 DI07R, \u00a0 DI09F, \u00a0 DI09R, \u00a0 ESTE\u00a0 PRODUTO&#8230;<\/p>\n","protected":false},"featured_media":13661,"comment_status":"open","ping_status":"closed","template":"","meta":{"_kadence_starter_templates_imported_post":false,"_kad_post_transparent":"","_kad_post_title":"","_kad_post_layout":"","_kad_post_sidebar_id":"","_kad_post_content_style":"","_kad_post_vertical_padding":"","_kad_post_feature":"","_kad_post_feature_position":"","_kad_post_header":false,"_kad_post_footer":false,"jetpack_publicize_message":"","jetpack_publicize_feature_enabled":true,"jetpack_social_post_already_shared":true,"jetpack_social_options":{"image_generator_settings":{"template":"highway","default_image_id":0,"font":"","enabled":false},"version":2}},"product_brand":[],"product_cat":[198,172],"product_tag":[],"class_list":{"0":"post-13662","1":"product","2":"type-product","3":"status-publish","4":"has-post-thumbnail","6":"product_cat-base-da-serpentina-split","7":"product_cat-painel-carenagem-split","9":"first","10":"outofstock","11":"shipping-taxable","12":"purchasable","13":"product-type-simple","14":"entry","15":"content-bg","16":"loop-entry"},"yoast_head":"<!-- This site is optimized with the Yoast SEO plugin v27.5 - https:\/\/yoast.com\/product\/yoast-seo-wordpress\/ -->\n<title>Kit Painel tampa e Base Condicionado Electrolux Pi09f Di09f - Loja - Dual Gree Servi\u00e7os | Pe\u00e7as<\/title>\n<meta name=\"robots\" content=\"index, follow, max-snippet:-1, max-image-preview:large, max-video-preview:-1\" \/>\n<link rel=\"canonical\" href=\"https:\/\/dualgree.com.br\/loja\/produto\/kit-painel-tampa-e-base-condicionado-electrolux-pi09f-di09f\/\" \/>\n<meta property=\"og:locale\" content=\"pt_BR\" \/>\n<meta property=\"og:type\" content=\"article\" \/>\n<meta property=\"og:title\" content=\"Kit Painel tampa e Base Condicionado Electrolux Pi09f Di09f - Loja - Dual Gree Servi\u00e7os | Pe\u00e7as\" \/>\n<meta property=\"og:description\" content=\"\u00a0Kit Painel carenagem e Base da serpentina ar Condicionado Electrolux Pi09f Di09f \u00a0 Itens do kit \u00a0 IC2244 &#8211; 1x unid painel carenagem IC2576 &#8211; 1x unid base da serpentina \u00a0 \u00a0 Compativel com os modelos: \u00a0 PI07F, \u00a0 PI07r, \u00a0 PI09F, \u00a0 PI09R, \u00a0 DI07F, \u00a0 DI07R, \u00a0 DI09F, \u00a0 DI09R, \u00a0 ESTE\u00a0 PRODUTO...\" \/>\n<meta property=\"og:url\" content=\"https:\/\/dualgree.com.br\/loja\/produto\/kit-painel-tampa-e-base-condicionado-electrolux-pi09f-di09f\/\" \/>\n<meta property=\"og:site_name\" content=\"Loja - Dual Gree Servi\u00e7os | Pe\u00e7as\" \/>\n<meta property=\"article:modified_time\" content=\"2026-03-02T21:18:36+00:00\" \/>\n<meta name=\"twitter:card\" content=\"summary_large_image\" \/>\n<script type=\"application\/ld+json\" class=\"yoast-schema-graph\">{\"@context\":\"https:\\\/\\\/schema.org\",\"@graph\":[{\"@type\":\"WebPage\",\"@id\":\"https:\\\/\\\/dualgree.com.br\\\/loja\\\/produto\\\/kit-painel-tampa-e-base-condicionado-electrolux-pi09f-di09f\\\/\",\"url\":\"https:\\\/\\\/dualgree.com.br\\\/loja\\\/produto\\\/kit-painel-tampa-e-base-condicionado-electrolux-pi09f-di09f\\\/\",\"name\":\"Kit Painel tampa e Base Condicionado Electrolux Pi09f Di09f - Loja - Dual Gree Servi\u00e7os | Pe\u00e7as\",\"isPartOf\":{\"@id\":\"https:\\\/\\\/dualgree.com.br\\\/loja\\\/#website\"},\"primaryImageOfPage\":{\"@id\":\"https:\\\/\\\/dualgree.com.br\\\/loja\\\/produto\\\/kit-painel-tampa-e-base-condicionado-electrolux-pi09f-di09f\\\/#primaryimage\"},\"image\":{\"@id\":\"https:\\\/\\\/dualgree.com.br\\\/loja\\\/produto\\\/kit-painel-tampa-e-base-condicionado-electrolux-pi09f-di09f\\\/#primaryimage\"},\"thumbnailUrl\":\"https:\\\/\\\/dualgree.com.br\\\/loja\\\/wp-content\\\/uploads\\\/2026\\\/01\\\/15143476265-kit-painel-base-da-serpentina-electrolux-di09f.webp\",\"datePublished\":\"2026-01-06T18:19:09+00:00\",\"dateModified\":\"2026-03-02T21:18:36+00:00\",\"breadcrumb\":{\"@id\":\"https:\\\/\\\/dualgree.com.br\\\/loja\\\/produto\\\/kit-painel-tampa-e-base-condicionado-electrolux-pi09f-di09f\\\/#breadcrumb\"},\"inLanguage\":\"pt-BR\",\"potentialAction\":[{\"@type\":\"ReadAction\",\"target\":[\"https:\\\/\\\/dualgree.com.br\\\/loja\\\/produto\\\/kit-painel-tampa-e-base-condicionado-electrolux-pi09f-di09f\\\/\"]}]},{\"@type\":\"ImageObject\",\"inLanguage\":\"pt-BR\",\"@id\":\"https:\\\/\\\/dualgree.com.br\\\/loja\\\/produto\\\/kit-painel-tampa-e-base-condicionado-electrolux-pi09f-di09f\\\/#primaryimage\",\"url\":\"https:\\\/\\\/dualgree.com.br\\\/loja\\\/wp-content\\\/uploads\\\/2026\\\/01\\\/15143476265-kit-painel-base-da-serpentina-electrolux-di09f.webp\",\"contentUrl\":\"https:\\\/\\\/dualgree.com.br\\\/loja\\\/wp-content\\\/uploads\\\/2026\\\/01\\\/15143476265-kit-painel-base-da-serpentina-electrolux-di09f.webp\",\"width\":1200,\"height\":1200},{\"@type\":\"BreadcrumbList\",\"@id\":\"https:\\\/\\\/dualgree.com.br\\\/loja\\\/produto\\\/kit-painel-tampa-e-base-condicionado-electrolux-pi09f-di09f\\\/#breadcrumb\",\"itemListElement\":[{\"@type\":\"ListItem\",\"position\":1,\"name\":\"In\u00edcio\",\"item\":\"https:\\\/\\\/dualgree.com.br\\\/loja\\\/\"},{\"@type\":\"ListItem\",\"position\":2,\"name\":\"Loja &#8211; Cat\u00e1logo de Pe\u00e7as\",\"item\":\"https:\\\/\\\/dualgree.com.br\\\/loja\\\/\"},{\"@type\":\"ListItem\",\"position\":3,\"name\":\"Kit Painel tampa e Base Condicionado Electrolux Pi09f Di09f\"}]},{\"@type\":\"WebSite\",\"@id\":\"https:\\\/\\\/dualgree.com.br\\\/loja\\\/#website\",\"url\":\"https:\\\/\\\/dualgree.com.br\\\/loja\\\/\",\"name\":\"Loja - Dual Gree Servi\u00e7os | Partes e Pe\u00e7as\",\"description\":\"Catalogo de Pe\u00e7as para ar condicionado\",\"publisher\":{\"@id\":\"https:\\\/\\\/dualgree.com.br\\\/loja\\\/#organization\"},\"potentialAction\":[{\"@type\":\"SearchAction\",\"target\":{\"@type\":\"EntryPoint\",\"urlTemplate\":\"https:\\\/\\\/dualgree.com.br\\\/loja\\\/?s={search_term_string}\"},\"query-input\":{\"@type\":\"PropertyValueSpecification\",\"valueRequired\":true,\"valueName\":\"search_term_string\"}}],\"inLanguage\":\"pt-BR\"},{\"@type\":\"Organization\",\"@id\":\"https:\\\/\\\/dualgree.com.br\\\/loja\\\/#organization\",\"name\":\"Loja Dual Gree Servi\u00e7o\",\"url\":\"https:\\\/\\\/dualgree.com.br\\\/loja\\\/\",\"logo\":{\"@type\":\"ImageObject\",\"inLanguage\":\"pt-BR\",\"@id\":\"https:\\\/\\\/dualgree.com.br\\\/loja\\\/#\\\/schema\\\/logo\\\/image\\\/\",\"url\":\"https:\\\/\\\/dualgree.com.br\\\/loja\\\/wp-content\\\/uploads\\\/2024\\\/09\\\/teste-logo-ecommerce-dual-1-e1725909304971.png\",\"contentUrl\":\"https:\\\/\\\/dualgree.com.br\\\/loja\\\/wp-content\\\/uploads\\\/2024\\\/09\\\/teste-logo-ecommerce-dual-1-e1725909304971.png\",\"width\":470,\"height\":157,\"caption\":\"Loja Dual Gree Servi\u00e7o\"},\"image\":{\"@id\":\"https:\\\/\\\/dualgree.com.br\\\/loja\\\/#\\\/schema\\\/logo\\\/image\\\/\"}}]}<\/script>\n<!-- \/ Yoast SEO plugin. -->","yoast_head_json":{"title":"Kit Painel tampa e Base Condicionado Electrolux Pi09f Di09f - Loja - Dual Gree Servi\u00e7os | Pe\u00e7as","robots":{"index":"index","follow":"follow","max-snippet":"max-snippet:-1","max-image-preview":"max-image-preview:large","max-video-preview":"max-video-preview:-1"},"canonical":"https:\/\/dualgree.com.br\/loja\/produto\/kit-painel-tampa-e-base-condicionado-electrolux-pi09f-di09f\/","og_locale":"pt_BR","og_type":"article","og_title":"Kit Painel tampa e Base Condicionado Electrolux Pi09f Di09f - Loja - Dual Gree Servi\u00e7os | Pe\u00e7as","og_description":"\u00a0Kit Painel carenagem e Base da serpentina ar Condicionado Electrolux Pi09f Di09f \u00a0 Itens do kit \u00a0 IC2244 &#8211; 1x unid painel carenagem IC2576 &#8211; 1x unid base da serpentina \u00a0 \u00a0 Compativel com os modelos: \u00a0 PI07F, \u00a0 PI07r, \u00a0 PI09F, \u00a0 PI09R, \u00a0 DI07F, \u00a0 DI07R, \u00a0 DI09F, \u00a0 DI09R, \u00a0 ESTE\u00a0 PRODUTO...","og_url":"https:\/\/dualgree.com.br\/loja\/produto\/kit-painel-tampa-e-base-condicionado-electrolux-pi09f-di09f\/","og_site_name":"Loja - Dual Gree Servi\u00e7os | Pe\u00e7as","article_modified_time":"2026-03-02T21:18:36+00:00","twitter_card":"summary_large_image","schema":{"@context":"https:\/\/schema.org","@graph":[{"@type":"WebPage","@id":"https:\/\/dualgree.com.br\/loja\/produto\/kit-painel-tampa-e-base-condicionado-electrolux-pi09f-di09f\/","url":"https:\/\/dualgree.com.br\/loja\/produto\/kit-painel-tampa-e-base-condicionado-electrolux-pi09f-di09f\/","name":"Kit Painel tampa e Base Condicionado Electrolux Pi09f Di09f - Loja - Dual Gree Servi\u00e7os | Pe\u00e7as","isPartOf":{"@id":"https:\/\/dualgree.com.br\/loja\/#website"},"primaryImageOfPage":{"@id":"https:\/\/dualgree.com.br\/loja\/produto\/kit-painel-tampa-e-base-condicionado-electrolux-pi09f-di09f\/#primaryimage"},"image":{"@id":"https:\/\/dualgree.com.br\/loja\/produto\/kit-painel-tampa-e-base-condicionado-electrolux-pi09f-di09f\/#primaryimage"},"thumbnailUrl":"https:\/\/dualgree.com.br\/loja\/wp-content\/uploads\/2026\/01\/15143476265-kit-painel-base-da-serpentina-electrolux-di09f.webp","datePublished":"2026-01-06T18:19:09+00:00","dateModified":"2026-03-02T21:18:36+00:00","breadcrumb":{"@id":"https:\/\/dualgree.com.br\/loja\/produto\/kit-painel-tampa-e-base-condicionado-electrolux-pi09f-di09f\/#breadcrumb"},"inLanguage":"pt-BR","potentialAction":[{"@type":"ReadAction","target":["https:\/\/dualgree.com.br\/loja\/produto\/kit-painel-tampa-e-base-condicionado-electrolux-pi09f-di09f\/"]}]},{"@type":"ImageObject","inLanguage":"pt-BR","@id":"https:\/\/dualgree.com.br\/loja\/produto\/kit-painel-tampa-e-base-condicionado-electrolux-pi09f-di09f\/#primaryimage","url":"https:\/\/dualgree.com.br\/loja\/wp-content\/uploads\/2026\/01\/15143476265-kit-painel-base-da-serpentina-electrolux-di09f.webp","contentUrl":"https:\/\/dualgree.com.br\/loja\/wp-content\/uploads\/2026\/01\/15143476265-kit-painel-base-da-serpentina-electrolux-di09f.webp","width":1200,"height":1200},{"@type":"BreadcrumbList","@id":"https:\/\/dualgree.com.br\/loja\/produto\/kit-painel-tampa-e-base-condicionado-electrolux-pi09f-di09f\/#breadcrumb","itemListElement":[{"@type":"ListItem","position":1,"name":"In\u00edcio","item":"https:\/\/dualgree.com.br\/loja\/"},{"@type":"ListItem","position":2,"name":"Loja &#8211; Cat\u00e1logo de Pe\u00e7as","item":"https:\/\/dualgree.com.br\/loja\/"},{"@type":"ListItem","position":3,"name":"Kit Painel tampa e Base Condicionado Electrolux Pi09f Di09f"}]},{"@type":"WebSite","@id":"https:\/\/dualgree.com.br\/loja\/#website","url":"https:\/\/dualgree.com.br\/loja\/","name":"Loja - Dual Gree Servi\u00e7os | Partes e Pe\u00e7as","description":"Catalogo de Pe\u00e7as para ar condicionado","publisher":{"@id":"https:\/\/dualgree.com.br\/loja\/#organization"},"potentialAction":[{"@type":"SearchAction","target":{"@type":"EntryPoint","urlTemplate":"https:\/\/dualgree.com.br\/loja\/?s={search_term_string}"},"query-input":{"@type":"PropertyValueSpecification","valueRequired":true,"valueName":"search_term_string"}}],"inLanguage":"pt-BR"},{"@type":"Organization","@id":"https:\/\/dualgree.com.br\/loja\/#organization","name":"Loja Dual Gree Servi\u00e7o","url":"https:\/\/dualgree.com.br\/loja\/","logo":{"@type":"ImageObject","inLanguage":"pt-BR","@id":"https:\/\/dualgree.com.br\/loja\/#\/schema\/logo\/image\/","url":"https:\/\/dualgree.com.br\/loja\/wp-content\/uploads\/2024\/09\/teste-logo-ecommerce-dual-1-e1725909304971.png","contentUrl":"https:\/\/dualgree.com.br\/loja\/wp-content\/uploads\/2024\/09\/teste-logo-ecommerce-dual-1-e1725909304971.png","width":470,"height":157,"caption":"Loja Dual Gree Servi\u00e7o"},"image":{"@id":"https:\/\/dualgree.com.br\/loja\/#\/schema\/logo\/image\/"}}]}},"jetpack_publicize_connections":[],"jetpack_sharing_enabled":true,"jetpack_likes_enabled":true,"_links":{"self":[{"href":"https:\/\/dualgree.com.br\/loja\/wp-json\/wp\/v2\/product\/13662","targetHints":{"allow":["GET"]}}],"collection":[{"href":"https:\/\/dualgree.com.br\/loja\/wp-json\/wp\/v2\/product"}],"about":[{"href":"https:\/\/dualgree.com.br\/loja\/wp-json\/wp\/v2\/types\/product"}],"replies":[{"embeddable":true,"href":"https:\/\/dualgree.com.br\/loja\/wp-json\/wp\/v2\/comments?post=13662"}],"wp:featuredmedia":[{"embeddable":true,"href":"https:\/\/dualgree.com.br\/loja\/wp-json\/wp\/v2\/media\/13661"}],"wp:attachment":[{"href":"https:\/\/dualgree.com.br\/loja\/wp-json\/wp\/v2\/media?parent=13662"}],"wp:term":[{"taxonomy":"product_brand","embeddable":true,"href":"https:\/\/dualgree.com.br\/loja\/wp-json\/wp\/v2\/product_brand?post=13662"},{"taxonomy":"product_cat","embeddable":true,"href":"https:\/\/dualgree.com.br\/loja\/wp-json\/wp\/v2\/product_cat?post=13662"},{"taxonomy":"product_tag","embeddable":true,"href":"https:\/\/dualgree.com.br\/loja\/wp-json\/wp\/v2\/product_tag?post=13662"}],"curies":[{"name":"wp","href":"https:\/\/api.w.org\/{rel}","templated":true}]}}