{"id":13911,"date":"2026-01-17T00:44:56","date_gmt":"2026-01-17T00:44:56","guid":{"rendered":"https:\/\/dualgree.com.br\/loja\/produto\/kit-regua-janela-e-tubo-15cm-para-ar-condicionado-portatil-springer-midea\/"},"modified":"2026-04-28T18:19:58","modified_gmt":"2026-04-28T18:19:58","slug":"kit-regua-janela-e-tubo-15cm-para-ar-condicionado-portatil-springer-midea","status":"publish","type":"product","link":"https:\/\/dualgree.com.br\/loja\/produto\/kit-regua-janela-e-tubo-15cm-para-ar-condicionado-portatil-springer-midea\/","title":{"rendered":"kit r\u00e9gua janela e tubo 15cm para ar condicionado port\u00e1til..."},"content":{"rendered":"<p>dg5055 &#8211; kit r\u00e9gua janela e tubo 15cm para ar condicionado port\u00e1til<\/p>\n<p>Itens do kit<br \/>1x DG4082 &#8211; r\u00e9gua com ajuste 1,25 para janelas.<br \/>1x DG4081 &#8211; Conector da r\u00e9gua exclusivo rosca esquerda.<br \/>1x DG044 &#8211; Tubo Duto Com 2 metros e rosca 15cm branco.<\/p>\n<p>compativel<\/p>\n<p>Philco Pac10000f2.<\/p>\n<p>Philco Pac11000f2.<\/p>\n<p>Philco Pac11000f4.<\/p>\n<p>Philco Pac11000qf4.<\/p>\n<p>Philco Pac10000f4.<\/p>\n<p>Philco Pac10000Qf2.<\/p>\n<p>Philco Pac11000Qf2.<\/p>\n<p>Philco Pac10000Qf4.<\/p>\n<p>Philco Pac12000Qf5.<\/p>\n<p>Philco Pac12000f5.<\/p>\n<p>Philco Pac12000f2.<\/p>\n<p>Springer<br \/>Midea liva<\/p>\n<p>Midea Tango<\/p>\n<p>&#8211; MPT-10CRV1<br \/>&#8211; MPT-10CRV2<br \/>&#8211; MPT-10HRV1<br \/>&#8211; MPT-10HRV2<\/p>\n<p>&#8211; MPB-12CRV1<br \/>&#8211; MPB-12CRV2<\/p>\n<p>Midea Nova<\/p>\n<p>&#8211; MPN-12CRV1<br \/>&#8211; MPN-12CRV2<\/p>\n<p>Comfee<\/p>\n<p>&#8211; MPS-09CRV1<\/p>\n<p>Schulz<\/p>\n<p>CAP10<br \/>CAP12<\/p>\n<p>EOS<\/p>\n<p>EAP12- Sem letras final<\/p>\n<p>LG<\/p>\n<p>LP1419IVSM<\/p>\n","protected":false},"excerpt":{"rendered":"<p>dg5055 &#8211; kit r\u00e9gua janela e tubo 15cm para ar condicionado port\u00e1til Itens do kit1x DG4082 &#8211; r\u00e9gua com ajuste 1,25 para janelas.1x DG4081 &#8211; Conector da r\u00e9gua exclusivo rosca esquerda.1x DG044 &#8211; Tubo Duto Com 2 metros e rosca 15cm branco. compativel Philco Pac10000f2. Philco Pac11000f2. Philco Pac11000f4. Philco Pac11000qf4. Philco Pac10000f4. Philco Pac10000Qf2&#8230;.<\/p>\n","protected":false},"featured_media":13924,"comment_status":"open","ping_status":"closed","template":"","meta":{"_kadence_starter_templates_imported_post":false,"_kad_post_transparent":"","_kad_post_title":"","_kad_post_layout":"","_kad_post_sidebar_id":"","_kad_post_content_style":"","_kad_post_vertical_padding":"","_kad_post_feature":"","_kad_post_feature_position":"","_kad_post_header":false,"_kad_post_footer":false,"jetpack_publicize_message":"","jetpack_publicize_feature_enabled":true,"jetpack_social_post_already_shared":true,"jetpack_social_options":{"image_generator_settings":{"template":"highway","default_image_id":0,"font":"","enabled":false},"version":2}},"product_brand":[],"product_cat":[178,230,245,182,176,183,257,179],"product_tag":[],"class_list":{"0":"post-13911","1":"product","2":"type-product","3":"status-publish","4":"has-post-thumbnail","6":"product_cat-comfee","7":"product_cat-eos","8":"product_cat-kit-duto-ar-portatil","9":"product_cat-lg","10":"product_cat-midea","11":"product_cat-philco","12":"product_cat-schulz","13":"product_cat-springer","15":"first","16":"instock","17":"shipping-taxable","18":"purchasable","19":"product-type-simple","20":"entry","21":"content-bg","22":"loop-entry"},"yoast_head":"<!-- This site is optimized with the Yoast SEO plugin v27.5 - https:\/\/yoast.com\/product\/yoast-seo-wordpress\/ -->\n<title>kit r\u00e9gua janela e tubo 15cm para ar condicionado port\u00e1til Springer midea - Loja - Dual Gree Servi\u00e7os | Pe\u00e7as<\/title>\n<meta name=\"robots\" content=\"index, follow, max-snippet:-1, max-image-preview:large, max-video-preview:-1\" \/>\n<link rel=\"canonical\" href=\"https:\/\/dualgree.com.br\/loja\/produto\/kit-regua-janela-e-tubo-15cm-para-ar-condicionado-portatil-springer-midea\/\" \/>\n<meta property=\"og:locale\" content=\"pt_BR\" \/>\n<meta property=\"og:type\" content=\"article\" \/>\n<meta property=\"og:title\" content=\"kit r\u00e9gua janela e tubo 15cm para ar condicionado port\u00e1til Springer midea - Loja - Dual Gree Servi\u00e7os | Pe\u00e7as\" \/>\n<meta property=\"og:description\" content=\"dg5055 &#8211; kit r\u00e9gua janela e tubo 15cm para ar condicionado port\u00e1til Itens do kit1x DG4082 &#8211; r\u00e9gua com ajuste 1,25 para janelas.1x DG4081 &#8211; Conector da r\u00e9gua exclusivo rosca esquerda.1x DG044 &#8211; Tubo Duto Com 2 metros e rosca 15cm branco. compativel Philco Pac10000f2. Philco Pac11000f2. Philco Pac11000f4. Philco Pac11000qf4. Philco Pac10000f4. Philco Pac10000Qf2....\" \/>\n<meta property=\"og:url\" content=\"https:\/\/dualgree.com.br\/loja\/produto\/kit-regua-janela-e-tubo-15cm-para-ar-condicionado-portatil-springer-midea\/\" \/>\n<meta property=\"og:site_name\" content=\"Loja - Dual Gree Servi\u00e7os | Pe\u00e7as\" \/>\n<meta property=\"article:modified_time\" content=\"2026-04-28T18:19:58+00:00\" \/>\n<meta name=\"twitter:card\" content=\"summary_large_image\" \/>\n<meta name=\"twitter:label1\" content=\"Est. tempo de leitura\" \/>\n\t<meta name=\"twitter:data1\" content=\"1 minuto\" \/>\n<script type=\"application\/ld+json\" class=\"yoast-schema-graph\">{\"@context\":\"https:\\\/\\\/schema.org\",\"@graph\":[{\"@type\":\"WebPage\",\"@id\":\"https:\\\/\\\/dualgree.com.br\\\/loja\\\/produto\\\/kit-regua-janela-e-tubo-15cm-para-ar-condicionado-portatil-springer-midea\\\/\",\"url\":\"https:\\\/\\\/dualgree.com.br\\\/loja\\\/produto\\\/kit-regua-janela-e-tubo-15cm-para-ar-condicionado-portatil-springer-midea\\\/\",\"name\":\"kit r\u00e9gua janela e tubo 15cm para ar condicionado port\u00e1til Springer midea - Loja - Dual Gree Servi\u00e7os | Pe\u00e7as\",\"isPartOf\":{\"@id\":\"https:\\\/\\\/dualgree.com.br\\\/loja\\\/#website\"},\"primaryImageOfPage\":{\"@id\":\"https:\\\/\\\/dualgree.com.br\\\/loja\\\/produto\\\/kit-regua-janela-e-tubo-15cm-para-ar-condicionado-portatil-springer-midea\\\/#primaryimage\"},\"image\":{\"@id\":\"https:\\\/\\\/dualgree.com.br\\\/loja\\\/produto\\\/kit-regua-janela-e-tubo-15cm-para-ar-condicionado-portatil-springer-midea\\\/#primaryimage\"},\"thumbnailUrl\":\"https:\\\/\\\/dualgree.com.br\\\/loja\\\/wp-content\\\/uploads\\\/2026\\\/01\\\/15406872534-dg5055-kit-regua-janela-e-tubo-15cm-para-ar-condicionado-portatil-2-5.webp\",\"datePublished\":\"2026-01-17T00:44:56+00:00\",\"dateModified\":\"2026-04-28T18:19:58+00:00\",\"breadcrumb\":{\"@id\":\"https:\\\/\\\/dualgree.com.br\\\/loja\\\/produto\\\/kit-regua-janela-e-tubo-15cm-para-ar-condicionado-portatil-springer-midea\\\/#breadcrumb\"},\"inLanguage\":\"pt-BR\",\"potentialAction\":[{\"@type\":\"ReadAction\",\"target\":[\"https:\\\/\\\/dualgree.com.br\\\/loja\\\/produto\\\/kit-regua-janela-e-tubo-15cm-para-ar-condicionado-portatil-springer-midea\\\/\"]}]},{\"@type\":\"ImageObject\",\"inLanguage\":\"pt-BR\",\"@id\":\"https:\\\/\\\/dualgree.com.br\\\/loja\\\/produto\\\/kit-regua-janela-e-tubo-15cm-para-ar-condicionado-portatil-springer-midea\\\/#primaryimage\",\"url\":\"https:\\\/\\\/dualgree.com.br\\\/loja\\\/wp-content\\\/uploads\\\/2026\\\/01\\\/15406872534-dg5055-kit-regua-janela-e-tubo-15cm-para-ar-condicionado-portatil-2-5.webp\",\"contentUrl\":\"https:\\\/\\\/dualgree.com.br\\\/loja\\\/wp-content\\\/uploads\\\/2026\\\/01\\\/15406872534-dg5055-kit-regua-janela-e-tubo-15cm-para-ar-condicionado-portatil-2-5.webp\",\"width\":1280,\"height\":1280},{\"@type\":\"BreadcrumbList\",\"@id\":\"https:\\\/\\\/dualgree.com.br\\\/loja\\\/produto\\\/kit-regua-janela-e-tubo-15cm-para-ar-condicionado-portatil-springer-midea\\\/#breadcrumb\",\"itemListElement\":[{\"@type\":\"ListItem\",\"position\":1,\"name\":\"In\u00edcio\",\"item\":\"https:\\\/\\\/dualgree.com.br\\\/loja\\\/\"},{\"@type\":\"ListItem\",\"position\":2,\"name\":\"Loja &#8211; Cat\u00e1logo de Pe\u00e7as\",\"item\":\"https:\\\/\\\/dualgree.com.br\\\/loja\\\/\"},{\"@type\":\"ListItem\",\"position\":3,\"name\":\"kit r\u00e9gua janela e tubo 15cm para ar condicionado port\u00e1til...\"}]},{\"@type\":\"WebSite\",\"@id\":\"https:\\\/\\\/dualgree.com.br\\\/loja\\\/#website\",\"url\":\"https:\\\/\\\/dualgree.com.br\\\/loja\\\/\",\"name\":\"Loja - Dual Gree Servi\u00e7os | Partes e Pe\u00e7as\",\"description\":\"Catalogo de Pe\u00e7as para ar condicionado\",\"publisher\":{\"@id\":\"https:\\\/\\\/dualgree.com.br\\\/loja\\\/#organization\"},\"potentialAction\":[{\"@type\":\"SearchAction\",\"target\":{\"@type\":\"EntryPoint\",\"urlTemplate\":\"https:\\\/\\\/dualgree.com.br\\\/loja\\\/?s={search_term_string}\"},\"query-input\":{\"@type\":\"PropertyValueSpecification\",\"valueRequired\":true,\"valueName\":\"search_term_string\"}}],\"inLanguage\":\"pt-BR\"},{\"@type\":\"Organization\",\"@id\":\"https:\\\/\\\/dualgree.com.br\\\/loja\\\/#organization\",\"name\":\"Loja Dual Gree Servi\u00e7o\",\"url\":\"https:\\\/\\\/dualgree.com.br\\\/loja\\\/\",\"logo\":{\"@type\":\"ImageObject\",\"inLanguage\":\"pt-BR\",\"@id\":\"https:\\\/\\\/dualgree.com.br\\\/loja\\\/#\\\/schema\\\/logo\\\/image\\\/\",\"url\":\"https:\\\/\\\/dualgree.com.br\\\/loja\\\/wp-content\\\/uploads\\\/2024\\\/09\\\/teste-logo-ecommerce-dual-1-e1725909304971.png\",\"contentUrl\":\"https:\\\/\\\/dualgree.com.br\\\/loja\\\/wp-content\\\/uploads\\\/2024\\\/09\\\/teste-logo-ecommerce-dual-1-e1725909304971.png\",\"width\":470,\"height\":157,\"caption\":\"Loja Dual Gree Servi\u00e7o\"},\"image\":{\"@id\":\"https:\\\/\\\/dualgree.com.br\\\/loja\\\/#\\\/schema\\\/logo\\\/image\\\/\"}}]}<\/script>\n<!-- \/ Yoast SEO plugin. -->","yoast_head_json":{"title":"kit r\u00e9gua janela e tubo 15cm para ar condicionado port\u00e1til Springer midea - Loja - Dual Gree Servi\u00e7os | Pe\u00e7as","robots":{"index":"index","follow":"follow","max-snippet":"max-snippet:-1","max-image-preview":"max-image-preview:large","max-video-preview":"max-video-preview:-1"},"canonical":"https:\/\/dualgree.com.br\/loja\/produto\/kit-regua-janela-e-tubo-15cm-para-ar-condicionado-portatil-springer-midea\/","og_locale":"pt_BR","og_type":"article","og_title":"kit r\u00e9gua janela e tubo 15cm para ar condicionado port\u00e1til Springer midea - Loja - Dual Gree Servi\u00e7os | Pe\u00e7as","og_description":"dg5055 &#8211; kit r\u00e9gua janela e tubo 15cm para ar condicionado port\u00e1til Itens do kit1x DG4082 &#8211; r\u00e9gua com ajuste 1,25 para janelas.1x DG4081 &#8211; Conector da r\u00e9gua exclusivo rosca esquerda.1x DG044 &#8211; Tubo Duto Com 2 metros e rosca 15cm branco. compativel Philco Pac10000f2. Philco Pac11000f2. Philco Pac11000f4. Philco Pac11000qf4. Philco Pac10000f4. Philco Pac10000Qf2....","og_url":"https:\/\/dualgree.com.br\/loja\/produto\/kit-regua-janela-e-tubo-15cm-para-ar-condicionado-portatil-springer-midea\/","og_site_name":"Loja - Dual Gree Servi\u00e7os | Pe\u00e7as","article_modified_time":"2026-04-28T18:19:58+00:00","twitter_card":"summary_large_image","twitter_misc":{"Est. tempo de leitura":"1 minuto"},"schema":{"@context":"https:\/\/schema.org","@graph":[{"@type":"WebPage","@id":"https:\/\/dualgree.com.br\/loja\/produto\/kit-regua-janela-e-tubo-15cm-para-ar-condicionado-portatil-springer-midea\/","url":"https:\/\/dualgree.com.br\/loja\/produto\/kit-regua-janela-e-tubo-15cm-para-ar-condicionado-portatil-springer-midea\/","name":"kit r\u00e9gua janela e tubo 15cm para ar condicionado port\u00e1til Springer midea - Loja - Dual Gree Servi\u00e7os | Pe\u00e7as","isPartOf":{"@id":"https:\/\/dualgree.com.br\/loja\/#website"},"primaryImageOfPage":{"@id":"https:\/\/dualgree.com.br\/loja\/produto\/kit-regua-janela-e-tubo-15cm-para-ar-condicionado-portatil-springer-midea\/#primaryimage"},"image":{"@id":"https:\/\/dualgree.com.br\/loja\/produto\/kit-regua-janela-e-tubo-15cm-para-ar-condicionado-portatil-springer-midea\/#primaryimage"},"thumbnailUrl":"https:\/\/dualgree.com.br\/loja\/wp-content\/uploads\/2026\/01\/15406872534-dg5055-kit-regua-janela-e-tubo-15cm-para-ar-condicionado-portatil-2-5.webp","datePublished":"2026-01-17T00:44:56+00:00","dateModified":"2026-04-28T18:19:58+00:00","breadcrumb":{"@id":"https:\/\/dualgree.com.br\/loja\/produto\/kit-regua-janela-e-tubo-15cm-para-ar-condicionado-portatil-springer-midea\/#breadcrumb"},"inLanguage":"pt-BR","potentialAction":[{"@type":"ReadAction","target":["https:\/\/dualgree.com.br\/loja\/produto\/kit-regua-janela-e-tubo-15cm-para-ar-condicionado-portatil-springer-midea\/"]}]},{"@type":"ImageObject","inLanguage":"pt-BR","@id":"https:\/\/dualgree.com.br\/loja\/produto\/kit-regua-janela-e-tubo-15cm-para-ar-condicionado-portatil-springer-midea\/#primaryimage","url":"https:\/\/dualgree.com.br\/loja\/wp-content\/uploads\/2026\/01\/15406872534-dg5055-kit-regua-janela-e-tubo-15cm-para-ar-condicionado-portatil-2-5.webp","contentUrl":"https:\/\/dualgree.com.br\/loja\/wp-content\/uploads\/2026\/01\/15406872534-dg5055-kit-regua-janela-e-tubo-15cm-para-ar-condicionado-portatil-2-5.webp","width":1280,"height":1280},{"@type":"BreadcrumbList","@id":"https:\/\/dualgree.com.br\/loja\/produto\/kit-regua-janela-e-tubo-15cm-para-ar-condicionado-portatil-springer-midea\/#breadcrumb","itemListElement":[{"@type":"ListItem","position":1,"name":"In\u00edcio","item":"https:\/\/dualgree.com.br\/loja\/"},{"@type":"ListItem","position":2,"name":"Loja &#8211; Cat\u00e1logo de Pe\u00e7as","item":"https:\/\/dualgree.com.br\/loja\/"},{"@type":"ListItem","position":3,"name":"kit r\u00e9gua janela e tubo 15cm para ar condicionado port\u00e1til..."}]},{"@type":"WebSite","@id":"https:\/\/dualgree.com.br\/loja\/#website","url":"https:\/\/dualgree.com.br\/loja\/","name":"Loja - Dual Gree Servi\u00e7os | Partes e Pe\u00e7as","description":"Catalogo de Pe\u00e7as para ar condicionado","publisher":{"@id":"https:\/\/dualgree.com.br\/loja\/#organization"},"potentialAction":[{"@type":"SearchAction","target":{"@type":"EntryPoint","urlTemplate":"https:\/\/dualgree.com.br\/loja\/?s={search_term_string}"},"query-input":{"@type":"PropertyValueSpecification","valueRequired":true,"valueName":"search_term_string"}}],"inLanguage":"pt-BR"},{"@type":"Organization","@id":"https:\/\/dualgree.com.br\/loja\/#organization","name":"Loja Dual Gree Servi\u00e7o","url":"https:\/\/dualgree.com.br\/loja\/","logo":{"@type":"ImageObject","inLanguage":"pt-BR","@id":"https:\/\/dualgree.com.br\/loja\/#\/schema\/logo\/image\/","url":"https:\/\/dualgree.com.br\/loja\/wp-content\/uploads\/2024\/09\/teste-logo-ecommerce-dual-1-e1725909304971.png","contentUrl":"https:\/\/dualgree.com.br\/loja\/wp-content\/uploads\/2024\/09\/teste-logo-ecommerce-dual-1-e1725909304971.png","width":470,"height":157,"caption":"Loja Dual Gree Servi\u00e7o"},"image":{"@id":"https:\/\/dualgree.com.br\/loja\/#\/schema\/logo\/image\/"}}]}},"jetpack_publicize_connections":[],"jetpack_sharing_enabled":true,"jetpack_likes_enabled":true,"_links":{"self":[{"href":"https:\/\/dualgree.com.br\/loja\/wp-json\/wp\/v2\/product\/13911","targetHints":{"allow":["GET"]}}],"collection":[{"href":"https:\/\/dualgree.com.br\/loja\/wp-json\/wp\/v2\/product"}],"about":[{"href":"https:\/\/dualgree.com.br\/loja\/wp-json\/wp\/v2\/types\/product"}],"replies":[{"embeddable":true,"href":"https:\/\/dualgree.com.br\/loja\/wp-json\/wp\/v2\/comments?post=13911"}],"wp:featuredmedia":[{"embeddable":true,"href":"https:\/\/dualgree.com.br\/loja\/wp-json\/wp\/v2\/media\/13924"}],"wp:attachment":[{"href":"https:\/\/dualgree.com.br\/loja\/wp-json\/wp\/v2\/media?parent=13911"}],"wp:term":[{"taxonomy":"product_brand","embeddable":true,"href":"https:\/\/dualgree.com.br\/loja\/wp-json\/wp\/v2\/product_brand?post=13911"},{"taxonomy":"product_cat","embeddable":true,"href":"https:\/\/dualgree.com.br\/loja\/wp-json\/wp\/v2\/product_cat?post=13911"},{"taxonomy":"product_tag","embeddable":true,"href":"https:\/\/dualgree.com.br\/loja\/wp-json\/wp\/v2\/product_tag?post=13911"}],"curies":[{"name":"wp","href":"https:\/\/api.w.org\/{rel}","templated":true}]}}