{"id":14137,"date":"2026-01-28T18:15:21","date_gmt":"2026-01-28T18:15:21","guid":{"rendered":"https:\/\/dualgree.com.br\/loja\/produto\/painel-carenagem-do-ar-condicionado-samsung-as18ubtxaz\/"},"modified":"2026-02-27T12:27:35","modified_gmt":"2026-02-27T12:27:35","slug":"painel-carenagem-do-ar-condicionado-samsung-as18ubtxaz","status":"publish","type":"product","link":"https:\/\/dualgree.com.br\/loja\/produto\/painel-carenagem-do-ar-condicionado-samsung-as18ubtxaz\/","title":{"rendered":"Painel carenagem do ar condicionado Samsung AS18UBTXAZ"},"content":{"rendered":"<p><span style=\"font-family: arial, tahoma, verdana, helvetica;font-size: 14.72px\">IC3117 &#8211; Painel Frontal Carenagem do ar condicionado Samsung AS18UBTXAZ sem aleta defletora de ar<\/span><\/p>\n<p>\u00a0<\/p>\n<p>compativel com evaporadora que tenha comprimento 89cm, n\u00e3o se confunda<br style=\"font-family: arial, tahoma, verdana, helvetica;font-size: 14.72px\" \/>\u00a0<\/p>\n<p>Compativel somente nos modelos abaixo.<\/p>\n<p><br style=\"font-family: arial, tahoma, verdana, helvetica;font-size: 14.72px\" \/><span style=\"font-family: arial, tahoma, verdana, helvetica;font-size: 14.72px\">AQ18vwbunxaz.<\/span><\/p>\n<p>\u00a0<\/p>\n<p><span style=\"font-family: arial, tahoma, verdana, helvetica;font-size: 14.72px\">AQ18ESBANXAZ.<\/span><br style=\"font-family: arial, tahoma, verdana, helvetica;font-size: 14.72px\" \/><span style=\"font-family: arial, tahoma, verdana, helvetica;font-size: 14.72px\"><\/span><\/p>\n<p>\u00a0<\/p>\n<p><span style=\"font-family: arial, tahoma, verdana, helvetica;font-size: 14.72px\">AQ18ESBTXAZ.<\/span><br style=\"font-family: arial, tahoma, verdana, helvetica;font-size: 14.72px\" \/><span style=\"font-family: arial, tahoma, verdana, helvetica;font-size: 14.72px\"><\/span><\/p>\n<p>\u00a0<\/p>\n<p><span style=\"font-family: arial, tahoma, verdana, helvetica;font-size: 14.72px\">AQ18UBANXAZ.<\/span><br style=\"font-family: arial, tahoma, verdana, helvetica;font-size: 14.72px\" \/><span style=\"font-family: arial, tahoma, verdana, helvetica;font-size: 14.72px\"><\/span><\/p>\n<p>\u00a0<\/p>\n<p><span style=\"font-family: arial, tahoma, verdana, helvetica;font-size: 14.72px\">AQ18UBTXAZ.<\/span><br style=\"font-family: arial, tahoma, verdana, helvetica;font-size: 14.72px\" \/><span style=\"font-family: arial, tahoma, verdana, helvetica;font-size: 14.72px\"><\/span><\/p>\n<p>\u00a0<\/p>\n<p><span style=\"font-family: arial, tahoma, verdana, helvetica;font-size: 14.72px\">AQ18UWBUXAZ.<\/span><br style=\"font-family: arial, tahoma, verdana, helvetica;font-size: 14.72px\" \/><span style=\"font-family: arial, tahoma, verdana, helvetica;font-size: 14.72px\"><\/span><\/p>\n<p>\u00a0<\/p>\n<p><span style=\"font-family: arial, tahoma, verdana, helvetica;font-size: 14.72px\">AS18ESBANXAZ.<\/span><br style=\"font-family: arial, tahoma, verdana, helvetica;font-size: 14.72px\" \/><span style=\"font-family: arial, tahoma, verdana, helvetica;font-size: 14.72px\"><\/span><\/p>\n<p>\u00a0<\/p>\n<p><span style=\"font-family: arial, tahoma, verdana, helvetica;font-size: 14.72px\">AS18ESBTXAZ.<\/span><br style=\"font-family: arial, tahoma, verdana, helvetica;font-size: 14.72px\" \/><span style=\"font-family: arial, tahoma, verdana, helvetica;font-size: 14.72px\"><\/span><\/p>\n<p>\u00a0<\/p>\n<p><span style=\"font-family: arial, tahoma, verdana, helvetica;font-size: 14.72px\">AS18UBANXAZ.<\/span><br style=\"font-family: arial, tahoma, verdana, helvetica;font-size: 14.72px\" \/><span style=\"font-family: arial, tahoma, verdana, helvetica;font-size: 14.72px\"><\/span><\/p>\n<p>\u00a0<\/p>\n<p><span style=\"font-family: arial, tahoma, verdana, helvetica;font-size: 14.72px\">AS18UBTXAZ.<\/span><br style=\"font-family: arial, tahoma, verdana, helvetica;font-size: 14.72px\" \/><span style=\"font-family: arial, tahoma, verdana, helvetica;font-size: 14.72px\"><\/span><\/p>\n<p>\u00a0<\/p>\n<p><span style=\"font-family: arial, tahoma, verdana, helvetica;font-size: 14.72px\">AS18UWBUXAZ.<\/span><br style=\"font-family: arial, tahoma, verdana, helvetica;font-size: 14.72px\" \/><span style=\"font-family: arial, tahoma, verdana, helvetica;font-size: 14.72px\"><\/span><\/p>\n<p>\u00a0<\/p>\n<p><span style=\"font-family: arial, tahoma, verdana, helvetica;font-size: 14.72px\">AS18UWBUNXAZ.<\/span><\/p>\n","protected":false},"excerpt":{"rendered":"<p>IC3117 &#8211; Painel Frontal Carenagem do ar condicionado Samsung AS18UBTXAZ sem aleta defletora de ar \u00a0 compativel com evaporadora que tenha comprimento 89cm, n\u00e3o se confunda\u00a0 Compativel somente nos modelos abaixo. AQ18vwbunxaz. \u00a0 AQ18ESBANXAZ. \u00a0 AQ18ESBTXAZ. \u00a0 AQ18UBANXAZ. \u00a0 AQ18UBTXAZ. \u00a0 AQ18UWBUXAZ. \u00a0 AS18ESBANXAZ. \u00a0 AS18ESBTXAZ. \u00a0 AS18UBANXAZ. \u00a0 AS18UBTXAZ. \u00a0 AS18UWBUXAZ. \u00a0 AS18UWBUNXAZ.<\/p>\n","protected":false},"featured_media":14139,"comment_status":"open","ping_status":"closed","template":"","meta":{"_kadence_starter_templates_imported_post":false,"_kad_post_transparent":"","_kad_post_title":"","_kad_post_layout":"","_kad_post_sidebar_id":"","_kad_post_content_style":"","_kad_post_vertical_padding":"","_kad_post_feature":"","_kad_post_feature_position":"","_kad_post_header":false,"_kad_post_footer":false,"jetpack_publicize_message":"","jetpack_publicize_feature_enabled":true,"jetpack_social_post_already_shared":true,"jetpack_social_options":{"image_generator_settings":{"template":"highway","default_image_id":0,"font":"","enabled":false},"version":2}},"product_brand":[],"product_cat":[172,186],"product_tag":[],"class_list":{"0":"post-14137","1":"product","2":"type-product","3":"status-publish","4":"has-post-thumbnail","6":"product_cat-painel-carenagem-split","7":"product_cat-samsung","9":"first","10":"instock","11":"shipping-taxable","12":"purchasable","13":"product-type-simple","14":"entry","15":"content-bg","16":"loop-entry"},"yoast_head":"<!-- This site is optimized with the Yoast SEO plugin v27.5 - https:\/\/yoast.com\/product\/yoast-seo-wordpress\/ -->\n<title>Painel carenagem do ar condicionado Samsung AS18UBTXAZ - Loja - Dual Gree Servi\u00e7os | Pe\u00e7as<\/title>\n<meta name=\"robots\" content=\"index, follow, max-snippet:-1, max-image-preview:large, max-video-preview:-1\" \/>\n<link rel=\"canonical\" href=\"https:\/\/dualgree.com.br\/loja\/produto\/painel-carenagem-do-ar-condicionado-samsung-as18ubtxaz\/\" \/>\n<meta property=\"og:locale\" content=\"pt_BR\" \/>\n<meta property=\"og:type\" content=\"article\" \/>\n<meta property=\"og:title\" content=\"Painel carenagem do ar condicionado Samsung AS18UBTXAZ - Loja - Dual Gree Servi\u00e7os | Pe\u00e7as\" \/>\n<meta property=\"og:description\" content=\"IC3117 &#8211; Painel Frontal Carenagem do ar condicionado Samsung AS18UBTXAZ sem aleta defletora de ar \u00a0 compativel com evaporadora que tenha comprimento 89cm, n\u00e3o se confunda\u00a0 Compativel somente nos modelos abaixo. AQ18vwbunxaz. \u00a0 AQ18ESBANXAZ. \u00a0 AQ18ESBTXAZ. \u00a0 AQ18UBANXAZ. \u00a0 AQ18UBTXAZ. \u00a0 AQ18UWBUXAZ. \u00a0 AS18ESBANXAZ. \u00a0 AS18ESBTXAZ. \u00a0 AS18UBANXAZ. \u00a0 AS18UBTXAZ. \u00a0 AS18UWBUXAZ. \u00a0 AS18UWBUNXAZ.\" \/>\n<meta property=\"og:url\" content=\"https:\/\/dualgree.com.br\/loja\/produto\/painel-carenagem-do-ar-condicionado-samsung-as18ubtxaz\/\" \/>\n<meta property=\"og:site_name\" content=\"Loja - Dual Gree Servi\u00e7os | Pe\u00e7as\" \/>\n<meta property=\"article:modified_time\" content=\"2026-02-27T12:27:35+00:00\" \/>\n<meta property=\"og:image\" content=\"https:\/\/dualgree.com.br\/loja\/wp-content\/uploads\/2026\/01\/15421939107-3117-3117-painel-carenagem-samsung-as18ubtxaz-2.webp\" \/>\n\t<meta property=\"og:image:width\" content=\"1280\" \/>\n\t<meta property=\"og:image:height\" content=\"1280\" \/>\n\t<meta property=\"og:image:type\" content=\"image\/jpeg\" \/>\n<meta name=\"twitter:card\" content=\"summary_large_image\" \/>\n<script type=\"application\/ld+json\" class=\"yoast-schema-graph\">{\"@context\":\"https:\\\/\\\/schema.org\",\"@graph\":[{\"@type\":\"WebPage\",\"@id\":\"https:\\\/\\\/dualgree.com.br\\\/loja\\\/produto\\\/painel-carenagem-do-ar-condicionado-samsung-as18ubtxaz\\\/\",\"url\":\"https:\\\/\\\/dualgree.com.br\\\/loja\\\/produto\\\/painel-carenagem-do-ar-condicionado-samsung-as18ubtxaz\\\/\",\"name\":\"Painel carenagem do ar condicionado Samsung AS18UBTXAZ - Loja - Dual Gree Servi\u00e7os | Pe\u00e7as\",\"isPartOf\":{\"@id\":\"https:\\\/\\\/dualgree.com.br\\\/loja\\\/#website\"},\"primaryImageOfPage\":{\"@id\":\"https:\\\/\\\/dualgree.com.br\\\/loja\\\/produto\\\/painel-carenagem-do-ar-condicionado-samsung-as18ubtxaz\\\/#primaryimage\"},\"image\":{\"@id\":\"https:\\\/\\\/dualgree.com.br\\\/loja\\\/produto\\\/painel-carenagem-do-ar-condicionado-samsung-as18ubtxaz\\\/#primaryimage\"},\"thumbnailUrl\":\"https:\\\/\\\/dualgree.com.br\\\/loja\\\/wp-content\\\/uploads\\\/2026\\\/01\\\/15421939092-3117-3117-painel-carenagem-samsung-as18ubtxaz-1.webp\",\"datePublished\":\"2026-01-28T18:15:21+00:00\",\"dateModified\":\"2026-02-27T12:27:35+00:00\",\"breadcrumb\":{\"@id\":\"https:\\\/\\\/dualgree.com.br\\\/loja\\\/produto\\\/painel-carenagem-do-ar-condicionado-samsung-as18ubtxaz\\\/#breadcrumb\"},\"inLanguage\":\"pt-BR\",\"potentialAction\":[{\"@type\":\"ReadAction\",\"target\":[\"https:\\\/\\\/dualgree.com.br\\\/loja\\\/produto\\\/painel-carenagem-do-ar-condicionado-samsung-as18ubtxaz\\\/\"]}]},{\"@type\":\"ImageObject\",\"inLanguage\":\"pt-BR\",\"@id\":\"https:\\\/\\\/dualgree.com.br\\\/loja\\\/produto\\\/painel-carenagem-do-ar-condicionado-samsung-as18ubtxaz\\\/#primaryimage\",\"url\":\"https:\\\/\\\/dualgree.com.br\\\/loja\\\/wp-content\\\/uploads\\\/2026\\\/01\\\/15421939092-3117-3117-painel-carenagem-samsung-as18ubtxaz-1.webp\",\"contentUrl\":\"https:\\\/\\\/dualgree.com.br\\\/loja\\\/wp-content\\\/uploads\\\/2026\\\/01\\\/15421939092-3117-3117-painel-carenagem-samsung-as18ubtxaz-1.webp\",\"width\":1280,\"height\":1280},{\"@type\":\"BreadcrumbList\",\"@id\":\"https:\\\/\\\/dualgree.com.br\\\/loja\\\/produto\\\/painel-carenagem-do-ar-condicionado-samsung-as18ubtxaz\\\/#breadcrumb\",\"itemListElement\":[{\"@type\":\"ListItem\",\"position\":1,\"name\":\"In\u00edcio\",\"item\":\"https:\\\/\\\/dualgree.com.br\\\/loja\\\/\"},{\"@type\":\"ListItem\",\"position\":2,\"name\":\"Loja &#8211; Cat\u00e1logo de Pe\u00e7as\",\"item\":\"https:\\\/\\\/dualgree.com.br\\\/loja\\\/\"},{\"@type\":\"ListItem\",\"position\":3,\"name\":\"Painel carenagem do ar condicionado Samsung AS18UBTXAZ\"}]},{\"@type\":\"WebSite\",\"@id\":\"https:\\\/\\\/dualgree.com.br\\\/loja\\\/#website\",\"url\":\"https:\\\/\\\/dualgree.com.br\\\/loja\\\/\",\"name\":\"Loja - Dual Gree Servi\u00e7os | Partes e Pe\u00e7as\",\"description\":\"Catalogo de Pe\u00e7as para ar condicionado\",\"publisher\":{\"@id\":\"https:\\\/\\\/dualgree.com.br\\\/loja\\\/#organization\"},\"potentialAction\":[{\"@type\":\"SearchAction\",\"target\":{\"@type\":\"EntryPoint\",\"urlTemplate\":\"https:\\\/\\\/dualgree.com.br\\\/loja\\\/?s={search_term_string}\"},\"query-input\":{\"@type\":\"PropertyValueSpecification\",\"valueRequired\":true,\"valueName\":\"search_term_string\"}}],\"inLanguage\":\"pt-BR\"},{\"@type\":\"Organization\",\"@id\":\"https:\\\/\\\/dualgree.com.br\\\/loja\\\/#organization\",\"name\":\"Loja Dual Gree Servi\u00e7o\",\"url\":\"https:\\\/\\\/dualgree.com.br\\\/loja\\\/\",\"logo\":{\"@type\":\"ImageObject\",\"inLanguage\":\"pt-BR\",\"@id\":\"https:\\\/\\\/dualgree.com.br\\\/loja\\\/#\\\/schema\\\/logo\\\/image\\\/\",\"url\":\"https:\\\/\\\/dualgree.com.br\\\/loja\\\/wp-content\\\/uploads\\\/2024\\\/09\\\/teste-logo-ecommerce-dual-1-e1725909304971.png\",\"contentUrl\":\"https:\\\/\\\/dualgree.com.br\\\/loja\\\/wp-content\\\/uploads\\\/2024\\\/09\\\/teste-logo-ecommerce-dual-1-e1725909304971.png\",\"width\":470,\"height\":157,\"caption\":\"Loja Dual Gree Servi\u00e7o\"},\"image\":{\"@id\":\"https:\\\/\\\/dualgree.com.br\\\/loja\\\/#\\\/schema\\\/logo\\\/image\\\/\"}}]}<\/script>\n<!-- \/ Yoast SEO plugin. -->","yoast_head_json":{"title":"Painel carenagem do ar condicionado Samsung AS18UBTXAZ - Loja - Dual Gree Servi\u00e7os | Pe\u00e7as","robots":{"index":"index","follow":"follow","max-snippet":"max-snippet:-1","max-image-preview":"max-image-preview:large","max-video-preview":"max-video-preview:-1"},"canonical":"https:\/\/dualgree.com.br\/loja\/produto\/painel-carenagem-do-ar-condicionado-samsung-as18ubtxaz\/","og_locale":"pt_BR","og_type":"article","og_title":"Painel carenagem do ar condicionado Samsung AS18UBTXAZ - Loja - Dual Gree Servi\u00e7os | Pe\u00e7as","og_description":"IC3117 &#8211; Painel Frontal Carenagem do ar condicionado Samsung AS18UBTXAZ sem aleta defletora de ar \u00a0 compativel com evaporadora que tenha comprimento 89cm, n\u00e3o se confunda\u00a0 Compativel somente nos modelos abaixo. AQ18vwbunxaz. \u00a0 AQ18ESBANXAZ. \u00a0 AQ18ESBTXAZ. \u00a0 AQ18UBANXAZ. \u00a0 AQ18UBTXAZ. \u00a0 AQ18UWBUXAZ. \u00a0 AS18ESBANXAZ. \u00a0 AS18ESBTXAZ. \u00a0 AS18UBANXAZ. \u00a0 AS18UBTXAZ. \u00a0 AS18UWBUXAZ. \u00a0 AS18UWBUNXAZ.","og_url":"https:\/\/dualgree.com.br\/loja\/produto\/painel-carenagem-do-ar-condicionado-samsung-as18ubtxaz\/","og_site_name":"Loja - Dual Gree Servi\u00e7os | Pe\u00e7as","article_modified_time":"2026-02-27T12:27:35+00:00","og_image":[{"width":1280,"height":1280,"url":"https:\/\/dualgree.com.br\/loja\/wp-content\/uploads\/2026\/01\/15421939107-3117-3117-painel-carenagem-samsung-as18ubtxaz-2.webp","type":"image\/jpeg"}],"twitter_card":"summary_large_image","schema":{"@context":"https:\/\/schema.org","@graph":[{"@type":"WebPage","@id":"https:\/\/dualgree.com.br\/loja\/produto\/painel-carenagem-do-ar-condicionado-samsung-as18ubtxaz\/","url":"https:\/\/dualgree.com.br\/loja\/produto\/painel-carenagem-do-ar-condicionado-samsung-as18ubtxaz\/","name":"Painel carenagem do ar condicionado Samsung AS18UBTXAZ - Loja - Dual Gree Servi\u00e7os | Pe\u00e7as","isPartOf":{"@id":"https:\/\/dualgree.com.br\/loja\/#website"},"primaryImageOfPage":{"@id":"https:\/\/dualgree.com.br\/loja\/produto\/painel-carenagem-do-ar-condicionado-samsung-as18ubtxaz\/#primaryimage"},"image":{"@id":"https:\/\/dualgree.com.br\/loja\/produto\/painel-carenagem-do-ar-condicionado-samsung-as18ubtxaz\/#primaryimage"},"thumbnailUrl":"https:\/\/dualgree.com.br\/loja\/wp-content\/uploads\/2026\/01\/15421939092-3117-3117-painel-carenagem-samsung-as18ubtxaz-1.webp","datePublished":"2026-01-28T18:15:21+00:00","dateModified":"2026-02-27T12:27:35+00:00","breadcrumb":{"@id":"https:\/\/dualgree.com.br\/loja\/produto\/painel-carenagem-do-ar-condicionado-samsung-as18ubtxaz\/#breadcrumb"},"inLanguage":"pt-BR","potentialAction":[{"@type":"ReadAction","target":["https:\/\/dualgree.com.br\/loja\/produto\/painel-carenagem-do-ar-condicionado-samsung-as18ubtxaz\/"]}]},{"@type":"ImageObject","inLanguage":"pt-BR","@id":"https:\/\/dualgree.com.br\/loja\/produto\/painel-carenagem-do-ar-condicionado-samsung-as18ubtxaz\/#primaryimage","url":"https:\/\/dualgree.com.br\/loja\/wp-content\/uploads\/2026\/01\/15421939092-3117-3117-painel-carenagem-samsung-as18ubtxaz-1.webp","contentUrl":"https:\/\/dualgree.com.br\/loja\/wp-content\/uploads\/2026\/01\/15421939092-3117-3117-painel-carenagem-samsung-as18ubtxaz-1.webp","width":1280,"height":1280},{"@type":"BreadcrumbList","@id":"https:\/\/dualgree.com.br\/loja\/produto\/painel-carenagem-do-ar-condicionado-samsung-as18ubtxaz\/#breadcrumb","itemListElement":[{"@type":"ListItem","position":1,"name":"In\u00edcio","item":"https:\/\/dualgree.com.br\/loja\/"},{"@type":"ListItem","position":2,"name":"Loja &#8211; Cat\u00e1logo de Pe\u00e7as","item":"https:\/\/dualgree.com.br\/loja\/"},{"@type":"ListItem","position":3,"name":"Painel carenagem do ar condicionado Samsung AS18UBTXAZ"}]},{"@type":"WebSite","@id":"https:\/\/dualgree.com.br\/loja\/#website","url":"https:\/\/dualgree.com.br\/loja\/","name":"Loja - Dual Gree Servi\u00e7os | Partes e Pe\u00e7as","description":"Catalogo de Pe\u00e7as para ar condicionado","publisher":{"@id":"https:\/\/dualgree.com.br\/loja\/#organization"},"potentialAction":[{"@type":"SearchAction","target":{"@type":"EntryPoint","urlTemplate":"https:\/\/dualgree.com.br\/loja\/?s={search_term_string}"},"query-input":{"@type":"PropertyValueSpecification","valueRequired":true,"valueName":"search_term_string"}}],"inLanguage":"pt-BR"},{"@type":"Organization","@id":"https:\/\/dualgree.com.br\/loja\/#organization","name":"Loja Dual Gree Servi\u00e7o","url":"https:\/\/dualgree.com.br\/loja\/","logo":{"@type":"ImageObject","inLanguage":"pt-BR","@id":"https:\/\/dualgree.com.br\/loja\/#\/schema\/logo\/image\/","url":"https:\/\/dualgree.com.br\/loja\/wp-content\/uploads\/2024\/09\/teste-logo-ecommerce-dual-1-e1725909304971.png","contentUrl":"https:\/\/dualgree.com.br\/loja\/wp-content\/uploads\/2024\/09\/teste-logo-ecommerce-dual-1-e1725909304971.png","width":470,"height":157,"caption":"Loja Dual Gree Servi\u00e7o"},"image":{"@id":"https:\/\/dualgree.com.br\/loja\/#\/schema\/logo\/image\/"}}]}},"jetpack_publicize_connections":[],"jetpack_sharing_enabled":true,"jetpack_likes_enabled":true,"_links":{"self":[{"href":"https:\/\/dualgree.com.br\/loja\/wp-json\/wp\/v2\/product\/14137","targetHints":{"allow":["GET"]}}],"collection":[{"href":"https:\/\/dualgree.com.br\/loja\/wp-json\/wp\/v2\/product"}],"about":[{"href":"https:\/\/dualgree.com.br\/loja\/wp-json\/wp\/v2\/types\/product"}],"replies":[{"embeddable":true,"href":"https:\/\/dualgree.com.br\/loja\/wp-json\/wp\/v2\/comments?post=14137"}],"wp:featuredmedia":[{"embeddable":true,"href":"https:\/\/dualgree.com.br\/loja\/wp-json\/wp\/v2\/media\/14139"}],"wp:attachment":[{"href":"https:\/\/dualgree.com.br\/loja\/wp-json\/wp\/v2\/media?parent=14137"}],"wp:term":[{"taxonomy":"product_brand","embeddable":true,"href":"https:\/\/dualgree.com.br\/loja\/wp-json\/wp\/v2\/product_brand?post=14137"},{"taxonomy":"product_cat","embeddable":true,"href":"https:\/\/dualgree.com.br\/loja\/wp-json\/wp\/v2\/product_cat?post=14137"},{"taxonomy":"product_tag","embeddable":true,"href":"https:\/\/dualgree.com.br\/loja\/wp-json\/wp\/v2\/product_tag?post=14137"}],"curies":[{"name":"wp","href":"https:\/\/api.w.org\/{rel}","templated":true}]}}