{"id":2760,"date":"2023-11-10T12:09:31","date_gmt":"2023-11-10T12:09:31","guid":{"rendered":"https:\/\/dualgree.com.br\/loja\/produto\/placa-da-evaporadora-ar-condicionado-fujitsu-asba24lcc\/"},"modified":"2026-04-15T14:38:33","modified_gmt":"2026-04-15T14:38:33","slug":"placa-da-evaporadora-ar-condicionado-fujitsu-asba24lcc","status":"publish","type":"product","link":"https:\/\/dualgree.com.br\/loja\/produto\/placa-da-evaporadora-ar-condicionado-fujitsu-asba24lcc\/","title":{"rendered":"PLACA DA EVAPORADORA AR CONDICIONADO FUJITSU ASBA24LCC"},"content":{"rendered":"","protected":false},"excerpt":{"rendered":"<p>DG645<br \/>S\u00d3 FAZEMOS O ENVIO AP\u00d3S CONFIRMA O MODELO E DEFEITO <\/p>\n<p>PLACA EVAPORADORA FUJITSU ASBA24LCC PLACA NOVA<\/p>\n","protected":false},"featured_media":6374,"comment_status":"open","ping_status":"closed","template":"","meta":{"_kadence_starter_templates_imported_post":false,"_kad_post_transparent":"","_kad_post_title":"","_kad_post_layout":"","_kad_post_sidebar_id":"","_kad_post_content_style":"","_kad_post_vertical_padding":"","_kad_post_feature":"","_kad_post_feature_position":"","_kad_post_header":false,"_kad_post_footer":false,"jetpack_publicize_message":"","jetpack_publicize_feature_enabled":true,"jetpack_social_post_already_shared":false,"jetpack_social_options":{"image_generator_settings":{"template":"highway","default_image_id":0,"font":"","enabled":false},"version":2}},"product_brand":[],"product_cat":[187,196],"product_tag":[],"class_list":{"0":"post-2760","1":"product","2":"type-product","3":"status-publish","4":"has-post-thumbnail","6":"product_cat-fujitsu","7":"product_cat-placa-da-evaporadora-split","9":"first","10":"outofstock","11":"shipping-taxable","12":"purchasable","13":"product-type-simple","14":"entry","15":"content-bg","16":"loop-entry"},"yoast_head":"<!-- This site is optimized with the Yoast SEO plugin v27.4 - https:\/\/yoast.com\/product\/yoast-seo-wordpress\/ -->\n<title>PLACA DA EVAPORADORA AR CONDICIONADO FUJITSU ASBA24LCC - Loja - Dual Gree Servi\u00e7os | Pe\u00e7as<\/title>\n<meta name=\"robots\" content=\"index, follow, max-snippet:-1, max-image-preview:large, max-video-preview:-1\" \/>\n<link rel=\"canonical\" href=\"https:\/\/dualgree.com.br\/loja\/produto\/placa-da-evaporadora-ar-condicionado-fujitsu-asba24lcc\/\" \/>\n<meta property=\"og:locale\" content=\"pt_BR\" \/>\n<meta property=\"og:type\" content=\"article\" \/>\n<meta property=\"og:title\" content=\"PLACA DA EVAPORADORA AR CONDICIONADO FUJITSU ASBA24LCC - Loja - Dual Gree Servi\u00e7os | Pe\u00e7as\" \/>\n<meta property=\"og:description\" content=\"DG645S\u00d3 FAZEMOS O ENVIO AP\u00d3S CONFIRMA O MODELO E DEFEITO PLACA EVAPORADORA FUJITSU ASBA24LCC PLACA NOVA\" \/>\n<meta property=\"og:url\" content=\"https:\/\/dualgree.com.br\/loja\/produto\/placa-da-evaporadora-ar-condicionado-fujitsu-asba24lcc\/\" \/>\n<meta property=\"og:site_name\" content=\"Loja - Dual Gree Servi\u00e7os | Pe\u00e7as\" \/>\n<meta property=\"article:modified_time\" content=\"2026-04-15T14:38:33+00:00\" \/>\n<meta property=\"og:image\" content=\"https:\/\/dualgree.com.br\/loja\/wp-content\/uploads\/2023\/11\/15111930727_DG645-PLACA_CONTROLE_EVAPORADORA_FUJITSU-INVERTER_ASBA24LCC-removebg-preview.png\" \/>\n\t<meta property=\"og:image:width\" content=\"800\" \/>\n\t<meta property=\"og:image:height\" content=\"800\" \/>\n\t<meta property=\"og:image:type\" content=\"image\/png\" \/>\n<meta name=\"twitter:card\" content=\"summary_large_image\" \/>\n<script type=\"application\/ld+json\" class=\"yoast-schema-graph\">{\"@context\":\"https:\\\/\\\/schema.org\",\"@graph\":[{\"@type\":\"WebPage\",\"@id\":\"https:\\\/\\\/dualgree.com.br\\\/loja\\\/produto\\\/placa-da-evaporadora-ar-condicionado-fujitsu-asba24lcc\\\/\",\"url\":\"https:\\\/\\\/dualgree.com.br\\\/loja\\\/produto\\\/placa-da-evaporadora-ar-condicionado-fujitsu-asba24lcc\\\/\",\"name\":\"PLACA DA EVAPORADORA AR CONDICIONADO FUJITSU ASBA24LCC - Loja - Dual Gree Servi\u00e7os | Pe\u00e7as\",\"isPartOf\":{\"@id\":\"https:\\\/\\\/dualgree.com.br\\\/loja\\\/#website\"},\"primaryImageOfPage\":{\"@id\":\"https:\\\/\\\/dualgree.com.br\\\/loja\\\/produto\\\/placa-da-evaporadora-ar-condicionado-fujitsu-asba24lcc\\\/#primaryimage\"},\"image\":{\"@id\":\"https:\\\/\\\/dualgree.com.br\\\/loja\\\/produto\\\/placa-da-evaporadora-ar-condicionado-fujitsu-asba24lcc\\\/#primaryimage\"},\"thumbnailUrl\":\"https:\\\/\\\/dualgree.com.br\\\/loja\\\/wp-content\\\/uploads\\\/2024\\\/09\\\/15296478028-645-placa-da-evaporadora-ar-condicionado-fujitsu-asba24lcc.jpeg\",\"datePublished\":\"2023-11-10T12:09:31+00:00\",\"dateModified\":\"2026-04-15T14:38:33+00:00\",\"breadcrumb\":{\"@id\":\"https:\\\/\\\/dualgree.com.br\\\/loja\\\/produto\\\/placa-da-evaporadora-ar-condicionado-fujitsu-asba24lcc\\\/#breadcrumb\"},\"inLanguage\":\"pt-BR\",\"potentialAction\":[{\"@type\":\"ReadAction\",\"target\":[\"https:\\\/\\\/dualgree.com.br\\\/loja\\\/produto\\\/placa-da-evaporadora-ar-condicionado-fujitsu-asba24lcc\\\/\"]}]},{\"@type\":\"ImageObject\",\"inLanguage\":\"pt-BR\",\"@id\":\"https:\\\/\\\/dualgree.com.br\\\/loja\\\/produto\\\/placa-da-evaporadora-ar-condicionado-fujitsu-asba24lcc\\\/#primaryimage\",\"url\":\"https:\\\/\\\/dualgree.com.br\\\/loja\\\/wp-content\\\/uploads\\\/2024\\\/09\\\/15296478028-645-placa-da-evaporadora-ar-condicionado-fujitsu-asba24lcc.jpeg\",\"contentUrl\":\"https:\\\/\\\/dualgree.com.br\\\/loja\\\/wp-content\\\/uploads\\\/2024\\\/09\\\/15296478028-645-placa-da-evaporadora-ar-condicionado-fujitsu-asba24lcc.jpeg\",\"width\":1280,\"height\":1280},{\"@type\":\"BreadcrumbList\",\"@id\":\"https:\\\/\\\/dualgree.com.br\\\/loja\\\/produto\\\/placa-da-evaporadora-ar-condicionado-fujitsu-asba24lcc\\\/#breadcrumb\",\"itemListElement\":[{\"@type\":\"ListItem\",\"position\":1,\"name\":\"In\u00edcio\",\"item\":\"https:\\\/\\\/dualgree.com.br\\\/loja\\\/\"},{\"@type\":\"ListItem\",\"position\":2,\"name\":\"Loja &#8211; Cat\u00e1logo de Pe\u00e7as\",\"item\":\"https:\\\/\\\/dualgree.com.br\\\/loja\\\/\"},{\"@type\":\"ListItem\",\"position\":3,\"name\":\"PLACA DA EVAPORADORA AR CONDICIONADO FUJITSU ASBA24LCC\"}]},{\"@type\":\"WebSite\",\"@id\":\"https:\\\/\\\/dualgree.com.br\\\/loja\\\/#website\",\"url\":\"https:\\\/\\\/dualgree.com.br\\\/loja\\\/\",\"name\":\"Loja - Dual Gree Servi\u00e7os | Partes e Pe\u00e7as\",\"description\":\"Catalogo de Pe\u00e7as para ar condicionado\",\"publisher\":{\"@id\":\"https:\\\/\\\/dualgree.com.br\\\/loja\\\/#organization\"},\"potentialAction\":[{\"@type\":\"SearchAction\",\"target\":{\"@type\":\"EntryPoint\",\"urlTemplate\":\"https:\\\/\\\/dualgree.com.br\\\/loja\\\/?s={search_term_string}\"},\"query-input\":{\"@type\":\"PropertyValueSpecification\",\"valueRequired\":true,\"valueName\":\"search_term_string\"}}],\"inLanguage\":\"pt-BR\"},{\"@type\":\"Organization\",\"@id\":\"https:\\\/\\\/dualgree.com.br\\\/loja\\\/#organization\",\"name\":\"Loja Dual Gree Servi\u00e7o\",\"url\":\"https:\\\/\\\/dualgree.com.br\\\/loja\\\/\",\"logo\":{\"@type\":\"ImageObject\",\"inLanguage\":\"pt-BR\",\"@id\":\"https:\\\/\\\/dualgree.com.br\\\/loja\\\/#\\\/schema\\\/logo\\\/image\\\/\",\"url\":\"https:\\\/\\\/dualgree.com.br\\\/loja\\\/wp-content\\\/uploads\\\/2024\\\/09\\\/teste-logo-ecommerce-dual-1-e1725909304971.png\",\"contentUrl\":\"https:\\\/\\\/dualgree.com.br\\\/loja\\\/wp-content\\\/uploads\\\/2024\\\/09\\\/teste-logo-ecommerce-dual-1-e1725909304971.png\",\"width\":470,\"height\":157,\"caption\":\"Loja Dual Gree Servi\u00e7o\"},\"image\":{\"@id\":\"https:\\\/\\\/dualgree.com.br\\\/loja\\\/#\\\/schema\\\/logo\\\/image\\\/\"}}]}<\/script>\n<!-- \/ Yoast SEO plugin. -->","yoast_head_json":{"title":"PLACA DA EVAPORADORA AR CONDICIONADO FUJITSU ASBA24LCC - Loja - Dual Gree Servi\u00e7os | Pe\u00e7as","robots":{"index":"index","follow":"follow","max-snippet":"max-snippet:-1","max-image-preview":"max-image-preview:large","max-video-preview":"max-video-preview:-1"},"canonical":"https:\/\/dualgree.com.br\/loja\/produto\/placa-da-evaporadora-ar-condicionado-fujitsu-asba24lcc\/","og_locale":"pt_BR","og_type":"article","og_title":"PLACA DA EVAPORADORA AR CONDICIONADO FUJITSU ASBA24LCC - Loja - Dual Gree Servi\u00e7os | Pe\u00e7as","og_description":"DG645S\u00d3 FAZEMOS O ENVIO AP\u00d3S CONFIRMA O MODELO E DEFEITO PLACA EVAPORADORA FUJITSU ASBA24LCC PLACA NOVA","og_url":"https:\/\/dualgree.com.br\/loja\/produto\/placa-da-evaporadora-ar-condicionado-fujitsu-asba24lcc\/","og_site_name":"Loja - Dual Gree Servi\u00e7os | Pe\u00e7as","article_modified_time":"2026-04-15T14:38:33+00:00","og_image":[{"width":800,"height":800,"url":"https:\/\/dualgree.com.br\/loja\/wp-content\/uploads\/2023\/11\/15111930727_DG645-PLACA_CONTROLE_EVAPORADORA_FUJITSU-INVERTER_ASBA24LCC-removebg-preview.png","type":"image\/png"}],"twitter_card":"summary_large_image","schema":{"@context":"https:\/\/schema.org","@graph":[{"@type":"WebPage","@id":"https:\/\/dualgree.com.br\/loja\/produto\/placa-da-evaporadora-ar-condicionado-fujitsu-asba24lcc\/","url":"https:\/\/dualgree.com.br\/loja\/produto\/placa-da-evaporadora-ar-condicionado-fujitsu-asba24lcc\/","name":"PLACA DA EVAPORADORA AR CONDICIONADO FUJITSU ASBA24LCC - Loja - Dual Gree Servi\u00e7os | Pe\u00e7as","isPartOf":{"@id":"https:\/\/dualgree.com.br\/loja\/#website"},"primaryImageOfPage":{"@id":"https:\/\/dualgree.com.br\/loja\/produto\/placa-da-evaporadora-ar-condicionado-fujitsu-asba24lcc\/#primaryimage"},"image":{"@id":"https:\/\/dualgree.com.br\/loja\/produto\/placa-da-evaporadora-ar-condicionado-fujitsu-asba24lcc\/#primaryimage"},"thumbnailUrl":"https:\/\/dualgree.com.br\/loja\/wp-content\/uploads\/2024\/09\/15296478028-645-placa-da-evaporadora-ar-condicionado-fujitsu-asba24lcc.jpeg","datePublished":"2023-11-10T12:09:31+00:00","dateModified":"2026-04-15T14:38:33+00:00","breadcrumb":{"@id":"https:\/\/dualgree.com.br\/loja\/produto\/placa-da-evaporadora-ar-condicionado-fujitsu-asba24lcc\/#breadcrumb"},"inLanguage":"pt-BR","potentialAction":[{"@type":"ReadAction","target":["https:\/\/dualgree.com.br\/loja\/produto\/placa-da-evaporadora-ar-condicionado-fujitsu-asba24lcc\/"]}]},{"@type":"ImageObject","inLanguage":"pt-BR","@id":"https:\/\/dualgree.com.br\/loja\/produto\/placa-da-evaporadora-ar-condicionado-fujitsu-asba24lcc\/#primaryimage","url":"https:\/\/dualgree.com.br\/loja\/wp-content\/uploads\/2024\/09\/15296478028-645-placa-da-evaporadora-ar-condicionado-fujitsu-asba24lcc.jpeg","contentUrl":"https:\/\/dualgree.com.br\/loja\/wp-content\/uploads\/2024\/09\/15296478028-645-placa-da-evaporadora-ar-condicionado-fujitsu-asba24lcc.jpeg","width":1280,"height":1280},{"@type":"BreadcrumbList","@id":"https:\/\/dualgree.com.br\/loja\/produto\/placa-da-evaporadora-ar-condicionado-fujitsu-asba24lcc\/#breadcrumb","itemListElement":[{"@type":"ListItem","position":1,"name":"In\u00edcio","item":"https:\/\/dualgree.com.br\/loja\/"},{"@type":"ListItem","position":2,"name":"Loja &#8211; Cat\u00e1logo de Pe\u00e7as","item":"https:\/\/dualgree.com.br\/loja\/"},{"@type":"ListItem","position":3,"name":"PLACA DA EVAPORADORA AR CONDICIONADO FUJITSU ASBA24LCC"}]},{"@type":"WebSite","@id":"https:\/\/dualgree.com.br\/loja\/#website","url":"https:\/\/dualgree.com.br\/loja\/","name":"Loja - Dual Gree Servi\u00e7os | Partes e Pe\u00e7as","description":"Catalogo de Pe\u00e7as para ar condicionado","publisher":{"@id":"https:\/\/dualgree.com.br\/loja\/#organization"},"potentialAction":[{"@type":"SearchAction","target":{"@type":"EntryPoint","urlTemplate":"https:\/\/dualgree.com.br\/loja\/?s={search_term_string}"},"query-input":{"@type":"PropertyValueSpecification","valueRequired":true,"valueName":"search_term_string"}}],"inLanguage":"pt-BR"},{"@type":"Organization","@id":"https:\/\/dualgree.com.br\/loja\/#organization","name":"Loja Dual Gree Servi\u00e7o","url":"https:\/\/dualgree.com.br\/loja\/","logo":{"@type":"ImageObject","inLanguage":"pt-BR","@id":"https:\/\/dualgree.com.br\/loja\/#\/schema\/logo\/image\/","url":"https:\/\/dualgree.com.br\/loja\/wp-content\/uploads\/2024\/09\/teste-logo-ecommerce-dual-1-e1725909304971.png","contentUrl":"https:\/\/dualgree.com.br\/loja\/wp-content\/uploads\/2024\/09\/teste-logo-ecommerce-dual-1-e1725909304971.png","width":470,"height":157,"caption":"Loja Dual Gree Servi\u00e7o"},"image":{"@id":"https:\/\/dualgree.com.br\/loja\/#\/schema\/logo\/image\/"}}]}},"jetpack_publicize_connections":[],"jetpack_sharing_enabled":true,"jetpack_likes_enabled":true,"_links":{"self":[{"href":"https:\/\/dualgree.com.br\/loja\/wp-json\/wp\/v2\/product\/2760","targetHints":{"allow":["GET"]}}],"collection":[{"href":"https:\/\/dualgree.com.br\/loja\/wp-json\/wp\/v2\/product"}],"about":[{"href":"https:\/\/dualgree.com.br\/loja\/wp-json\/wp\/v2\/types\/product"}],"replies":[{"embeddable":true,"href":"https:\/\/dualgree.com.br\/loja\/wp-json\/wp\/v2\/comments?post=2760"}],"wp:featuredmedia":[{"embeddable":true,"href":"https:\/\/dualgree.com.br\/loja\/wp-json\/wp\/v2\/media\/6374"}],"wp:attachment":[{"href":"https:\/\/dualgree.com.br\/loja\/wp-json\/wp\/v2\/media?parent=2760"}],"wp:term":[{"taxonomy":"product_brand","embeddable":true,"href":"https:\/\/dualgree.com.br\/loja\/wp-json\/wp\/v2\/product_brand?post=2760"},{"taxonomy":"product_cat","embeddable":true,"href":"https:\/\/dualgree.com.br\/loja\/wp-json\/wp\/v2\/product_cat?post=2760"},{"taxonomy":"product_tag","embeddable":true,"href":"https:\/\/dualgree.com.br\/loja\/wp-json\/wp\/v2\/product_tag?post=2760"}],"curies":[{"name":"wp","href":"https:\/\/api.w.org\/{rel}","templated":true}]}}