{"id":3060,"date":"2023-12-03T16:00:55","date_gmt":"2023-12-03T16:00:55","guid":{"rendered":"https:\/\/dualgree.com.br\/loja\/?post_type=product&#038;p=3060"},"modified":"2024-03-28T20:47:45","modified_gmt":"2024-03-28T20:47:45","slug":"conjunto-de-cabos-ar-condicionado-compativel-com-lg","status":"publish","type":"product","link":"https:\/\/dualgree.com.br\/loja\/produto\/conjunto-de-cabos-ar-condicionado-compativel-com-lg\/","title":{"rendered":"Conjunto de cabos Ar condicionado compativel com LG"},"content":{"rendered":"<p><span style=\"vertical-align: inherit;\"><span style=\"vertical-align: inherit;\">Conjunto de cabos Ar condicionado generico compativel com LG<\/span><\/span><\/p>\n<p>Garantia 90 dias apos recebimento!<\/p>\n<p>Marca apresentada somente para referenciar compatibilidade<\/p>\n<p>PLACA RECEPTORA DISPLAY PARA AR CONDICIONADO DUAL INVERTER<\/p>\n<p><span style=\"vertical-align: inherit;\"><span style=\"vertical-align: inherit;\">S4NQ09WA51A <\/span><\/span><br \/>\n<span style=\"vertical-align: inherit;\"><span style=\"vertical-align: inherit;\">S4NQ09WA51B <\/span><\/span><br \/>\n<span style=\"vertical-align: inherit;\"><span style=\"vertical-align: inherit;\">S4NQ09WA51C <\/span><\/span><br \/>\n<span style=\"vertical-align: inherit;\"><span style=\"vertical-align: inherit;\">S4NQ09WA5AA <\/span><\/span><br \/>\n<span style=\"vertical-align: inherit;\"><span style=\"vertical-align: inherit;\">S4NQ09WA5AC <\/span><\/span><br \/>\n<span style=\"vertical-align: inherit;\"><span style=\"vertical-align: inherit;\">S4NW09WA51A <\/span><\/span><br \/>\n<span style=\"vertical-align: inherit;\"><span style=\"vertical-align: inherit;\">S4NW09WA5WA <\/span><\/span><br \/>\n<span style=\"vertical-align: inherit;\"><span style=\"vertical-align: inherit;\">S4NW09WA5WB<\/span><\/span><\/p>\n<p>PLACA RECEPTORA DISPLAY PARA AR CONDICIONADO ANTIGO<br \/>\nTSNC072W4W0<br \/>\nTSNC092W4W0<br \/>\nTSNC122H4W0<br \/>\nTSNC182M4W0<br \/>\nTSNH072W4W0<br \/>\nTSNH092H4W0<br \/>\nTSNH122H4W0<br \/>\nTSNH182M4W0<br \/>\nUSNC072W4W0<br \/>\nUSNQ092WSA0<br \/>\nUSNQ092WSZ2<br \/>\nUSNQ122HSA0<br \/>\nUSNQ182CSG3<br \/>\nUSNQ182CSZ2<br \/>\nUSNQ242CSG3<br \/>\nUSNQ242CSZ2<br \/>\nUSNW092WSZ2<br \/>\nUSNW092WSZ2<br \/>\nUSNW122BSZ2<br \/>\nUSNW122HSG3<br \/>\nUSNW182CSG3<br \/>\nUSNW182CSZ2<br \/>\nUSNW242CSZ2<br \/>\nTSNC092B4A0<br \/>\nTSNC092B4A0<br \/>\nTSNC122B4A0<br \/>\nTSNC122B4A0<br \/>\nTSNC182C4A0<br \/>\nTSNC242C4A0<br \/>\nTSNH072W4A0<br \/>\nTSNH092B4A0<br \/>\nTSNH122B4A0<br \/>\nTSNH122B4A0<br \/>\nTSNH182C4A0<br \/>\nTSNH182C4A0<br \/>\nTSNH242C4A0<br \/>\nUSNQ122BSZ2<\/p>\n","protected":false},"excerpt":{"rendered":"<p>Conserte o erro de recep\u00e7\u00e3o do controle remoto. Com este conjunto de cabos para sua placa display<\/p>\n","protected":false},"featured_media":3048,"comment_status":"open","ping_status":"closed","template":"","meta":{"_kadence_starter_templates_imported_post":false,"_kad_post_transparent":"","_kad_post_title":"","_kad_post_layout":"","_kad_post_sidebar_id":"","_kad_post_content_style":"","_kad_post_vertical_padding":"","_kad_post_feature":"","_kad_post_feature_position":"","_kad_post_header":false,"_kad_post_footer":false,"jetpack_publicize_message":"","jetpack_publicize_feature_enabled":true,"jetpack_social_post_already_shared":false,"jetpack_social_options":{"image_generator_settings":{"template":"highway","default_image_id":0,"font":"","enabled":false},"version":2}},"product_brand":[],"product_cat":[204,211,192],"product_tag":[133],"class_list":{"0":"post-3060","1":"product","2":"type-product","3":"status-publish","4":"has-post-thumbnail","6":"product_cat-cabos-split","7":"product_cat-genericos","8":"product_cat-placa-display-split","9":"product_tag-placa-display-para-ar-condicionado-lg-em-sao-paulo","11":"first","12":"instock","13":"sale","14":"shipping-taxable","15":"purchasable","16":"product-type-simple","17":"entry","18":"content-bg","19":"loop-entry"},"yoast_head":"<!-- This site is optimized with the Yoast SEO plugin v27.5 - https:\/\/yoast.com\/product\/yoast-seo-wordpress\/ -->\n<title>Conjunto de cabos Ar condicionado compativel com LG - Loja - Dual Gree Servi\u00e7os | Pe\u00e7as<\/title>\n<meta name=\"description\" content=\"Conjunto de cabos Ar condicionado generico compativel com LG. recupere o funcionamento do seu equipamento com partes e pe\u00e7as\" \/>\n<meta name=\"robots\" content=\"index, follow, max-snippet:-1, max-image-preview:large, max-video-preview:-1\" \/>\n<link rel=\"canonical\" href=\"https:\/\/dualgree.com.br\/loja\/produto\/conjunto-de-cabos-ar-condicionado-compativel-com-lg\/\" \/>\n<meta property=\"og:locale\" content=\"pt_BR\" \/>\n<meta property=\"og:type\" content=\"article\" \/>\n<meta property=\"og:title\" content=\"Conjunto de cabos Ar condicionado compativel com LG - Loja - Dual Gree Servi\u00e7os | Pe\u00e7as\" \/>\n<meta property=\"og:description\" content=\"Conjunto de cabos Ar condicionado generico compativel com LG. recupere o funcionamento do seu equipamento com partes e pe\u00e7as\" \/>\n<meta property=\"og:url\" content=\"https:\/\/dualgree.com.br\/loja\/produto\/conjunto-de-cabos-ar-condicionado-compativel-com-lg\/\" \/>\n<meta property=\"og:site_name\" content=\"Loja - Dual Gree Servi\u00e7os | Pe\u00e7as\" \/>\n<meta property=\"article:modified_time\" content=\"2024-03-28T20:47:45+00:00\" \/>\n<meta property=\"og:image\" content=\"https:\/\/dualgree.com.br\/loja\/wp-content\/uploads\/2023\/12\/kit-2750-cabos-lg-generico.png\" \/>\n\t<meta property=\"og:image:width\" content=\"1200\" \/>\n\t<meta property=\"og:image:height\" content=\"1200\" \/>\n\t<meta property=\"og:image:type\" content=\"image\/png\" \/>\n<meta name=\"twitter:card\" content=\"summary_large_image\" \/>\n<meta name=\"twitter:label1\" content=\"Est. tempo de leitura\" \/>\n\t<meta name=\"twitter:data1\" content=\"1 minuto\" \/>\n<script type=\"application\/ld+json\" class=\"yoast-schema-graph\">{\"@context\":\"https:\\\/\\\/schema.org\",\"@graph\":[{\"@type\":\"WebPage\",\"@id\":\"https:\\\/\\\/dualgree.com.br\\\/loja\\\/produto\\\/conjunto-de-cabos-ar-condicionado-compativel-com-lg\\\/\",\"url\":\"https:\\\/\\\/dualgree.com.br\\\/loja\\\/produto\\\/conjunto-de-cabos-ar-condicionado-compativel-com-lg\\\/\",\"name\":\"Conjunto de cabos Ar condicionado compativel com LG - Loja - Dual Gree Servi\u00e7os | Pe\u00e7as\",\"isPartOf\":{\"@id\":\"https:\\\/\\\/dualgree.com.br\\\/loja\\\/#website\"},\"primaryImageOfPage\":{\"@id\":\"https:\\\/\\\/dualgree.com.br\\\/loja\\\/produto\\\/conjunto-de-cabos-ar-condicionado-compativel-com-lg\\\/#primaryimage\"},\"image\":{\"@id\":\"https:\\\/\\\/dualgree.com.br\\\/loja\\\/produto\\\/conjunto-de-cabos-ar-condicionado-compativel-com-lg\\\/#primaryimage\"},\"thumbnailUrl\":\"https:\\\/\\\/dualgree.com.br\\\/loja\\\/wp-content\\\/uploads\\\/2023\\\/12\\\/kit-2750-cabos-lg-generico.png\",\"datePublished\":\"2023-12-03T16:00:55+00:00\",\"dateModified\":\"2024-03-28T20:47:45+00:00\",\"description\":\"Conjunto de cabos Ar condicionado generico compativel com LG. recupere o funcionamento do seu equipamento com partes e pe\u00e7as\",\"breadcrumb\":{\"@id\":\"https:\\\/\\\/dualgree.com.br\\\/loja\\\/produto\\\/conjunto-de-cabos-ar-condicionado-compativel-com-lg\\\/#breadcrumb\"},\"inLanguage\":\"pt-BR\",\"potentialAction\":[{\"@type\":\"ReadAction\",\"target\":[\"https:\\\/\\\/dualgree.com.br\\\/loja\\\/produto\\\/conjunto-de-cabos-ar-condicionado-compativel-com-lg\\\/\"]}]},{\"@type\":\"ImageObject\",\"inLanguage\":\"pt-BR\",\"@id\":\"https:\\\/\\\/dualgree.com.br\\\/loja\\\/produto\\\/conjunto-de-cabos-ar-condicionado-compativel-com-lg\\\/#primaryimage\",\"url\":\"https:\\\/\\\/dualgree.com.br\\\/loja\\\/wp-content\\\/uploads\\\/2023\\\/12\\\/kit-2750-cabos-lg-generico.png\",\"contentUrl\":\"https:\\\/\\\/dualgree.com.br\\\/loja\\\/wp-content\\\/uploads\\\/2023\\\/12\\\/kit-2750-cabos-lg-generico.png\",\"width\":1200,\"height\":1200,\"caption\":\"cabos-ar condicionado-lg-generico\"},{\"@type\":\"BreadcrumbList\",\"@id\":\"https:\\\/\\\/dualgree.com.br\\\/loja\\\/produto\\\/conjunto-de-cabos-ar-condicionado-compativel-com-lg\\\/#breadcrumb\",\"itemListElement\":[{\"@type\":\"ListItem\",\"position\":1,\"name\":\"In\u00edcio\",\"item\":\"https:\\\/\\\/dualgree.com.br\\\/loja\\\/\"},{\"@type\":\"ListItem\",\"position\":2,\"name\":\"Loja &#8211; Cat\u00e1logo de Pe\u00e7as\",\"item\":\"https:\\\/\\\/dualgree.com.br\\\/loja\\\/\"},{\"@type\":\"ListItem\",\"position\":3,\"name\":\"Conjunto de cabos Ar condicionado compativel com LG\"}]},{\"@type\":\"WebSite\",\"@id\":\"https:\\\/\\\/dualgree.com.br\\\/loja\\\/#website\",\"url\":\"https:\\\/\\\/dualgree.com.br\\\/loja\\\/\",\"name\":\"Loja - Dual Gree Servi\u00e7os | Partes e Pe\u00e7as\",\"description\":\"Catalogo de Pe\u00e7as para ar condicionado\",\"publisher\":{\"@id\":\"https:\\\/\\\/dualgree.com.br\\\/loja\\\/#organization\"},\"potentialAction\":[{\"@type\":\"SearchAction\",\"target\":{\"@type\":\"EntryPoint\",\"urlTemplate\":\"https:\\\/\\\/dualgree.com.br\\\/loja\\\/?s={search_term_string}\"},\"query-input\":{\"@type\":\"PropertyValueSpecification\",\"valueRequired\":true,\"valueName\":\"search_term_string\"}}],\"inLanguage\":\"pt-BR\"},{\"@type\":\"Organization\",\"@id\":\"https:\\\/\\\/dualgree.com.br\\\/loja\\\/#organization\",\"name\":\"Loja Dual Gree Servi\u00e7o\",\"url\":\"https:\\\/\\\/dualgree.com.br\\\/loja\\\/\",\"logo\":{\"@type\":\"ImageObject\",\"inLanguage\":\"pt-BR\",\"@id\":\"https:\\\/\\\/dualgree.com.br\\\/loja\\\/#\\\/schema\\\/logo\\\/image\\\/\",\"url\":\"https:\\\/\\\/dualgree.com.br\\\/loja\\\/wp-content\\\/uploads\\\/2024\\\/09\\\/teste-logo-ecommerce-dual-1-e1725909304971.png\",\"contentUrl\":\"https:\\\/\\\/dualgree.com.br\\\/loja\\\/wp-content\\\/uploads\\\/2024\\\/09\\\/teste-logo-ecommerce-dual-1-e1725909304971.png\",\"width\":470,\"height\":157,\"caption\":\"Loja Dual Gree Servi\u00e7o\"},\"image\":{\"@id\":\"https:\\\/\\\/dualgree.com.br\\\/loja\\\/#\\\/schema\\\/logo\\\/image\\\/\"}}]}<\/script>\n<!-- \/ Yoast SEO plugin. -->","yoast_head_json":{"title":"Conjunto de cabos Ar condicionado compativel com LG - Loja - Dual Gree Servi\u00e7os | Pe\u00e7as","description":"Conjunto de cabos Ar condicionado generico compativel com LG. recupere o funcionamento do seu equipamento com partes e pe\u00e7as","robots":{"index":"index","follow":"follow","max-snippet":"max-snippet:-1","max-image-preview":"max-image-preview:large","max-video-preview":"max-video-preview:-1"},"canonical":"https:\/\/dualgree.com.br\/loja\/produto\/conjunto-de-cabos-ar-condicionado-compativel-com-lg\/","og_locale":"pt_BR","og_type":"article","og_title":"Conjunto de cabos Ar condicionado compativel com LG - Loja - Dual Gree Servi\u00e7os | Pe\u00e7as","og_description":"Conjunto de cabos Ar condicionado generico compativel com LG. recupere o funcionamento do seu equipamento com partes e pe\u00e7as","og_url":"https:\/\/dualgree.com.br\/loja\/produto\/conjunto-de-cabos-ar-condicionado-compativel-com-lg\/","og_site_name":"Loja - Dual Gree Servi\u00e7os | Pe\u00e7as","article_modified_time":"2024-03-28T20:47:45+00:00","og_image":[{"width":1200,"height":1200,"url":"https:\/\/dualgree.com.br\/loja\/wp-content\/uploads\/2023\/12\/kit-2750-cabos-lg-generico.png","type":"image\/png"}],"twitter_card":"summary_large_image","twitter_misc":{"Est. tempo de leitura":"1 minuto"},"schema":{"@context":"https:\/\/schema.org","@graph":[{"@type":"WebPage","@id":"https:\/\/dualgree.com.br\/loja\/produto\/conjunto-de-cabos-ar-condicionado-compativel-com-lg\/","url":"https:\/\/dualgree.com.br\/loja\/produto\/conjunto-de-cabos-ar-condicionado-compativel-com-lg\/","name":"Conjunto de cabos Ar condicionado compativel com LG - Loja - Dual Gree Servi\u00e7os | Pe\u00e7as","isPartOf":{"@id":"https:\/\/dualgree.com.br\/loja\/#website"},"primaryImageOfPage":{"@id":"https:\/\/dualgree.com.br\/loja\/produto\/conjunto-de-cabos-ar-condicionado-compativel-com-lg\/#primaryimage"},"image":{"@id":"https:\/\/dualgree.com.br\/loja\/produto\/conjunto-de-cabos-ar-condicionado-compativel-com-lg\/#primaryimage"},"thumbnailUrl":"https:\/\/dualgree.com.br\/loja\/wp-content\/uploads\/2023\/12\/kit-2750-cabos-lg-generico.png","datePublished":"2023-12-03T16:00:55+00:00","dateModified":"2024-03-28T20:47:45+00:00","description":"Conjunto de cabos Ar condicionado generico compativel com LG. recupere o funcionamento do seu equipamento com partes e pe\u00e7as","breadcrumb":{"@id":"https:\/\/dualgree.com.br\/loja\/produto\/conjunto-de-cabos-ar-condicionado-compativel-com-lg\/#breadcrumb"},"inLanguage":"pt-BR","potentialAction":[{"@type":"ReadAction","target":["https:\/\/dualgree.com.br\/loja\/produto\/conjunto-de-cabos-ar-condicionado-compativel-com-lg\/"]}]},{"@type":"ImageObject","inLanguage":"pt-BR","@id":"https:\/\/dualgree.com.br\/loja\/produto\/conjunto-de-cabos-ar-condicionado-compativel-com-lg\/#primaryimage","url":"https:\/\/dualgree.com.br\/loja\/wp-content\/uploads\/2023\/12\/kit-2750-cabos-lg-generico.png","contentUrl":"https:\/\/dualgree.com.br\/loja\/wp-content\/uploads\/2023\/12\/kit-2750-cabos-lg-generico.png","width":1200,"height":1200,"caption":"cabos-ar condicionado-lg-generico"},{"@type":"BreadcrumbList","@id":"https:\/\/dualgree.com.br\/loja\/produto\/conjunto-de-cabos-ar-condicionado-compativel-com-lg\/#breadcrumb","itemListElement":[{"@type":"ListItem","position":1,"name":"In\u00edcio","item":"https:\/\/dualgree.com.br\/loja\/"},{"@type":"ListItem","position":2,"name":"Loja &#8211; Cat\u00e1logo de Pe\u00e7as","item":"https:\/\/dualgree.com.br\/loja\/"},{"@type":"ListItem","position":3,"name":"Conjunto de cabos Ar condicionado compativel com LG"}]},{"@type":"WebSite","@id":"https:\/\/dualgree.com.br\/loja\/#website","url":"https:\/\/dualgree.com.br\/loja\/","name":"Loja - Dual Gree Servi\u00e7os | Partes e Pe\u00e7as","description":"Catalogo de Pe\u00e7as para ar condicionado","publisher":{"@id":"https:\/\/dualgree.com.br\/loja\/#organization"},"potentialAction":[{"@type":"SearchAction","target":{"@type":"EntryPoint","urlTemplate":"https:\/\/dualgree.com.br\/loja\/?s={search_term_string}"},"query-input":{"@type":"PropertyValueSpecification","valueRequired":true,"valueName":"search_term_string"}}],"inLanguage":"pt-BR"},{"@type":"Organization","@id":"https:\/\/dualgree.com.br\/loja\/#organization","name":"Loja Dual Gree Servi\u00e7o","url":"https:\/\/dualgree.com.br\/loja\/","logo":{"@type":"ImageObject","inLanguage":"pt-BR","@id":"https:\/\/dualgree.com.br\/loja\/#\/schema\/logo\/image\/","url":"https:\/\/dualgree.com.br\/loja\/wp-content\/uploads\/2024\/09\/teste-logo-ecommerce-dual-1-e1725909304971.png","contentUrl":"https:\/\/dualgree.com.br\/loja\/wp-content\/uploads\/2024\/09\/teste-logo-ecommerce-dual-1-e1725909304971.png","width":470,"height":157,"caption":"Loja Dual Gree Servi\u00e7o"},"image":{"@id":"https:\/\/dualgree.com.br\/loja\/#\/schema\/logo\/image\/"}}]}},"jetpack_publicize_connections":[],"jetpack_sharing_enabled":true,"jetpack_likes_enabled":true,"_links":{"self":[{"href":"https:\/\/dualgree.com.br\/loja\/wp-json\/wp\/v2\/product\/3060","targetHints":{"allow":["GET"]}}],"collection":[{"href":"https:\/\/dualgree.com.br\/loja\/wp-json\/wp\/v2\/product"}],"about":[{"href":"https:\/\/dualgree.com.br\/loja\/wp-json\/wp\/v2\/types\/product"}],"replies":[{"embeddable":true,"href":"https:\/\/dualgree.com.br\/loja\/wp-json\/wp\/v2\/comments?post=3060"}],"wp:featuredmedia":[{"embeddable":true,"href":"https:\/\/dualgree.com.br\/loja\/wp-json\/wp\/v2\/media\/3048"}],"wp:attachment":[{"href":"https:\/\/dualgree.com.br\/loja\/wp-json\/wp\/v2\/media?parent=3060"}],"wp:term":[{"taxonomy":"product_brand","embeddable":true,"href":"https:\/\/dualgree.com.br\/loja\/wp-json\/wp\/v2\/product_brand?post=3060"},{"taxonomy":"product_cat","embeddable":true,"href":"https:\/\/dualgree.com.br\/loja\/wp-json\/wp\/v2\/product_cat?post=3060"},{"taxonomy":"product_tag","embeddable":true,"href":"https:\/\/dualgree.com.br\/loja\/wp-json\/wp\/v2\/product_tag?post=3060"}],"curies":[{"name":"wp","href":"https:\/\/api.w.org\/{rel}","templated":true}]}}