{"id":6509,"date":"2024-09-06T14:47:44","date_gmt":"2024-09-06T14:47:44","guid":{"rendered":"https:\/\/dualgree.com.br\/loja\/produto\/aleta-vane-da-evaporador-ar-condicionado-compativel-com-electrolux-12-000-btus\/"},"modified":"2025-01-07T13:51:03","modified_gmt":"2025-01-07T13:51:03","slug":"aleta-vane-da-evaporador-ar-condicionado-compativel-com-electrolux-12-000-btus","status":"publish","type":"product","link":"https:\/\/dualgree.com.br\/loja\/produto\/aleta-vane-da-evaporador-ar-condicionado-compativel-com-electrolux-12-000-btus\/","title":{"rendered":"Aleta Vane Da Evaporadora Ar Condicionado Compativel Com Ele..."},"content":{"rendered":"","protected":false},"excerpt":{"rendered":"<p>Ic1094-Aleta Vane Defletora Da Evaporadora Ar Condicionado Split Compativel Com Electrolux 12.000 btus<\/p>\n<p>Novo<\/p>\n<p>\u00a0<\/p>\n<p>Comprimento:75,0cm<\/p>\n<p>largura na lateral: 6,0cm<\/p>\n<p>Largura no centro: 6,5cm<\/p>\n<p>\u00a0<\/p>\n<p>Modelos compativel:<\/p>\n<p>QI12R<\/p>\n<p>QI12F<\/p>\n<p>BI12R<\/p>\n<p>BI12F<\/p>\n<p>OI12F<\/p>\n<p>OI12R<\/p>\n<p>TI12F<\/p>\n<p>TI12R<\/p>\n<p>VI12F<\/p>\n<p>VI12R<\/p>\n<p>\u00a0<\/p>\n<p>!!!!!!&#8212;&#8211;N\u00e3o serve nos modelos &#8212;&#8211;!!!!!<\/p>\n<p>( PI12F, PI12R PE12F, PE12R)<\/p>\n","protected":false},"featured_media":6503,"comment_status":"open","ping_status":"closed","template":"","meta":{"_kadence_starter_templates_imported_post":false,"_kad_post_transparent":"","_kad_post_title":"","_kad_post_layout":"","_kad_post_sidebar_id":"","_kad_post_content_style":"","_kad_post_vertical_padding":"","_kad_post_feature":"","_kad_post_feature_position":"","_kad_post_header":false,"_kad_post_footer":false,"jetpack_publicize_message":"","jetpack_publicize_feature_enabled":true,"jetpack_social_post_already_shared":false,"jetpack_social_options":{"image_generator_settings":{"template":"highway","default_image_id":0,"font":"","enabled":false},"version":2}},"product_brand":[],"product_cat":[169,181],"product_tag":[],"class_list":{"0":"post-6509","1":"product","2":"type-product","3":"status-publish","4":"has-post-thumbnail","6":"product_cat-aleta-defletora-split","7":"product_cat-electrolux","9":"first","10":"outofstock","11":"shipping-taxable","12":"purchasable","13":"product-type-simple","14":"entry","15":"content-bg","16":"loop-entry"},"yoast_head":"<!-- This site is optimized with the Yoast SEO plugin v27.5 - https:\/\/yoast.com\/product\/yoast-seo-wordpress\/ -->\n<title>Aleta Vane Da Evaporadora Ar Condicionado Compativel Com Electrolux TI12F BI12F - Loja - Dual Gree Servi\u00e7os | Pe\u00e7as<\/title>\n<meta name=\"robots\" content=\"index, follow, max-snippet:-1, max-image-preview:large, max-video-preview:-1\" \/>\n<link rel=\"canonical\" href=\"https:\/\/dualgree.com.br\/loja\/produto\/aleta-vane-da-evaporador-ar-condicionado-compativel-com-electrolux-12-000-btus\/\" \/>\n<meta property=\"og:locale\" content=\"pt_BR\" \/>\n<meta property=\"og:type\" content=\"article\" \/>\n<meta property=\"og:title\" content=\"Aleta Vane Da Evaporadora Ar Condicionado Compativel Com Electrolux TI12F BI12F - Loja - Dual Gree Servi\u00e7os | Pe\u00e7as\" \/>\n<meta property=\"og:description\" content=\"Ic1094-Aleta Vane Defletora Da Evaporadora Ar Condicionado Split Compativel Com Electrolux 12.000 btus Novo \u00a0 Comprimento:75,0cm largura na lateral: 6,0cm Largura no centro: 6,5cm \u00a0 Modelos compativel: QI12R QI12F BI12R BI12F OI12F OI12R TI12F TI12R VI12F VI12R \u00a0 !!!!!!-----N\u00e3o serve nos modelos -----!!!!! ( PI12F, PI12R PE12F, PE12R)\" \/>\n<meta property=\"og:url\" content=\"https:\/\/dualgree.com.br\/loja\/produto\/aleta-vane-da-evaporador-ar-condicionado-compativel-com-electrolux-12-000-btus\/\" \/>\n<meta property=\"og:site_name\" content=\"Loja - Dual Gree Servi\u00e7os | Pe\u00e7as\" \/>\n<meta property=\"article:modified_time\" content=\"2025-01-07T13:51:03+00:00\" \/>\n<meta property=\"og:image\" content=\"https:\/\/dualgree.com.br\/loja\/wp-content\/uploads\/2024\/09\/15299226951-1094-aleta-vane-da-evaporadora-ar-condicionado-compativel-com-electrolux-ti12f-bi12f-1.jpeg\" \/>\n\t<meta property=\"og:image:width\" content=\"1280\" \/>\n\t<meta property=\"og:image:height\" content=\"1280\" \/>\n\t<meta property=\"og:image:type\" content=\"image\/jpeg\" \/>\n<meta name=\"twitter:card\" content=\"summary_large_image\" \/>\n<script type=\"application\/ld+json\" class=\"yoast-schema-graph\">{\"@context\":\"https:\\\/\\\/schema.org\",\"@graph\":[{\"@type\":\"WebPage\",\"@id\":\"https:\\\/\\\/dualgree.com.br\\\/loja\\\/produto\\\/aleta-vane-da-evaporador-ar-condicionado-compativel-com-electrolux-12-000-btus\\\/\",\"url\":\"https:\\\/\\\/dualgree.com.br\\\/loja\\\/produto\\\/aleta-vane-da-evaporador-ar-condicionado-compativel-com-electrolux-12-000-btus\\\/\",\"name\":\"Aleta Vane Da Evaporadora Ar Condicionado Compativel Com Electrolux TI12F BI12F - Loja - Dual Gree Servi\u00e7os | Pe\u00e7as\",\"isPartOf\":{\"@id\":\"https:\\\/\\\/dualgree.com.br\\\/loja\\\/#website\"},\"primaryImageOfPage\":{\"@id\":\"https:\\\/\\\/dualgree.com.br\\\/loja\\\/produto\\\/aleta-vane-da-evaporador-ar-condicionado-compativel-com-electrolux-12-000-btus\\\/#primaryimage\"},\"image\":{\"@id\":\"https:\\\/\\\/dualgree.com.br\\\/loja\\\/produto\\\/aleta-vane-da-evaporador-ar-condicionado-compativel-com-electrolux-12-000-btus\\\/#primaryimage\"},\"thumbnailUrl\":\"https:\\\/\\\/dualgree.com.br\\\/loja\\\/wp-content\\\/uploads\\\/2024\\\/09\\\/15299226951-1094-aleta-vane-da-evaporadora-ar-condicionado-compativel-com-electrolux-ti12f-bi12f-1.jpeg\",\"datePublished\":\"2024-09-06T14:47:44+00:00\",\"dateModified\":\"2025-01-07T13:51:03+00:00\",\"breadcrumb\":{\"@id\":\"https:\\\/\\\/dualgree.com.br\\\/loja\\\/produto\\\/aleta-vane-da-evaporador-ar-condicionado-compativel-com-electrolux-12-000-btus\\\/#breadcrumb\"},\"inLanguage\":\"pt-BR\",\"potentialAction\":[{\"@type\":\"ReadAction\",\"target\":[\"https:\\\/\\\/dualgree.com.br\\\/loja\\\/produto\\\/aleta-vane-da-evaporador-ar-condicionado-compativel-com-electrolux-12-000-btus\\\/\"]}]},{\"@type\":\"ImageObject\",\"inLanguage\":\"pt-BR\",\"@id\":\"https:\\\/\\\/dualgree.com.br\\\/loja\\\/produto\\\/aleta-vane-da-evaporador-ar-condicionado-compativel-com-electrolux-12-000-btus\\\/#primaryimage\",\"url\":\"https:\\\/\\\/dualgree.com.br\\\/loja\\\/wp-content\\\/uploads\\\/2024\\\/09\\\/15299226951-1094-aleta-vane-da-evaporadora-ar-condicionado-compativel-com-electrolux-ti12f-bi12f-1.jpeg\",\"contentUrl\":\"https:\\\/\\\/dualgree.com.br\\\/loja\\\/wp-content\\\/uploads\\\/2024\\\/09\\\/15299226951-1094-aleta-vane-da-evaporadora-ar-condicionado-compativel-com-electrolux-ti12f-bi12f-1.jpeg\",\"width\":1280,\"height\":1280},{\"@type\":\"BreadcrumbList\",\"@id\":\"https:\\\/\\\/dualgree.com.br\\\/loja\\\/produto\\\/aleta-vane-da-evaporador-ar-condicionado-compativel-com-electrolux-12-000-btus\\\/#breadcrumb\",\"itemListElement\":[{\"@type\":\"ListItem\",\"position\":1,\"name\":\"In\u00edcio\",\"item\":\"https:\\\/\\\/dualgree.com.br\\\/loja\\\/\"},{\"@type\":\"ListItem\",\"position\":2,\"name\":\"Loja &#8211; Cat\u00e1logo de Pe\u00e7as\",\"item\":\"https:\\\/\\\/dualgree.com.br\\\/loja\\\/\"},{\"@type\":\"ListItem\",\"position\":3,\"name\":\"Aleta Vane Da Evaporadora Ar Condicionado Compativel Com Ele...\"}]},{\"@type\":\"WebSite\",\"@id\":\"https:\\\/\\\/dualgree.com.br\\\/loja\\\/#website\",\"url\":\"https:\\\/\\\/dualgree.com.br\\\/loja\\\/\",\"name\":\"Loja - Dual Gree Servi\u00e7os | Partes e Pe\u00e7as\",\"description\":\"Catalogo de Pe\u00e7as para ar condicionado\",\"publisher\":{\"@id\":\"https:\\\/\\\/dualgree.com.br\\\/loja\\\/#organization\"},\"potentialAction\":[{\"@type\":\"SearchAction\",\"target\":{\"@type\":\"EntryPoint\",\"urlTemplate\":\"https:\\\/\\\/dualgree.com.br\\\/loja\\\/?s={search_term_string}\"},\"query-input\":{\"@type\":\"PropertyValueSpecification\",\"valueRequired\":true,\"valueName\":\"search_term_string\"}}],\"inLanguage\":\"pt-BR\"},{\"@type\":\"Organization\",\"@id\":\"https:\\\/\\\/dualgree.com.br\\\/loja\\\/#organization\",\"name\":\"Loja Dual Gree Servi\u00e7o\",\"url\":\"https:\\\/\\\/dualgree.com.br\\\/loja\\\/\",\"logo\":{\"@type\":\"ImageObject\",\"inLanguage\":\"pt-BR\",\"@id\":\"https:\\\/\\\/dualgree.com.br\\\/loja\\\/#\\\/schema\\\/logo\\\/image\\\/\",\"url\":\"https:\\\/\\\/dualgree.com.br\\\/loja\\\/wp-content\\\/uploads\\\/2024\\\/09\\\/teste-logo-ecommerce-dual-1-e1725909304971.png\",\"contentUrl\":\"https:\\\/\\\/dualgree.com.br\\\/loja\\\/wp-content\\\/uploads\\\/2024\\\/09\\\/teste-logo-ecommerce-dual-1-e1725909304971.png\",\"width\":470,\"height\":157,\"caption\":\"Loja Dual Gree Servi\u00e7o\"},\"image\":{\"@id\":\"https:\\\/\\\/dualgree.com.br\\\/loja\\\/#\\\/schema\\\/logo\\\/image\\\/\"}}]}<\/script>\n<!-- \/ Yoast SEO plugin. -->","yoast_head_json":{"title":"Aleta Vane Da Evaporadora Ar Condicionado Compativel Com Electrolux TI12F BI12F - Loja - Dual Gree Servi\u00e7os | Pe\u00e7as","robots":{"index":"index","follow":"follow","max-snippet":"max-snippet:-1","max-image-preview":"max-image-preview:large","max-video-preview":"max-video-preview:-1"},"canonical":"https:\/\/dualgree.com.br\/loja\/produto\/aleta-vane-da-evaporador-ar-condicionado-compativel-com-electrolux-12-000-btus\/","og_locale":"pt_BR","og_type":"article","og_title":"Aleta Vane Da Evaporadora Ar Condicionado Compativel Com Electrolux TI12F BI12F - Loja - Dual Gree Servi\u00e7os | Pe\u00e7as","og_description":"Ic1094-Aleta Vane Defletora Da Evaporadora Ar Condicionado Split Compativel Com Electrolux 12.000 btus Novo \u00a0 Comprimento:75,0cm largura na lateral: 6,0cm Largura no centro: 6,5cm \u00a0 Modelos compativel: QI12R QI12F BI12R BI12F OI12F OI12R TI12F TI12R VI12F VI12R \u00a0 !!!!!!-----N\u00e3o serve nos modelos -----!!!!! ( PI12F, PI12R PE12F, PE12R)","og_url":"https:\/\/dualgree.com.br\/loja\/produto\/aleta-vane-da-evaporador-ar-condicionado-compativel-com-electrolux-12-000-btus\/","og_site_name":"Loja - Dual Gree Servi\u00e7os | Pe\u00e7as","article_modified_time":"2025-01-07T13:51:03+00:00","og_image":[{"width":1280,"height":1280,"url":"https:\/\/dualgree.com.br\/loja\/wp-content\/uploads\/2024\/09\/15299226951-1094-aleta-vane-da-evaporadora-ar-condicionado-compativel-com-electrolux-ti12f-bi12f-1.jpeg","type":"image\/jpeg"}],"twitter_card":"summary_large_image","schema":{"@context":"https:\/\/schema.org","@graph":[{"@type":"WebPage","@id":"https:\/\/dualgree.com.br\/loja\/produto\/aleta-vane-da-evaporador-ar-condicionado-compativel-com-electrolux-12-000-btus\/","url":"https:\/\/dualgree.com.br\/loja\/produto\/aleta-vane-da-evaporador-ar-condicionado-compativel-com-electrolux-12-000-btus\/","name":"Aleta Vane Da Evaporadora Ar Condicionado Compativel Com Electrolux TI12F BI12F - Loja - Dual Gree Servi\u00e7os | Pe\u00e7as","isPartOf":{"@id":"https:\/\/dualgree.com.br\/loja\/#website"},"primaryImageOfPage":{"@id":"https:\/\/dualgree.com.br\/loja\/produto\/aleta-vane-da-evaporador-ar-condicionado-compativel-com-electrolux-12-000-btus\/#primaryimage"},"image":{"@id":"https:\/\/dualgree.com.br\/loja\/produto\/aleta-vane-da-evaporador-ar-condicionado-compativel-com-electrolux-12-000-btus\/#primaryimage"},"thumbnailUrl":"https:\/\/dualgree.com.br\/loja\/wp-content\/uploads\/2024\/09\/15299226951-1094-aleta-vane-da-evaporadora-ar-condicionado-compativel-com-electrolux-ti12f-bi12f-1.jpeg","datePublished":"2024-09-06T14:47:44+00:00","dateModified":"2025-01-07T13:51:03+00:00","breadcrumb":{"@id":"https:\/\/dualgree.com.br\/loja\/produto\/aleta-vane-da-evaporador-ar-condicionado-compativel-com-electrolux-12-000-btus\/#breadcrumb"},"inLanguage":"pt-BR","potentialAction":[{"@type":"ReadAction","target":["https:\/\/dualgree.com.br\/loja\/produto\/aleta-vane-da-evaporador-ar-condicionado-compativel-com-electrolux-12-000-btus\/"]}]},{"@type":"ImageObject","inLanguage":"pt-BR","@id":"https:\/\/dualgree.com.br\/loja\/produto\/aleta-vane-da-evaporador-ar-condicionado-compativel-com-electrolux-12-000-btus\/#primaryimage","url":"https:\/\/dualgree.com.br\/loja\/wp-content\/uploads\/2024\/09\/15299226951-1094-aleta-vane-da-evaporadora-ar-condicionado-compativel-com-electrolux-ti12f-bi12f-1.jpeg","contentUrl":"https:\/\/dualgree.com.br\/loja\/wp-content\/uploads\/2024\/09\/15299226951-1094-aleta-vane-da-evaporadora-ar-condicionado-compativel-com-electrolux-ti12f-bi12f-1.jpeg","width":1280,"height":1280},{"@type":"BreadcrumbList","@id":"https:\/\/dualgree.com.br\/loja\/produto\/aleta-vane-da-evaporador-ar-condicionado-compativel-com-electrolux-12-000-btus\/#breadcrumb","itemListElement":[{"@type":"ListItem","position":1,"name":"In\u00edcio","item":"https:\/\/dualgree.com.br\/loja\/"},{"@type":"ListItem","position":2,"name":"Loja &#8211; Cat\u00e1logo de Pe\u00e7as","item":"https:\/\/dualgree.com.br\/loja\/"},{"@type":"ListItem","position":3,"name":"Aleta Vane Da Evaporadora Ar Condicionado Compativel Com Ele..."}]},{"@type":"WebSite","@id":"https:\/\/dualgree.com.br\/loja\/#website","url":"https:\/\/dualgree.com.br\/loja\/","name":"Loja - Dual Gree Servi\u00e7os | Partes e Pe\u00e7as","description":"Catalogo de Pe\u00e7as para ar condicionado","publisher":{"@id":"https:\/\/dualgree.com.br\/loja\/#organization"},"potentialAction":[{"@type":"SearchAction","target":{"@type":"EntryPoint","urlTemplate":"https:\/\/dualgree.com.br\/loja\/?s={search_term_string}"},"query-input":{"@type":"PropertyValueSpecification","valueRequired":true,"valueName":"search_term_string"}}],"inLanguage":"pt-BR"},{"@type":"Organization","@id":"https:\/\/dualgree.com.br\/loja\/#organization","name":"Loja Dual Gree Servi\u00e7o","url":"https:\/\/dualgree.com.br\/loja\/","logo":{"@type":"ImageObject","inLanguage":"pt-BR","@id":"https:\/\/dualgree.com.br\/loja\/#\/schema\/logo\/image\/","url":"https:\/\/dualgree.com.br\/loja\/wp-content\/uploads\/2024\/09\/teste-logo-ecommerce-dual-1-e1725909304971.png","contentUrl":"https:\/\/dualgree.com.br\/loja\/wp-content\/uploads\/2024\/09\/teste-logo-ecommerce-dual-1-e1725909304971.png","width":470,"height":157,"caption":"Loja Dual Gree Servi\u00e7o"},"image":{"@id":"https:\/\/dualgree.com.br\/loja\/#\/schema\/logo\/image\/"}}]}},"jetpack_publicize_connections":[],"jetpack_sharing_enabled":true,"jetpack_likes_enabled":true,"_links":{"self":[{"href":"https:\/\/dualgree.com.br\/loja\/wp-json\/wp\/v2\/product\/6509","targetHints":{"allow":["GET"]}}],"collection":[{"href":"https:\/\/dualgree.com.br\/loja\/wp-json\/wp\/v2\/product"}],"about":[{"href":"https:\/\/dualgree.com.br\/loja\/wp-json\/wp\/v2\/types\/product"}],"replies":[{"embeddable":true,"href":"https:\/\/dualgree.com.br\/loja\/wp-json\/wp\/v2\/comments?post=6509"}],"wp:featuredmedia":[{"embeddable":true,"href":"https:\/\/dualgree.com.br\/loja\/wp-json\/wp\/v2\/media\/6503"}],"wp:attachment":[{"href":"https:\/\/dualgree.com.br\/loja\/wp-json\/wp\/v2\/media?parent=6509"}],"wp:term":[{"taxonomy":"product_brand","embeddable":true,"href":"https:\/\/dualgree.com.br\/loja\/wp-json\/wp\/v2\/product_brand?post=6509"},{"taxonomy":"product_cat","embeddable":true,"href":"https:\/\/dualgree.com.br\/loja\/wp-json\/wp\/v2\/product_cat?post=6509"},{"taxonomy":"product_tag","embeddable":true,"href":"https:\/\/dualgree.com.br\/loja\/wp-json\/wp\/v2\/product_tag?post=6509"}],"curies":[{"name":"wp","href":"https:\/\/api.w.org\/{rel}","templated":true}]}}