{"id":6681,"date":"2024-09-16T22:53:42","date_gmt":"2024-09-16T22:53:42","guid":{"rendered":"https:\/\/dualgree.com.br\/loja\/produto\/extensao-para-regua-ar-condicionado-portatil-c90xl10cm\/"},"modified":"2025-07-31T20:54:52","modified_gmt":"2025-07-31T20:54:52","slug":"extensao-para-regua-ar-condicionado-portatil-c90xl10cm","status":"publish","type":"product","link":"https:\/\/dualgree.com.br\/loja\/produto\/extensao-para-regua-ar-condicionado-portatil-c90xl10cm\/","title":{"rendered":"EXTENSAO PARA REGUA AR CONDICIONADO PORTATIL C90xL10cm"},"content":{"rendered":"","protected":false},"excerpt":{"rendered":"<div id=\"progress_bar_novo_produto\" class=\"mdc-layout-grid__cell mdc-layout-grid__cell--span-2\" style=\"width: auto; margin: 0px; grid-column-end: span 2; color: #666666; font-family: Arial; font-size: 12px; font-style: normal; font-weight: 400; letter-spacing: normal; text-align: start; text-indent: 0px; text-transform: none; background-color: #ffffff; align-items: center; justify-content: space-between;\"><\/div>\n<div class=\"mdc-layout-grid__cell mdc-layout-grid__cell--span-10\" style=\"width: auto; margin: 0px; grid-column-end: span 10; color: #666666; font-family: Arial; font-size: 12px; font-style: normal; font-weight: 400; letter-spacing: normal; text-align: start; text-indent: 0px; text-transform: none; background-color: #ffffff;\">\n<h1 id=\"titulo_novo_produto\" style=\"font-size: var(--font-size-big); margin: 0px; font-family: var(--font-family-primary); font-weight: bold; color: var(--font-primary); padding: 0px; letter-spacing: var(--letter-spacing);\">EXTENSAO PARA REGUA AR CONDICIONADO PORTATIL Comprimento 90CM Largura 10CM<\/h1>\n<p>Complemento de\u00a0 regua 10cm e ajusta at\u00e9 90cm de altura. ideal para complementar a sua regua para tamanhos maiores.<\/p>\n<p>Lembrando que s\u00f3 funciona para reguas com largura 10cm.<\/p>\n<p>Regua auxiliar para Ar condicionado portatil Delonghi Pac C105,<\/p>\n<p>Regua auxiliar para Ar condicionado portatil Delonghi Pac WE125,<\/p>\n<p>Regua auxiliar para Ar condicionado portatil Delonghi Pac C100,<\/p>\n<p>Regua auxiliar para Ar condicionado portatil Springer<\/p>\n<p>Regua auxiliar para Ar condicionado portatil Midea Tango MPT10CRV1<\/p>\n<p>Regua auxiliar para Ar condicionado portatil Midea Tango MPT12CRV2<\/p>\n<p>Regua auxiliar para Ar condicionado portatil Midea Tango MPN10CRV1<\/p>\n<p>Regua auxiliar para Ar condicionado portatil Midea Tango MPN12CRV2<\/p>\n<h1 id=\"titulo_novo_produto\" style=\"color: var(--font-primary); font-family: var(--font-family-primary); letter-spacing: var(--letter-spacing); font-size: var(--font-size-big); margin: 0px; padding: 0px;\">EXTENSAO PARA REGUA AR CONDICIONADO PORTATIL 90CM<\/h1>\n<p>Complemento de\u00a0 regua 10cm e ajusta at\u00e9 90cm de altura. ideal para complementar a sua regua para tamanhos maiores.<\/p>\n<p>Lembrando que s\u00f3 funciona para reguas com largura 10cm.<\/p>\n<\/div>\n","protected":false},"featured_media":6679,"comment_status":"open","ping_status":"closed","template":"","meta":{"_kadence_starter_templates_imported_post":false,"_kad_post_transparent":"","_kad_post_title":"","_kad_post_layout":"","_kad_post_sidebar_id":"","_kad_post_content_style":"","_kad_post_vertical_padding":"","_kad_post_feature":"","_kad_post_feature_position":"","_kad_post_header":false,"_kad_post_footer":false,"jetpack_publicize_message":"","jetpack_publicize_feature_enabled":true,"jetpack_social_post_already_shared":false,"jetpack_social_options":{"image_generator_settings":{"template":"highway","default_image_id":0,"font":"","enabled":false},"version":2}},"product_brand":[],"product_cat":[225,181,275,180,245,297,183,274,179,246,258],"product_tag":[],"class_list":{"0":"post-6681","1":"product","2":"type-product","3":"status-publish","4":"has-post-thumbnail","6":"product_cat-delonghi","7":"product_cat-electrolux","8":"product_cat-extensao-de-regua-ar-portatil","9":"product_cat-gree","10":"product_cat-kit-duto-ar-portatil","11":"product_cat-phaser","12":"product_cat-philco","13":"product_cat-regua-janela-ar-portatil","14":"product_cat-springer","15":"product_cat-tcl","16":"product_cat-techome","18":"first","19":"outofstock","20":"shipping-taxable","21":"purchasable","22":"product-type-simple","23":"entry","24":"content-bg","25":"loop-entry"},"yoast_head":"<!-- This site is optimized with the Yoast SEO plugin v27.5 - https:\/\/yoast.com\/product\/yoast-seo-wordpress\/ -->\n<title>EXTENSAO PARA REGUA AR CONDICIONADO PORTATIL C90xL10cm - Loja - Dual Gree Servi\u00e7os | Pe\u00e7as<\/title>\n<meta name=\"description\" content=\"EXTENSAO PARA REGUA AR CONDICIONADO PORTATIL C90xL10cm, Complemento para extender sua regua de janela para portas ou janelas grandes\" \/>\n<meta name=\"robots\" content=\"index, follow, max-snippet:-1, max-image-preview:large, max-video-preview:-1\" \/>\n<link rel=\"canonical\" href=\"https:\/\/dualgree.com.br\/loja\/produto\/extensao-para-regua-ar-condicionado-portatil-c90xl10cm\/\" \/>\n<meta property=\"og:locale\" content=\"pt_BR\" \/>\n<meta property=\"og:type\" content=\"article\" \/>\n<meta property=\"og:title\" content=\"EXTENSAO PARA REGUA AR CONDICIONADO PORTATIL C90xL10cm - Loja - Dual Gree Servi\u00e7os | Pe\u00e7as\" \/>\n<meta property=\"og:description\" content=\"EXTENSAO PARA REGUA AR CONDICIONADO PORTATIL C90xL10cm, Complemento para extender sua regua de janela para portas ou janelas grandes\" \/>\n<meta property=\"og:url\" content=\"https:\/\/dualgree.com.br\/loja\/produto\/extensao-para-regua-ar-condicionado-portatil-c90xl10cm\/\" \/>\n<meta property=\"og:site_name\" content=\"Loja - Dual Gree Servi\u00e7os | Pe\u00e7as\" \/>\n<meta property=\"article:modified_time\" content=\"2025-07-31T20:54:52+00:00\" \/>\n<meta property=\"og:image\" content=\"https:\/\/dualgree.com.br\/loja\/wp-content\/uploads\/2024\/09\/15112290465-dg174.jpg\" \/>\n\t<meta property=\"og:image:width\" content=\"1280\" \/>\n\t<meta property=\"og:image:height\" content=\"1280\" \/>\n\t<meta property=\"og:image:type\" content=\"image\/jpeg\" \/>\n<meta name=\"twitter:card\" content=\"summary_large_image\" \/>\n<meta name=\"twitter:label1\" content=\"Est. tempo de leitura\" \/>\n\t<meta name=\"twitter:data1\" content=\"1 minuto\" \/>\n<script type=\"application\/ld+json\" class=\"yoast-schema-graph\">{\"@context\":\"https:\\\/\\\/schema.org\",\"@graph\":[{\"@type\":\"WebPage\",\"@id\":\"https:\\\/\\\/dualgree.com.br\\\/loja\\\/produto\\\/extensao-para-regua-ar-condicionado-portatil-c90xl10cm\\\/\",\"url\":\"https:\\\/\\\/dualgree.com.br\\\/loja\\\/produto\\\/extensao-para-regua-ar-condicionado-portatil-c90xl10cm\\\/\",\"name\":\"EXTENSAO PARA REGUA AR CONDICIONADO PORTATIL C90xL10cm - Loja - Dual Gree Servi\u00e7os | Pe\u00e7as\",\"isPartOf\":{\"@id\":\"https:\\\/\\\/dualgree.com.br\\\/loja\\\/#website\"},\"primaryImageOfPage\":{\"@id\":\"https:\\\/\\\/dualgree.com.br\\\/loja\\\/produto\\\/extensao-para-regua-ar-condicionado-portatil-c90xl10cm\\\/#primaryimage\"},\"image\":{\"@id\":\"https:\\\/\\\/dualgree.com.br\\\/loja\\\/produto\\\/extensao-para-regua-ar-condicionado-portatil-c90xl10cm\\\/#primaryimage\"},\"thumbnailUrl\":\"https:\\\/\\\/dualgree.com.br\\\/loja\\\/wp-content\\\/uploads\\\/2024\\\/09\\\/15112290465-dg174.jpg\",\"datePublished\":\"2024-09-16T22:53:42+00:00\",\"dateModified\":\"2025-07-31T20:54:52+00:00\",\"description\":\"EXTENSAO PARA REGUA AR CONDICIONADO PORTATIL C90xL10cm, Complemento para extender sua regua de janela para portas ou janelas grandes\",\"breadcrumb\":{\"@id\":\"https:\\\/\\\/dualgree.com.br\\\/loja\\\/produto\\\/extensao-para-regua-ar-condicionado-portatil-c90xl10cm\\\/#breadcrumb\"},\"inLanguage\":\"pt-BR\",\"potentialAction\":[{\"@type\":\"ReadAction\",\"target\":[\"https:\\\/\\\/dualgree.com.br\\\/loja\\\/produto\\\/extensao-para-regua-ar-condicionado-portatil-c90xl10cm\\\/\"]}]},{\"@type\":\"ImageObject\",\"inLanguage\":\"pt-BR\",\"@id\":\"https:\\\/\\\/dualgree.com.br\\\/loja\\\/produto\\\/extensao-para-regua-ar-condicionado-portatil-c90xl10cm\\\/#primaryimage\",\"url\":\"https:\\\/\\\/dualgree.com.br\\\/loja\\\/wp-content\\\/uploads\\\/2024\\\/09\\\/15112290465-dg174.jpg\",\"contentUrl\":\"https:\\\/\\\/dualgree.com.br\\\/loja\\\/wp-content\\\/uploads\\\/2024\\\/09\\\/15112290465-dg174.jpg\",\"width\":1280,\"height\":1280},{\"@type\":\"BreadcrumbList\",\"@id\":\"https:\\\/\\\/dualgree.com.br\\\/loja\\\/produto\\\/extensao-para-regua-ar-condicionado-portatil-c90xl10cm\\\/#breadcrumb\",\"itemListElement\":[{\"@type\":\"ListItem\",\"position\":1,\"name\":\"In\u00edcio\",\"item\":\"https:\\\/\\\/dualgree.com.br\\\/loja\\\/\"},{\"@type\":\"ListItem\",\"position\":2,\"name\":\"Loja &#8211; Cat\u00e1logo de Pe\u00e7as\",\"item\":\"https:\\\/\\\/dualgree.com.br\\\/loja\\\/\"},{\"@type\":\"ListItem\",\"position\":3,\"name\":\"EXTENSAO PARA REGUA AR CONDICIONADO PORTATIL C90xL10cm\"}]},{\"@type\":\"WebSite\",\"@id\":\"https:\\\/\\\/dualgree.com.br\\\/loja\\\/#website\",\"url\":\"https:\\\/\\\/dualgree.com.br\\\/loja\\\/\",\"name\":\"Loja - Dual Gree Servi\u00e7os | Partes e Pe\u00e7as\",\"description\":\"Catalogo de Pe\u00e7as para ar condicionado\",\"publisher\":{\"@id\":\"https:\\\/\\\/dualgree.com.br\\\/loja\\\/#organization\"},\"potentialAction\":[{\"@type\":\"SearchAction\",\"target\":{\"@type\":\"EntryPoint\",\"urlTemplate\":\"https:\\\/\\\/dualgree.com.br\\\/loja\\\/?s={search_term_string}\"},\"query-input\":{\"@type\":\"PropertyValueSpecification\",\"valueRequired\":true,\"valueName\":\"search_term_string\"}}],\"inLanguage\":\"pt-BR\"},{\"@type\":\"Organization\",\"@id\":\"https:\\\/\\\/dualgree.com.br\\\/loja\\\/#organization\",\"name\":\"Loja Dual Gree Servi\u00e7o\",\"url\":\"https:\\\/\\\/dualgree.com.br\\\/loja\\\/\",\"logo\":{\"@type\":\"ImageObject\",\"inLanguage\":\"pt-BR\",\"@id\":\"https:\\\/\\\/dualgree.com.br\\\/loja\\\/#\\\/schema\\\/logo\\\/image\\\/\",\"url\":\"https:\\\/\\\/dualgree.com.br\\\/loja\\\/wp-content\\\/uploads\\\/2024\\\/09\\\/teste-logo-ecommerce-dual-1-e1725909304971.png\",\"contentUrl\":\"https:\\\/\\\/dualgree.com.br\\\/loja\\\/wp-content\\\/uploads\\\/2024\\\/09\\\/teste-logo-ecommerce-dual-1-e1725909304971.png\",\"width\":470,\"height\":157,\"caption\":\"Loja Dual Gree Servi\u00e7o\"},\"image\":{\"@id\":\"https:\\\/\\\/dualgree.com.br\\\/loja\\\/#\\\/schema\\\/logo\\\/image\\\/\"}}]}<\/script>\n<!-- \/ Yoast SEO plugin. -->","yoast_head_json":{"title":"EXTENSAO PARA REGUA AR CONDICIONADO PORTATIL C90xL10cm - Loja - Dual Gree Servi\u00e7os | Pe\u00e7as","description":"EXTENSAO PARA REGUA AR CONDICIONADO PORTATIL C90xL10cm, Complemento para extender sua regua de janela para portas ou janelas grandes","robots":{"index":"index","follow":"follow","max-snippet":"max-snippet:-1","max-image-preview":"max-image-preview:large","max-video-preview":"max-video-preview:-1"},"canonical":"https:\/\/dualgree.com.br\/loja\/produto\/extensao-para-regua-ar-condicionado-portatil-c90xl10cm\/","og_locale":"pt_BR","og_type":"article","og_title":"EXTENSAO PARA REGUA AR CONDICIONADO PORTATIL C90xL10cm - Loja - Dual Gree Servi\u00e7os | Pe\u00e7as","og_description":"EXTENSAO PARA REGUA AR CONDICIONADO PORTATIL C90xL10cm, Complemento para extender sua regua de janela para portas ou janelas grandes","og_url":"https:\/\/dualgree.com.br\/loja\/produto\/extensao-para-regua-ar-condicionado-portatil-c90xl10cm\/","og_site_name":"Loja - Dual Gree Servi\u00e7os | Pe\u00e7as","article_modified_time":"2025-07-31T20:54:52+00:00","og_image":[{"width":1280,"height":1280,"url":"https:\/\/dualgree.com.br\/loja\/wp-content\/uploads\/2024\/09\/15112290465-dg174.jpg","type":"image\/jpeg"}],"twitter_card":"summary_large_image","twitter_misc":{"Est. tempo de leitura":"1 minuto"},"schema":{"@context":"https:\/\/schema.org","@graph":[{"@type":"WebPage","@id":"https:\/\/dualgree.com.br\/loja\/produto\/extensao-para-regua-ar-condicionado-portatil-c90xl10cm\/","url":"https:\/\/dualgree.com.br\/loja\/produto\/extensao-para-regua-ar-condicionado-portatil-c90xl10cm\/","name":"EXTENSAO PARA REGUA AR CONDICIONADO PORTATIL C90xL10cm - Loja - Dual Gree Servi\u00e7os | Pe\u00e7as","isPartOf":{"@id":"https:\/\/dualgree.com.br\/loja\/#website"},"primaryImageOfPage":{"@id":"https:\/\/dualgree.com.br\/loja\/produto\/extensao-para-regua-ar-condicionado-portatil-c90xl10cm\/#primaryimage"},"image":{"@id":"https:\/\/dualgree.com.br\/loja\/produto\/extensao-para-regua-ar-condicionado-portatil-c90xl10cm\/#primaryimage"},"thumbnailUrl":"https:\/\/dualgree.com.br\/loja\/wp-content\/uploads\/2024\/09\/15112290465-dg174.jpg","datePublished":"2024-09-16T22:53:42+00:00","dateModified":"2025-07-31T20:54:52+00:00","description":"EXTENSAO PARA REGUA AR CONDICIONADO PORTATIL C90xL10cm, Complemento para extender sua regua de janela para portas ou janelas grandes","breadcrumb":{"@id":"https:\/\/dualgree.com.br\/loja\/produto\/extensao-para-regua-ar-condicionado-portatil-c90xl10cm\/#breadcrumb"},"inLanguage":"pt-BR","potentialAction":[{"@type":"ReadAction","target":["https:\/\/dualgree.com.br\/loja\/produto\/extensao-para-regua-ar-condicionado-portatil-c90xl10cm\/"]}]},{"@type":"ImageObject","inLanguage":"pt-BR","@id":"https:\/\/dualgree.com.br\/loja\/produto\/extensao-para-regua-ar-condicionado-portatil-c90xl10cm\/#primaryimage","url":"https:\/\/dualgree.com.br\/loja\/wp-content\/uploads\/2024\/09\/15112290465-dg174.jpg","contentUrl":"https:\/\/dualgree.com.br\/loja\/wp-content\/uploads\/2024\/09\/15112290465-dg174.jpg","width":1280,"height":1280},{"@type":"BreadcrumbList","@id":"https:\/\/dualgree.com.br\/loja\/produto\/extensao-para-regua-ar-condicionado-portatil-c90xl10cm\/#breadcrumb","itemListElement":[{"@type":"ListItem","position":1,"name":"In\u00edcio","item":"https:\/\/dualgree.com.br\/loja\/"},{"@type":"ListItem","position":2,"name":"Loja &#8211; Cat\u00e1logo de Pe\u00e7as","item":"https:\/\/dualgree.com.br\/loja\/"},{"@type":"ListItem","position":3,"name":"EXTENSAO PARA REGUA AR CONDICIONADO PORTATIL C90xL10cm"}]},{"@type":"WebSite","@id":"https:\/\/dualgree.com.br\/loja\/#website","url":"https:\/\/dualgree.com.br\/loja\/","name":"Loja - Dual Gree Servi\u00e7os | Partes e Pe\u00e7as","description":"Catalogo de Pe\u00e7as para ar condicionado","publisher":{"@id":"https:\/\/dualgree.com.br\/loja\/#organization"},"potentialAction":[{"@type":"SearchAction","target":{"@type":"EntryPoint","urlTemplate":"https:\/\/dualgree.com.br\/loja\/?s={search_term_string}"},"query-input":{"@type":"PropertyValueSpecification","valueRequired":true,"valueName":"search_term_string"}}],"inLanguage":"pt-BR"},{"@type":"Organization","@id":"https:\/\/dualgree.com.br\/loja\/#organization","name":"Loja Dual Gree Servi\u00e7o","url":"https:\/\/dualgree.com.br\/loja\/","logo":{"@type":"ImageObject","inLanguage":"pt-BR","@id":"https:\/\/dualgree.com.br\/loja\/#\/schema\/logo\/image\/","url":"https:\/\/dualgree.com.br\/loja\/wp-content\/uploads\/2024\/09\/teste-logo-ecommerce-dual-1-e1725909304971.png","contentUrl":"https:\/\/dualgree.com.br\/loja\/wp-content\/uploads\/2024\/09\/teste-logo-ecommerce-dual-1-e1725909304971.png","width":470,"height":157,"caption":"Loja Dual Gree Servi\u00e7o"},"image":{"@id":"https:\/\/dualgree.com.br\/loja\/#\/schema\/logo\/image\/"}}]}},"jetpack_publicize_connections":[],"jetpack_sharing_enabled":true,"jetpack_likes_enabled":true,"_links":{"self":[{"href":"https:\/\/dualgree.com.br\/loja\/wp-json\/wp\/v2\/product\/6681","targetHints":{"allow":["GET"]}}],"collection":[{"href":"https:\/\/dualgree.com.br\/loja\/wp-json\/wp\/v2\/product"}],"about":[{"href":"https:\/\/dualgree.com.br\/loja\/wp-json\/wp\/v2\/types\/product"}],"replies":[{"embeddable":true,"href":"https:\/\/dualgree.com.br\/loja\/wp-json\/wp\/v2\/comments?post=6681"}],"wp:featuredmedia":[{"embeddable":true,"href":"https:\/\/dualgree.com.br\/loja\/wp-json\/wp\/v2\/media\/6679"}],"wp:attachment":[{"href":"https:\/\/dualgree.com.br\/loja\/wp-json\/wp\/v2\/media?parent=6681"}],"wp:term":[{"taxonomy":"product_brand","embeddable":true,"href":"https:\/\/dualgree.com.br\/loja\/wp-json\/wp\/v2\/product_brand?post=6681"},{"taxonomy":"product_cat","embeddable":true,"href":"https:\/\/dualgree.com.br\/loja\/wp-json\/wp\/v2\/product_cat?post=6681"},{"taxonomy":"product_tag","embeddable":true,"href":"https:\/\/dualgree.com.br\/loja\/wp-json\/wp\/v2\/product_tag?post=6681"}],"curies":[{"name":"wp","href":"https:\/\/api.w.org\/{rel}","templated":true}]}}