{"id":7474,"date":"2024-10-08T11:46:20","date_gmt":"2024-10-08T11:46:20","guid":{"rendered":"https:\/\/dualgree.com.br\/loja\/produto\/tr-fonte-transformador-do-ar-condicionado-piso-teto-carrier\/"},"modified":"2024-10-08T11:46:20","modified_gmt":"2024-10-08T11:46:20","slug":"tr-fonte-transformador-do-ar-condicionado-piso-teto-carrier","status":"publish","type":"product","link":"https:\/\/dualgree.com.br\/loja\/produto\/tr-fonte-transformador-do-ar-condicionado-piso-teto-carrier\/","title":{"rendered":"Tr Fonte Transformador Do Ar Condicionado Piso Teto Carrier"},"content":{"rendered":"","protected":false},"excerpt":{"rendered":"<p>IC1915-Trasformador Reator 6,3W 230VAC-10,5VAC 32830090 Evaporadora Piso Teto Carrier<\/p>\n<p>\u00a0<\/p>\n<p>Original para os Ar Condicionados de Modelo:<\/p>\n<p>\u00a0<\/p>\n<p>42XQF036&#8212;701<\/p>\n<p>42XQF057&#8212;701<\/p>\n<p>42XQF072&#8212;701<\/p>\n<p>42XQI18C5<\/p>\n<p>42XQI24C5<\/p>\n<p>42XQI30C5<\/p>\n<p>42XQI36C5<\/p>\n<p>42XQI48C5<\/p>\n<p>42XQI60C5<\/p>\n<p>42XQL18C5<\/p>\n<p>42XQL24C5<\/p>\n<p>42XQL30C5<\/p>\n<p>42XQL36C5<\/p>\n<p>42XQL48C5<\/p>\n<p>42XQL60C5<\/p>\n<p>42XQM18C5<\/p>\n<p>42XQM24C5<\/p>\n<p>42XQM30C5<\/p>\n<p>42XQM36C5<\/p>\n<p>42XQM36C5-<\/p>\n<p>42XQM36S5<\/p>\n<p>42XQM48C5<\/p>\n<p>42XQM48S5<\/p>\n<p>42XQM60C5<\/p>\n<p>42XQM60S5<\/p>\n<p>42XQN36C5<\/p>\n<p>42XQO36S5<\/p>\n<p>42XQO36V5<\/p>\n<p>42XQO60S5<\/p>\n<p>42XQO60V5<\/p>\n<p>42XQS36C5<\/p>\n<p>42XQS48C5<\/p>\n<p>42XQS60C5<\/p>\n<p>42XQV36C5<\/p>\n<p>42XQV60C5<\/p>\n<p>619FSQ036&#8212;SA<\/p>\n<p>619FSQ057&#8212;SA<\/p>\n<p>619FSQ072&#8212;SA<\/p>\n","protected":false},"featured_media":7473,"comment_status":"open","ping_status":"closed","template":"","meta":{"_kadence_starter_templates_imported_post":false,"_kad_post_transparent":"","_kad_post_title":"","_kad_post_layout":"","_kad_post_sidebar_id":"","_kad_post_content_style":"","_kad_post_vertical_padding":"","_kad_post_feature":"","_kad_post_feature_position":"","_kad_post_header":false,"_kad_post_footer":false,"jetpack_publicize_message":"","jetpack_publicize_feature_enabled":true,"jetpack_social_post_already_shared":false,"jetpack_social_options":{"image_generator_settings":{"template":"highway","default_image_id":0,"font":"","enabled":false},"version":2}},"product_brand":[],"product_cat":[177,15],"product_tag":[],"class_list":{"0":"post-7474","1":"product","2":"type-product","3":"status-publish","4":"has-post-thumbnail","6":"product_cat-carrier","7":"product_cat-sem-categoria","9":"first","10":"instock","11":"shipping-taxable","12":"purchasable","13":"product-type-simple","14":"entry","15":"content-bg","16":"loop-entry"},"yoast_head":"<!-- This site is optimized with the Yoast SEO plugin v27.5 - https:\/\/yoast.com\/product\/yoast-seo-wordpress\/ -->\n<title>Tr Fonte Transformador Do Ar Condicionado Piso Teto Carrier - Loja - Dual Gree Servi\u00e7os | Pe\u00e7as<\/title>\n<meta name=\"robots\" content=\"index, follow, max-snippet:-1, max-image-preview:large, max-video-preview:-1\" \/>\n<link rel=\"canonical\" href=\"https:\/\/dualgree.com.br\/loja\/produto\/tr-fonte-transformador-do-ar-condicionado-piso-teto-carrier\/\" \/>\n<meta property=\"og:locale\" content=\"pt_BR\" \/>\n<meta property=\"og:type\" content=\"article\" \/>\n<meta property=\"og:title\" content=\"Tr Fonte Transformador Do Ar Condicionado Piso Teto Carrier - Loja - Dual Gree Servi\u00e7os | Pe\u00e7as\" \/>\n<meta property=\"og:description\" content=\"IC1915-Trasformador Reator 6,3W 230VAC-10,5VAC 32830090 Evaporadora Piso Teto Carrier \u00a0 Original para os Ar Condicionados de Modelo: \u00a0 42XQF036---701 42XQF057---701 42XQF072---701 42XQI18C5 42XQI24C5 42XQI30C5 42XQI36C5 42XQI48C5 42XQI60C5 42XQL18C5 42XQL24C5 42XQL30C5 42XQL36C5 42XQL48C5 42XQL60C5 42XQM18C5 42XQM24C5 42XQM30C5 42XQM36C5 42XQM36C5- 42XQM36S5 42XQM48C5 42XQM48S5 42XQM60C5 42XQM60S5 42XQN36C5 42XQO36S5 42XQO36V5 42XQO60S5 42XQO60V5 42XQS36C5 42XQS48C5 42XQS60C5 42XQV36C5 42XQV60C5 619FSQ036---SA 619FSQ057---SA 619FSQ072---SA\" \/>\n<meta property=\"og:url\" content=\"https:\/\/dualgree.com.br\/loja\/produto\/tr-fonte-transformador-do-ar-condicionado-piso-teto-carrier\/\" \/>\n<meta property=\"og:site_name\" content=\"Loja - Dual Gree Servi\u00e7os | Pe\u00e7as\" \/>\n<meta name=\"twitter:card\" content=\"summary_large_image\" \/>\n<script type=\"application\/ld+json\" class=\"yoast-schema-graph\">{\"@context\":\"https:\\\/\\\/schema.org\",\"@graph\":[{\"@type\":\"WebPage\",\"@id\":\"https:\\\/\\\/dualgree.com.br\\\/loja\\\/produto\\\/tr-fonte-transformador-do-ar-condicionado-piso-teto-carrier\\\/\",\"url\":\"https:\\\/\\\/dualgree.com.br\\\/loja\\\/produto\\\/tr-fonte-transformador-do-ar-condicionado-piso-teto-carrier\\\/\",\"name\":\"Tr Fonte Transformador Do Ar Condicionado Piso Teto Carrier - Loja - Dual Gree Servi\u00e7os | Pe\u00e7as\",\"isPartOf\":{\"@id\":\"https:\\\/\\\/dualgree.com.br\\\/loja\\\/#website\"},\"primaryImageOfPage\":{\"@id\":\"https:\\\/\\\/dualgree.com.br\\\/loja\\\/produto\\\/tr-fonte-transformador-do-ar-condicionado-piso-teto-carrier\\\/#primaryimage\"},\"image\":{\"@id\":\"https:\\\/\\\/dualgree.com.br\\\/loja\\\/produto\\\/tr-fonte-transformador-do-ar-condicionado-piso-teto-carrier\\\/#primaryimage\"},\"thumbnailUrl\":\"https:\\\/\\\/dualgree.com.br\\\/loja\\\/wp-content\\\/uploads\\\/2024\\\/10\\\/15297555570-1915-transformador-reator-6-3w-230vac-10-5vac-32830090-evaporador-piso-teto.jpeg\",\"datePublished\":\"2024-10-08T11:46:20+00:00\",\"breadcrumb\":{\"@id\":\"https:\\\/\\\/dualgree.com.br\\\/loja\\\/produto\\\/tr-fonte-transformador-do-ar-condicionado-piso-teto-carrier\\\/#breadcrumb\"},\"inLanguage\":\"pt-BR\",\"potentialAction\":[{\"@type\":\"ReadAction\",\"target\":[\"https:\\\/\\\/dualgree.com.br\\\/loja\\\/produto\\\/tr-fonte-transformador-do-ar-condicionado-piso-teto-carrier\\\/\"]}]},{\"@type\":\"ImageObject\",\"inLanguage\":\"pt-BR\",\"@id\":\"https:\\\/\\\/dualgree.com.br\\\/loja\\\/produto\\\/tr-fonte-transformador-do-ar-condicionado-piso-teto-carrier\\\/#primaryimage\",\"url\":\"https:\\\/\\\/dualgree.com.br\\\/loja\\\/wp-content\\\/uploads\\\/2024\\\/10\\\/15297555570-1915-transformador-reator-6-3w-230vac-10-5vac-32830090-evaporador-piso-teto.jpeg\",\"contentUrl\":\"https:\\\/\\\/dualgree.com.br\\\/loja\\\/wp-content\\\/uploads\\\/2024\\\/10\\\/15297555570-1915-transformador-reator-6-3w-230vac-10-5vac-32830090-evaporador-piso-teto.jpeg\",\"width\":1280,\"height\":1280},{\"@type\":\"BreadcrumbList\",\"@id\":\"https:\\\/\\\/dualgree.com.br\\\/loja\\\/produto\\\/tr-fonte-transformador-do-ar-condicionado-piso-teto-carrier\\\/#breadcrumb\",\"itemListElement\":[{\"@type\":\"ListItem\",\"position\":1,\"name\":\"In\u00edcio\",\"item\":\"https:\\\/\\\/dualgree.com.br\\\/loja\\\/\"},{\"@type\":\"ListItem\",\"position\":2,\"name\":\"Loja &#8211; Cat\u00e1logo de Pe\u00e7as\",\"item\":\"https:\\\/\\\/dualgree.com.br\\\/loja\\\/\"},{\"@type\":\"ListItem\",\"position\":3,\"name\":\"Tr Fonte Transformador Do Ar Condicionado Piso Teto Carrier\"}]},{\"@type\":\"WebSite\",\"@id\":\"https:\\\/\\\/dualgree.com.br\\\/loja\\\/#website\",\"url\":\"https:\\\/\\\/dualgree.com.br\\\/loja\\\/\",\"name\":\"Loja - Dual Gree Servi\u00e7os | Partes e Pe\u00e7as\",\"description\":\"Catalogo de Pe\u00e7as para ar condicionado\",\"publisher\":{\"@id\":\"https:\\\/\\\/dualgree.com.br\\\/loja\\\/#organization\"},\"potentialAction\":[{\"@type\":\"SearchAction\",\"target\":{\"@type\":\"EntryPoint\",\"urlTemplate\":\"https:\\\/\\\/dualgree.com.br\\\/loja\\\/?s={search_term_string}\"},\"query-input\":{\"@type\":\"PropertyValueSpecification\",\"valueRequired\":true,\"valueName\":\"search_term_string\"}}],\"inLanguage\":\"pt-BR\"},{\"@type\":\"Organization\",\"@id\":\"https:\\\/\\\/dualgree.com.br\\\/loja\\\/#organization\",\"name\":\"Loja Dual Gree Servi\u00e7o\",\"url\":\"https:\\\/\\\/dualgree.com.br\\\/loja\\\/\",\"logo\":{\"@type\":\"ImageObject\",\"inLanguage\":\"pt-BR\",\"@id\":\"https:\\\/\\\/dualgree.com.br\\\/loja\\\/#\\\/schema\\\/logo\\\/image\\\/\",\"url\":\"https:\\\/\\\/dualgree.com.br\\\/loja\\\/wp-content\\\/uploads\\\/2024\\\/09\\\/teste-logo-ecommerce-dual-1-e1725909304971.png\",\"contentUrl\":\"https:\\\/\\\/dualgree.com.br\\\/loja\\\/wp-content\\\/uploads\\\/2024\\\/09\\\/teste-logo-ecommerce-dual-1-e1725909304971.png\",\"width\":470,\"height\":157,\"caption\":\"Loja Dual Gree Servi\u00e7o\"},\"image\":{\"@id\":\"https:\\\/\\\/dualgree.com.br\\\/loja\\\/#\\\/schema\\\/logo\\\/image\\\/\"}}]}<\/script>\n<!-- \/ Yoast SEO plugin. -->","yoast_head_json":{"title":"Tr Fonte Transformador Do Ar Condicionado Piso Teto Carrier - Loja - Dual Gree Servi\u00e7os | Pe\u00e7as","robots":{"index":"index","follow":"follow","max-snippet":"max-snippet:-1","max-image-preview":"max-image-preview:large","max-video-preview":"max-video-preview:-1"},"canonical":"https:\/\/dualgree.com.br\/loja\/produto\/tr-fonte-transformador-do-ar-condicionado-piso-teto-carrier\/","og_locale":"pt_BR","og_type":"article","og_title":"Tr Fonte Transformador Do Ar Condicionado Piso Teto Carrier - Loja - Dual Gree Servi\u00e7os | Pe\u00e7as","og_description":"IC1915-Trasformador Reator 6,3W 230VAC-10,5VAC 32830090 Evaporadora Piso Teto Carrier \u00a0 Original para os Ar Condicionados de Modelo: \u00a0 42XQF036---701 42XQF057---701 42XQF072---701 42XQI18C5 42XQI24C5 42XQI30C5 42XQI36C5 42XQI48C5 42XQI60C5 42XQL18C5 42XQL24C5 42XQL30C5 42XQL36C5 42XQL48C5 42XQL60C5 42XQM18C5 42XQM24C5 42XQM30C5 42XQM36C5 42XQM36C5- 42XQM36S5 42XQM48C5 42XQM48S5 42XQM60C5 42XQM60S5 42XQN36C5 42XQO36S5 42XQO36V5 42XQO60S5 42XQO60V5 42XQS36C5 42XQS48C5 42XQS60C5 42XQV36C5 42XQV60C5 619FSQ036---SA 619FSQ057---SA 619FSQ072---SA","og_url":"https:\/\/dualgree.com.br\/loja\/produto\/tr-fonte-transformador-do-ar-condicionado-piso-teto-carrier\/","og_site_name":"Loja - Dual Gree Servi\u00e7os | Pe\u00e7as","twitter_card":"summary_large_image","schema":{"@context":"https:\/\/schema.org","@graph":[{"@type":"WebPage","@id":"https:\/\/dualgree.com.br\/loja\/produto\/tr-fonte-transformador-do-ar-condicionado-piso-teto-carrier\/","url":"https:\/\/dualgree.com.br\/loja\/produto\/tr-fonte-transformador-do-ar-condicionado-piso-teto-carrier\/","name":"Tr Fonte Transformador Do Ar Condicionado Piso Teto Carrier - Loja - Dual Gree Servi\u00e7os | Pe\u00e7as","isPartOf":{"@id":"https:\/\/dualgree.com.br\/loja\/#website"},"primaryImageOfPage":{"@id":"https:\/\/dualgree.com.br\/loja\/produto\/tr-fonte-transformador-do-ar-condicionado-piso-teto-carrier\/#primaryimage"},"image":{"@id":"https:\/\/dualgree.com.br\/loja\/produto\/tr-fonte-transformador-do-ar-condicionado-piso-teto-carrier\/#primaryimage"},"thumbnailUrl":"https:\/\/dualgree.com.br\/loja\/wp-content\/uploads\/2024\/10\/15297555570-1915-transformador-reator-6-3w-230vac-10-5vac-32830090-evaporador-piso-teto.jpeg","datePublished":"2024-10-08T11:46:20+00:00","breadcrumb":{"@id":"https:\/\/dualgree.com.br\/loja\/produto\/tr-fonte-transformador-do-ar-condicionado-piso-teto-carrier\/#breadcrumb"},"inLanguage":"pt-BR","potentialAction":[{"@type":"ReadAction","target":["https:\/\/dualgree.com.br\/loja\/produto\/tr-fonte-transformador-do-ar-condicionado-piso-teto-carrier\/"]}]},{"@type":"ImageObject","inLanguage":"pt-BR","@id":"https:\/\/dualgree.com.br\/loja\/produto\/tr-fonte-transformador-do-ar-condicionado-piso-teto-carrier\/#primaryimage","url":"https:\/\/dualgree.com.br\/loja\/wp-content\/uploads\/2024\/10\/15297555570-1915-transformador-reator-6-3w-230vac-10-5vac-32830090-evaporador-piso-teto.jpeg","contentUrl":"https:\/\/dualgree.com.br\/loja\/wp-content\/uploads\/2024\/10\/15297555570-1915-transformador-reator-6-3w-230vac-10-5vac-32830090-evaporador-piso-teto.jpeg","width":1280,"height":1280},{"@type":"BreadcrumbList","@id":"https:\/\/dualgree.com.br\/loja\/produto\/tr-fonte-transformador-do-ar-condicionado-piso-teto-carrier\/#breadcrumb","itemListElement":[{"@type":"ListItem","position":1,"name":"In\u00edcio","item":"https:\/\/dualgree.com.br\/loja\/"},{"@type":"ListItem","position":2,"name":"Loja &#8211; Cat\u00e1logo de Pe\u00e7as","item":"https:\/\/dualgree.com.br\/loja\/"},{"@type":"ListItem","position":3,"name":"Tr Fonte Transformador Do Ar Condicionado Piso Teto Carrier"}]},{"@type":"WebSite","@id":"https:\/\/dualgree.com.br\/loja\/#website","url":"https:\/\/dualgree.com.br\/loja\/","name":"Loja - Dual Gree Servi\u00e7os | Partes e Pe\u00e7as","description":"Catalogo de Pe\u00e7as para ar condicionado","publisher":{"@id":"https:\/\/dualgree.com.br\/loja\/#organization"},"potentialAction":[{"@type":"SearchAction","target":{"@type":"EntryPoint","urlTemplate":"https:\/\/dualgree.com.br\/loja\/?s={search_term_string}"},"query-input":{"@type":"PropertyValueSpecification","valueRequired":true,"valueName":"search_term_string"}}],"inLanguage":"pt-BR"},{"@type":"Organization","@id":"https:\/\/dualgree.com.br\/loja\/#organization","name":"Loja Dual Gree Servi\u00e7o","url":"https:\/\/dualgree.com.br\/loja\/","logo":{"@type":"ImageObject","inLanguage":"pt-BR","@id":"https:\/\/dualgree.com.br\/loja\/#\/schema\/logo\/image\/","url":"https:\/\/dualgree.com.br\/loja\/wp-content\/uploads\/2024\/09\/teste-logo-ecommerce-dual-1-e1725909304971.png","contentUrl":"https:\/\/dualgree.com.br\/loja\/wp-content\/uploads\/2024\/09\/teste-logo-ecommerce-dual-1-e1725909304971.png","width":470,"height":157,"caption":"Loja Dual Gree Servi\u00e7o"},"image":{"@id":"https:\/\/dualgree.com.br\/loja\/#\/schema\/logo\/image\/"}}]}},"jetpack_publicize_connections":[],"jetpack_sharing_enabled":true,"jetpack_likes_enabled":true,"_links":{"self":[{"href":"https:\/\/dualgree.com.br\/loja\/wp-json\/wp\/v2\/product\/7474","targetHints":{"allow":["GET"]}}],"collection":[{"href":"https:\/\/dualgree.com.br\/loja\/wp-json\/wp\/v2\/product"}],"about":[{"href":"https:\/\/dualgree.com.br\/loja\/wp-json\/wp\/v2\/types\/product"}],"replies":[{"embeddable":true,"href":"https:\/\/dualgree.com.br\/loja\/wp-json\/wp\/v2\/comments?post=7474"}],"wp:featuredmedia":[{"embeddable":true,"href":"https:\/\/dualgree.com.br\/loja\/wp-json\/wp\/v2\/media\/7473"}],"wp:attachment":[{"href":"https:\/\/dualgree.com.br\/loja\/wp-json\/wp\/v2\/media?parent=7474"}],"wp:term":[{"taxonomy":"product_brand","embeddable":true,"href":"https:\/\/dualgree.com.br\/loja\/wp-json\/wp\/v2\/product_brand?post=7474"},{"taxonomy":"product_cat","embeddable":true,"href":"https:\/\/dualgree.com.br\/loja\/wp-json\/wp\/v2\/product_cat?post=7474"},{"taxonomy":"product_tag","embeddable":true,"href":"https:\/\/dualgree.com.br\/loja\/wp-json\/wp\/v2\/product_tag?post=7474"}],"curies":[{"name":"wp","href":"https:\/\/api.w.org\/{rel}","templated":true}]}}