{"id":8759,"date":"2024-12-06T20:01:57","date_gmt":"2024-12-06T20:01:57","guid":{"rendered":"https:\/\/dualgree.com.br\/loja\/produto\/conector-trava-fixador-e-tubo-para-ar-portatil-delonghi-ag100\/"},"modified":"2026-04-28T18:19:57","modified_gmt":"2026-04-28T18:19:57","slug":"conector-trava-fixador-e-tubo-para-ar-portatil-delonghi-ag100","status":"publish","type":"product","link":"https:\/\/dualgree.com.br\/loja\/produto\/conector-trava-fixador-e-tubo-para-ar-portatil-delonghi-ag100\/","title":{"rendered":"Conector Trava fixador e tubo para ar portatil delonghi Ag10..."},"content":{"rendered":"<p><span style=\"font-family: arial, tahoma, verdana, helvetica;font-size: 14.72px\">DG4080 &#8211; Conector Trava fixador e tubo para ar portatil<\/span><br style=\"font-family: arial, tahoma, verdana, helvetica;font-size: 14.72px\" \/><br style=\"font-family: arial, tahoma, verdana, helvetica;font-size: 14.72px\" \/><span style=\"font-family: arial, tahoma, verdana, helvetica;font-size: 14.72px\">Este conector possui Garras que fixa na saida de exaustao do ar condicionado portatil.<\/span><\/p>\n<p>\u00a0<\/p>\n<p>Itens do anuncio<\/p>\n<p>1x Conector garras que vai no equipamento.<\/p>\n<p>1x Tubo flexivel 2 metros e diamentro de 13cm<br style=\"font-family: arial, tahoma, verdana, helvetica;font-size: 14.72px\" \/><br style=\"font-family: arial, tahoma, verdana, helvetica;font-size: 14.72px\" \/><span style=\"font-family: arial, tahoma, verdana, helvetica;font-size: 14.72px\">EM ABS SUPER QUALIDADE<\/span><\/p>\n<p>\u00a0<\/p>\n<p>! N\u00e3o compre para modelos diferentes do anunciado, frete devolu\u00e7\u00e3o por sua conta.<\/p>\n<p>\u00a0<\/p>\n<p>Fale com vendendor<\/p>\n<p>\u00a0<\/p>\n<p><br style=\"font-family: arial, tahoma, verdana, helvetica;font-size: 14.72px\" \/><span style=\"font-family: arial, tahoma, verdana, helvetica;font-size: 14.72px\">Compativel com<\/span><br style=\"font-family: arial, tahoma, verdana, helvetica;font-size: 14.72px\" \/><span style=\"font-family: arial, tahoma, verdana, helvetica;font-size: 14.72px\"><\/span><\/p>\n<p><span style=\"font-family: arial, tahoma, verdana, helvetica;font-size: 14.72px\">DELONGHI<\/span><span style=\"font-family: arial, tahoma, verdana, helvetica;font-size: 14.72px\">\u00a0AG100<\/span><\/p>\n<p><span style=\"font-family: arial, tahoma, verdana, helvetica;font-size: 14.72px\">DELONGHI<\/span><span style=\"font-family: arial, tahoma, verdana, helvetica;font-size: 14.72px\">PAC C100<\/span><br style=\"font-family: arial, tahoma, verdana, helvetica;font-size: 14.72px\" \/><span style=\"font-family: arial, tahoma, verdana, helvetica;font-size: 14.72px\">DELONGHI<\/span><span style=\"font-family: arial, tahoma, verdana, helvetica;font-size: 14.72px\">PAC C105<\/span><br style=\"font-family: arial, tahoma, verdana, helvetica;font-size: 14.72px\" \/><span style=\"font-family: arial, tahoma, verdana, helvetica;font-size: 14.72px\">DELONGHI<\/span><span style=\"font-family: arial, tahoma, verdana, helvetica;font-size: 14.72px\">PAC WE125<\/span><br style=\"font-family: arial, tahoma, verdana, helvetica;font-size: 14.72px\" \/><span style=\"font-family: arial, tahoma, verdana, helvetica;font-size: 14.72px\">PHILCO PH10000F1<\/span><br style=\"font-family: arial, tahoma, verdana, helvetica;font-size: 14.72px\" \/><span style=\"font-family: arial, tahoma, verdana, helvetica;font-size: 14.72px\">TCL\u00a0<\/span><span style=\"font-family: 'Proxima Nova', -apple-system, Roboto, Arial, sans-serif\">TAC-12CHPA\/C<\/span><br style=\"font-family: arial, tahoma, verdana, helvetica;font-size: 14.72px\" \/><span style=\"font-family: arial, tahoma, verdana, helvetica;font-size: 14.72px\">PHILCO PH10000QF1<\/span><span style=\"font-family: 'Proxima Nova', -apple-system, Roboto, Arial, sans-serif\"><\/span><\/p>\n<p>\u00a0<\/p>\n","protected":false},"excerpt":{"rendered":"<p>DG4080 &#8211; Conector Trava fixador e tubo para ar portatilEste conector possui Garras que fixa na saida de exaustao do ar condicionado portatil. \u00a0 Itens do anuncio 1x Conector garras que vai no equipamento. 1x Tubo flexivel 2 metros e diamentro de 13cmEM ABS SUPER QUALIDADE \u00a0 ! N\u00e3o compre para modelos diferentes do anunciado,&#8230;<\/p>\n","protected":false},"featured_media":8755,"comment_status":"open","ping_status":"closed","template":"","meta":{"_kadence_starter_templates_imported_post":false,"_kad_post_transparent":"","_kad_post_title":"","_kad_post_layout":"","_kad_post_sidebar_id":"","_kad_post_content_style":"","_kad_post_vertical_padding":"","_kad_post_feature":"","_kad_post_feature_position":"","_kad_post_header":false,"_kad_post_footer":false,"jetpack_publicize_message":"","jetpack_publicize_feature_enabled":true,"jetpack_social_post_already_shared":false,"jetpack_social_options":{"image_generator_settings":{"template":"highway","default_image_id":0,"font":"","enabled":false},"version":2}},"product_brand":[],"product_cat":[269,225,244],"product_tag":[],"class_list":{"0":"post-8759","1":"product","2":"type-product","3":"status-publish","4":"has-post-thumbnail","6":"product_cat-conector-acoplador-ar-portatil","7":"product_cat-delonghi","8":"product_cat-duto-para-ar-portatil","10":"first","11":"instock","12":"shipping-taxable","13":"purchasable","14":"product-type-simple","15":"entry","16":"content-bg","17":"loop-entry"},"yoast_head":"<!-- This site is optimized with the Yoast SEO plugin v27.5 - https:\/\/yoast.com\/product\/yoast-seo-wordpress\/ -->\n<title>Conector Trava fixador e tubo para ar portatil delonghi Ag100 - Loja - Dual Gree Servi\u00e7os | Pe\u00e7as<\/title>\n<meta name=\"robots\" content=\"index, follow, max-snippet:-1, max-image-preview:large, max-video-preview:-1\" \/>\n<link rel=\"canonical\" href=\"https:\/\/dualgree.com.br\/loja\/produto\/conector-trava-fixador-e-tubo-para-ar-portatil-delonghi-ag100\/\" \/>\n<meta property=\"og:locale\" content=\"pt_BR\" \/>\n<meta property=\"og:type\" content=\"article\" \/>\n<meta property=\"og:title\" content=\"Conector Trava fixador e tubo para ar portatil delonghi Ag100 - Loja - Dual Gree Servi\u00e7os | Pe\u00e7as\" \/>\n<meta property=\"og:description\" content=\"DG4080 &#8211; Conector Trava fixador e tubo para ar portatilEste conector possui Garras que fixa na saida de exaustao do ar condicionado portatil. \u00a0 Itens do anuncio 1x Conector garras que vai no equipamento. 1x Tubo flexivel 2 metros e diamentro de 13cmEM ABS SUPER QUALIDADE \u00a0 ! N\u00e3o compre para modelos diferentes do anunciado,...\" \/>\n<meta property=\"og:url\" content=\"https:\/\/dualgree.com.br\/loja\/produto\/conector-trava-fixador-e-tubo-para-ar-portatil-delonghi-ag100\/\" \/>\n<meta property=\"og:site_name\" content=\"Loja - Dual Gree Servi\u00e7os | Pe\u00e7as\" \/>\n<meta property=\"article:modified_time\" content=\"2026-04-28T18:19:57+00:00\" \/>\n<meta name=\"twitter:card\" content=\"summary_large_image\" \/>\n<script type=\"application\/ld+json\" class=\"yoast-schema-graph\">{\"@context\":\"https:\\\/\\\/schema.org\",\"@graph\":[{\"@type\":\"WebPage\",\"@id\":\"https:\\\/\\\/dualgree.com.br\\\/loja\\\/produto\\\/conector-trava-fixador-e-tubo-para-ar-portatil-delonghi-ag100\\\/\",\"url\":\"https:\\\/\\\/dualgree.com.br\\\/loja\\\/produto\\\/conector-trava-fixador-e-tubo-para-ar-portatil-delonghi-ag100\\\/\",\"name\":\"Conector Trava fixador e tubo para ar portatil delonghi Ag100 - Loja - Dual Gree Servi\u00e7os | Pe\u00e7as\",\"isPartOf\":{\"@id\":\"https:\\\/\\\/dualgree.com.br\\\/loja\\\/#website\"},\"primaryImageOfPage\":{\"@id\":\"https:\\\/\\\/dualgree.com.br\\\/loja\\\/produto\\\/conector-trava-fixador-e-tubo-para-ar-portatil-delonghi-ag100\\\/#primaryimage\"},\"image\":{\"@id\":\"https:\\\/\\\/dualgree.com.br\\\/loja\\\/produto\\\/conector-trava-fixador-e-tubo-para-ar-portatil-delonghi-ag100\\\/#primaryimage\"},\"thumbnailUrl\":\"https:\\\/\\\/dualgree.com.br\\\/loja\\\/wp-content\\\/uploads\\\/2024\\\/12\\\/15313831031-conector-trava-fixador-e-tubo-para-ar-portatil-delonghi-ag100-2.jpeg\",\"datePublished\":\"2024-12-06T20:01:57+00:00\",\"dateModified\":\"2026-04-28T18:19:57+00:00\",\"breadcrumb\":{\"@id\":\"https:\\\/\\\/dualgree.com.br\\\/loja\\\/produto\\\/conector-trava-fixador-e-tubo-para-ar-portatil-delonghi-ag100\\\/#breadcrumb\"},\"inLanguage\":\"pt-BR\",\"potentialAction\":[{\"@type\":\"ReadAction\",\"target\":[\"https:\\\/\\\/dualgree.com.br\\\/loja\\\/produto\\\/conector-trava-fixador-e-tubo-para-ar-portatil-delonghi-ag100\\\/\"]}]},{\"@type\":\"ImageObject\",\"inLanguage\":\"pt-BR\",\"@id\":\"https:\\\/\\\/dualgree.com.br\\\/loja\\\/produto\\\/conector-trava-fixador-e-tubo-para-ar-portatil-delonghi-ag100\\\/#primaryimage\",\"url\":\"https:\\\/\\\/dualgree.com.br\\\/loja\\\/wp-content\\\/uploads\\\/2024\\\/12\\\/15313831031-conector-trava-fixador-e-tubo-para-ar-portatil-delonghi-ag100-2.jpeg\",\"contentUrl\":\"https:\\\/\\\/dualgree.com.br\\\/loja\\\/wp-content\\\/uploads\\\/2024\\\/12\\\/15313831031-conector-trava-fixador-e-tubo-para-ar-portatil-delonghi-ag100-2.jpeg\",\"width\":1280,\"height\":1280},{\"@type\":\"BreadcrumbList\",\"@id\":\"https:\\\/\\\/dualgree.com.br\\\/loja\\\/produto\\\/conector-trava-fixador-e-tubo-para-ar-portatil-delonghi-ag100\\\/#breadcrumb\",\"itemListElement\":[{\"@type\":\"ListItem\",\"position\":1,\"name\":\"In\u00edcio\",\"item\":\"https:\\\/\\\/dualgree.com.br\\\/loja\\\/\"},{\"@type\":\"ListItem\",\"position\":2,\"name\":\"Loja &#8211; Cat\u00e1logo de Pe\u00e7as\",\"item\":\"https:\\\/\\\/dualgree.com.br\\\/loja\\\/\"},{\"@type\":\"ListItem\",\"position\":3,\"name\":\"Conector Trava fixador e tubo para ar portatil delonghi Ag10...\"}]},{\"@type\":\"WebSite\",\"@id\":\"https:\\\/\\\/dualgree.com.br\\\/loja\\\/#website\",\"url\":\"https:\\\/\\\/dualgree.com.br\\\/loja\\\/\",\"name\":\"Loja - Dual Gree Servi\u00e7os | Partes e Pe\u00e7as\",\"description\":\"Catalogo de Pe\u00e7as para ar condicionado\",\"publisher\":{\"@id\":\"https:\\\/\\\/dualgree.com.br\\\/loja\\\/#organization\"},\"potentialAction\":[{\"@type\":\"SearchAction\",\"target\":{\"@type\":\"EntryPoint\",\"urlTemplate\":\"https:\\\/\\\/dualgree.com.br\\\/loja\\\/?s={search_term_string}\"},\"query-input\":{\"@type\":\"PropertyValueSpecification\",\"valueRequired\":true,\"valueName\":\"search_term_string\"}}],\"inLanguage\":\"pt-BR\"},{\"@type\":\"Organization\",\"@id\":\"https:\\\/\\\/dualgree.com.br\\\/loja\\\/#organization\",\"name\":\"Loja Dual Gree Servi\u00e7o\",\"url\":\"https:\\\/\\\/dualgree.com.br\\\/loja\\\/\",\"logo\":{\"@type\":\"ImageObject\",\"inLanguage\":\"pt-BR\",\"@id\":\"https:\\\/\\\/dualgree.com.br\\\/loja\\\/#\\\/schema\\\/logo\\\/image\\\/\",\"url\":\"https:\\\/\\\/dualgree.com.br\\\/loja\\\/wp-content\\\/uploads\\\/2024\\\/09\\\/teste-logo-ecommerce-dual-1-e1725909304971.png\",\"contentUrl\":\"https:\\\/\\\/dualgree.com.br\\\/loja\\\/wp-content\\\/uploads\\\/2024\\\/09\\\/teste-logo-ecommerce-dual-1-e1725909304971.png\",\"width\":470,\"height\":157,\"caption\":\"Loja Dual Gree Servi\u00e7o\"},\"image\":{\"@id\":\"https:\\\/\\\/dualgree.com.br\\\/loja\\\/#\\\/schema\\\/logo\\\/image\\\/\"}}]}<\/script>\n<!-- \/ Yoast SEO plugin. -->","yoast_head_json":{"title":"Conector Trava fixador e tubo para ar portatil delonghi Ag100 - Loja - Dual Gree Servi\u00e7os | Pe\u00e7as","robots":{"index":"index","follow":"follow","max-snippet":"max-snippet:-1","max-image-preview":"max-image-preview:large","max-video-preview":"max-video-preview:-1"},"canonical":"https:\/\/dualgree.com.br\/loja\/produto\/conector-trava-fixador-e-tubo-para-ar-portatil-delonghi-ag100\/","og_locale":"pt_BR","og_type":"article","og_title":"Conector Trava fixador e tubo para ar portatil delonghi Ag100 - Loja - Dual Gree Servi\u00e7os | Pe\u00e7as","og_description":"DG4080 &#8211; Conector Trava fixador e tubo para ar portatilEste conector possui Garras que fixa na saida de exaustao do ar condicionado portatil. \u00a0 Itens do anuncio 1x Conector garras que vai no equipamento. 1x Tubo flexivel 2 metros e diamentro de 13cmEM ABS SUPER QUALIDADE \u00a0 ! N\u00e3o compre para modelos diferentes do anunciado,...","og_url":"https:\/\/dualgree.com.br\/loja\/produto\/conector-trava-fixador-e-tubo-para-ar-portatil-delonghi-ag100\/","og_site_name":"Loja - Dual Gree Servi\u00e7os | Pe\u00e7as","article_modified_time":"2026-04-28T18:19:57+00:00","twitter_card":"summary_large_image","schema":{"@context":"https:\/\/schema.org","@graph":[{"@type":"WebPage","@id":"https:\/\/dualgree.com.br\/loja\/produto\/conector-trava-fixador-e-tubo-para-ar-portatil-delonghi-ag100\/","url":"https:\/\/dualgree.com.br\/loja\/produto\/conector-trava-fixador-e-tubo-para-ar-portatil-delonghi-ag100\/","name":"Conector Trava fixador e tubo para ar portatil delonghi Ag100 - Loja - Dual Gree Servi\u00e7os | Pe\u00e7as","isPartOf":{"@id":"https:\/\/dualgree.com.br\/loja\/#website"},"primaryImageOfPage":{"@id":"https:\/\/dualgree.com.br\/loja\/produto\/conector-trava-fixador-e-tubo-para-ar-portatil-delonghi-ag100\/#primaryimage"},"image":{"@id":"https:\/\/dualgree.com.br\/loja\/produto\/conector-trava-fixador-e-tubo-para-ar-portatil-delonghi-ag100\/#primaryimage"},"thumbnailUrl":"https:\/\/dualgree.com.br\/loja\/wp-content\/uploads\/2024\/12\/15313831031-conector-trava-fixador-e-tubo-para-ar-portatil-delonghi-ag100-2.jpeg","datePublished":"2024-12-06T20:01:57+00:00","dateModified":"2026-04-28T18:19:57+00:00","breadcrumb":{"@id":"https:\/\/dualgree.com.br\/loja\/produto\/conector-trava-fixador-e-tubo-para-ar-portatil-delonghi-ag100\/#breadcrumb"},"inLanguage":"pt-BR","potentialAction":[{"@type":"ReadAction","target":["https:\/\/dualgree.com.br\/loja\/produto\/conector-trava-fixador-e-tubo-para-ar-portatil-delonghi-ag100\/"]}]},{"@type":"ImageObject","inLanguage":"pt-BR","@id":"https:\/\/dualgree.com.br\/loja\/produto\/conector-trava-fixador-e-tubo-para-ar-portatil-delonghi-ag100\/#primaryimage","url":"https:\/\/dualgree.com.br\/loja\/wp-content\/uploads\/2024\/12\/15313831031-conector-trava-fixador-e-tubo-para-ar-portatil-delonghi-ag100-2.jpeg","contentUrl":"https:\/\/dualgree.com.br\/loja\/wp-content\/uploads\/2024\/12\/15313831031-conector-trava-fixador-e-tubo-para-ar-portatil-delonghi-ag100-2.jpeg","width":1280,"height":1280},{"@type":"BreadcrumbList","@id":"https:\/\/dualgree.com.br\/loja\/produto\/conector-trava-fixador-e-tubo-para-ar-portatil-delonghi-ag100\/#breadcrumb","itemListElement":[{"@type":"ListItem","position":1,"name":"In\u00edcio","item":"https:\/\/dualgree.com.br\/loja\/"},{"@type":"ListItem","position":2,"name":"Loja &#8211; Cat\u00e1logo de Pe\u00e7as","item":"https:\/\/dualgree.com.br\/loja\/"},{"@type":"ListItem","position":3,"name":"Conector Trava fixador e tubo para ar portatil delonghi Ag10..."}]},{"@type":"WebSite","@id":"https:\/\/dualgree.com.br\/loja\/#website","url":"https:\/\/dualgree.com.br\/loja\/","name":"Loja - Dual Gree Servi\u00e7os | Partes e Pe\u00e7as","description":"Catalogo de Pe\u00e7as para ar condicionado","publisher":{"@id":"https:\/\/dualgree.com.br\/loja\/#organization"},"potentialAction":[{"@type":"SearchAction","target":{"@type":"EntryPoint","urlTemplate":"https:\/\/dualgree.com.br\/loja\/?s={search_term_string}"},"query-input":{"@type":"PropertyValueSpecification","valueRequired":true,"valueName":"search_term_string"}}],"inLanguage":"pt-BR"},{"@type":"Organization","@id":"https:\/\/dualgree.com.br\/loja\/#organization","name":"Loja Dual Gree Servi\u00e7o","url":"https:\/\/dualgree.com.br\/loja\/","logo":{"@type":"ImageObject","inLanguage":"pt-BR","@id":"https:\/\/dualgree.com.br\/loja\/#\/schema\/logo\/image\/","url":"https:\/\/dualgree.com.br\/loja\/wp-content\/uploads\/2024\/09\/teste-logo-ecommerce-dual-1-e1725909304971.png","contentUrl":"https:\/\/dualgree.com.br\/loja\/wp-content\/uploads\/2024\/09\/teste-logo-ecommerce-dual-1-e1725909304971.png","width":470,"height":157,"caption":"Loja Dual Gree Servi\u00e7o"},"image":{"@id":"https:\/\/dualgree.com.br\/loja\/#\/schema\/logo\/image\/"}}]}},"jetpack_publicize_connections":[],"jetpack_sharing_enabled":true,"jetpack_likes_enabled":true,"_links":{"self":[{"href":"https:\/\/dualgree.com.br\/loja\/wp-json\/wp\/v2\/product\/8759","targetHints":{"allow":["GET"]}}],"collection":[{"href":"https:\/\/dualgree.com.br\/loja\/wp-json\/wp\/v2\/product"}],"about":[{"href":"https:\/\/dualgree.com.br\/loja\/wp-json\/wp\/v2\/types\/product"}],"replies":[{"embeddable":true,"href":"https:\/\/dualgree.com.br\/loja\/wp-json\/wp\/v2\/comments?post=8759"}],"wp:featuredmedia":[{"embeddable":true,"href":"https:\/\/dualgree.com.br\/loja\/wp-json\/wp\/v2\/media\/8755"}],"wp:attachment":[{"href":"https:\/\/dualgree.com.br\/loja\/wp-json\/wp\/v2\/media?parent=8759"}],"wp:term":[{"taxonomy":"product_brand","embeddable":true,"href":"https:\/\/dualgree.com.br\/loja\/wp-json\/wp\/v2\/product_brand?post=8759"},{"taxonomy":"product_cat","embeddable":true,"href":"https:\/\/dualgree.com.br\/loja\/wp-json\/wp\/v2\/product_cat?post=8759"},{"taxonomy":"product_tag","embeddable":true,"href":"https:\/\/dualgree.com.br\/loja\/wp-json\/wp\/v2\/product_tag?post=8759"}],"curies":[{"name":"wp","href":"https:\/\/api.w.org\/{rel}","templated":true}]}}