{"id":9247,"date":"2025-04-12T18:10:01","date_gmt":"2025-04-12T18:10:01","guid":{"rendered":"https:\/\/dualgree.com.br\/loja\/produto\/kit-completo-para-ar-condicionado-portatil-springer-midea-mpc-12crv1-mpc-12crv2\/"},"modified":"2026-04-28T18:19:58","modified_gmt":"2026-04-28T18:19:58","slug":"kit-completo-para-ar-condicionado-portatil-springer-midea-mpc-12crv1-mpc-12crv2","status":"publish","type":"product","link":"https:\/\/dualgree.com.br\/loja\/produto\/kit-completo-para-ar-condicionado-portatil-springer-midea-mpc-12crv1-mpc-12crv2\/","title":{"rendered":"Kit completo para ar condicionado portatil Springer midea MP..."},"content":{"rendered":"<p><span style=\"color: #666666;font-family: 'Proxima Nova', -apple-system, Roboto, Arial, sans-serif;font-size: 20px\">Kit completo para ar condicionado portatil compativel com Springer midea.<\/span><\/p>\n<p>\u00a0<\/p>\n<p>Veja as fotos do anuncio antes de comprar!.<\/p>\n<p>\u00a0<\/p>\n<p>N\u00c3O COMPRE, SE SEU MODELO N\u00c3O ESTIVER EM DESCRI\u00c7\u00c3O FALE COM VENDEDOR.<\/p>\n<p><br style=\"color: #666666;font-family: 'Proxima Nova', -apple-system, Roboto, Arial, sans-serif;font-size: 20px\" \/><span style=\"color: #666666;font-family: 'Proxima Nova', -apple-system, Roboto, Arial, sans-serif;font-size: 20px\">Itens do Kit.<\/span><br style=\"color: #666666;font-family: 'Proxima Nova', -apple-system, Roboto, Arial, sans-serif;font-size: 20px\" \/><span style=\"color: #666666;font-family: 'Proxima Nova', -apple-system, Roboto, Arial, sans-serif;font-size: 20px\">1x 4082\u00a0 &#8211; Regua ajustavel at\u00e9 1,26.<\/span><br style=\"color: #666666;font-family: 'Proxima Nova', -apple-system, Roboto, Arial, sans-serif;font-size: 20px\" \/><span style=\"color: #666666;font-family: 'Proxima Nova', -apple-system, Roboto, Arial, sans-serif;font-size: 20px\">1x 4081\u00a0 &#8211; conector da regua rosca esquerda 15cm.<\/span><br style=\"color: #666666;font-family: 'Proxima Nova', -apple-system, Roboto, Arial, sans-serif;font-size: 20px\" \/><span style=\"color: #666666;font-family: 'Proxima Nova', -apple-system, Roboto, Arial, sans-serif;font-size: 20px\">1x 044\u00a0 \u00a0 &#8211; Tubo sanfonado com 2 metros de comprimento aberto alta qualidade.<\/span><br style=\"color: #666666;font-family: 'Proxima Nova', -apple-system, Roboto, Arial, sans-serif;font-size: 20px\" \/><span style=\"color: #666666;font-family: 'Proxima Nova', -apple-system, Roboto, Arial, sans-serif;font-size: 20px\">1x 4119\u00a0 &#8211; Conector fixo do equipamento com rosca que impede a soltura do tubo.<\/span><br style=\"color: #666666;font-family: 'Proxima Nova', -apple-system, Roboto, Arial, sans-serif;font-size: 20px\" \/><br style=\"color: #666666;font-family: 'Proxima Nova', -apple-system, Roboto, Arial, sans-serif;font-size: 20px\" \/><span style=\"color: #666666;font-family: 'Proxima Nova', -apple-system, Roboto, Arial, sans-serif;font-size: 20px\">Compativel com os modelos.<\/span><br style=\"color: #666666;font-family: 'Proxima Nova', -apple-system, Roboto, Arial, sans-serif;font-size: 20px\" \/><span style=\"color: #666666;font-family: 'Proxima Nova', -apple-system, Roboto, Arial, sans-serif;font-size: 20px\">Compativel com<\/span><br style=\"color: #666666;font-family: 'Proxima Nova', -apple-system, Roboto, Arial, sans-serif;font-size: 20px\" \/><span style=\"color: #666666;font-family: Proxima Nova, -apple-system, Roboto, Arial, sans-serif\"><span style=\"font-size: 20px\">MPB-12CRV1.<\/span><\/span><\/p>\n<p><span style=\"color: #666666;font-family: Proxima Nova, -apple-system, Roboto, Arial, sans-serif\"><span style=\"font-size: 20px\">MPB-12CRV2.<\/span><\/span><\/p>\n<p><span style=\"color: #666666;font-family: Proxima Nova, -apple-system, Roboto, Arial, sans-serif\"><span style=\"font-size: 20px\">MPC-12CRV1.<\/span><\/span><\/p>\n<p><span style=\"color: #666666;font-family: Proxima Nova, -apple-system, Roboto, Arial, sans-serif\"><span style=\"font-size: 20px\">MPC-12CRV2.<\/span><\/span><\/p>\n","protected":false},"excerpt":{"rendered":"<p>Kit completo para ar condicionado portatil compativel com Springer midea. \u00a0 Veja as fotos do anuncio antes de comprar!. \u00a0 N\u00c3O COMPRE, SE SEU MODELO N\u00c3O ESTIVER EM DESCRI\u00c7\u00c3O FALE COM VENDEDOR. Itens do Kit.1x 4082\u00a0 &#8211; Regua ajustavel at\u00e9 1,26.1x 4081\u00a0 &#8211; conector da regua rosca esquerda 15cm.1x 044\u00a0 \u00a0 &#8211; Tubo sanfonado com&#8230;<\/p>\n","protected":false},"featured_media":9245,"comment_status":"open","ping_status":"closed","template":"","meta":{"_kadence_starter_templates_imported_post":false,"_kad_post_transparent":"","_kad_post_title":"","_kad_post_layout":"","_kad_post_sidebar_id":"","_kad_post_content_style":"","_kad_post_vertical_padding":"","_kad_post_feature":"","_kad_post_feature_position":"","_kad_post_header":false,"_kad_post_footer":false,"jetpack_publicize_message":"","jetpack_publicize_feature_enabled":true,"jetpack_social_post_already_shared":false,"jetpack_social_options":{"image_generator_settings":{"template":"highway","default_image_id":0,"font":"","enabled":false},"version":2}},"product_brand":[],"product_cat":[244,245,176,179],"product_tag":[],"class_list":{"0":"post-9247","1":"product","2":"type-product","3":"status-publish","4":"has-post-thumbnail","6":"product_cat-duto-para-ar-portatil","7":"product_cat-kit-duto-ar-portatil","8":"product_cat-midea","9":"product_cat-springer","11":"first","12":"instock","13":"shipping-taxable","14":"purchasable","15":"product-type-simple","16":"entry","17":"content-bg","18":"loop-entry"},"yoast_head":"<!-- This site is optimized with the Yoast SEO plugin v27.5 - https:\/\/yoast.com\/product\/yoast-seo-wordpress\/ -->\n<title>Kit completo para ar condicionado portatil Springer midea MPC-12CRV1 MPC-12CRV2 - Loja - Dual Gree Servi\u00e7os | Pe\u00e7as<\/title>\n<meta name=\"robots\" content=\"index, follow, max-snippet:-1, max-image-preview:large, max-video-preview:-1\" \/>\n<link rel=\"canonical\" href=\"https:\/\/dualgree.com.br\/loja\/produto\/kit-completo-para-ar-condicionado-portatil-springer-midea-mpc-12crv1-mpc-12crv2\/\" \/>\n<meta property=\"og:locale\" content=\"pt_BR\" \/>\n<meta property=\"og:type\" content=\"article\" \/>\n<meta property=\"og:title\" content=\"Kit completo para ar condicionado portatil Springer midea MPC-12CRV1 MPC-12CRV2 - Loja - Dual Gree Servi\u00e7os | Pe\u00e7as\" \/>\n<meta property=\"og:description\" content=\"Kit completo para ar condicionado portatil compativel com Springer midea. \u00a0 Veja as fotos do anuncio antes de comprar!. \u00a0 N\u00c3O COMPRE, SE SEU MODELO N\u00c3O ESTIVER EM DESCRI\u00c7\u00c3O FALE COM VENDEDOR. Itens do Kit.1x 4082\u00a0 &#8211; Regua ajustavel at\u00e9 1,26.1x 4081\u00a0 &#8211; conector da regua rosca esquerda 15cm.1x 044\u00a0 \u00a0 &#8211; Tubo sanfonado com...\" \/>\n<meta property=\"og:url\" content=\"https:\/\/dualgree.com.br\/loja\/produto\/kit-completo-para-ar-condicionado-portatil-springer-midea-mpc-12crv1-mpc-12crv2\/\" \/>\n<meta property=\"og:site_name\" content=\"Loja - Dual Gree Servi\u00e7os | Pe\u00e7as\" \/>\n<meta property=\"article:modified_time\" content=\"2026-04-28T18:19:58+00:00\" \/>\n<meta name=\"twitter:card\" content=\"summary_large_image\" \/>\n<script type=\"application\/ld+json\" class=\"yoast-schema-graph\">{\"@context\":\"https:\\\/\\\/schema.org\",\"@graph\":[{\"@type\":\"WebPage\",\"@id\":\"https:\\\/\\\/dualgree.com.br\\\/loja\\\/produto\\\/kit-completo-para-ar-condicionado-portatil-springer-midea-mpc-12crv1-mpc-12crv2\\\/\",\"url\":\"https:\\\/\\\/dualgree.com.br\\\/loja\\\/produto\\\/kit-completo-para-ar-condicionado-portatil-springer-midea-mpc-12crv1-mpc-12crv2\\\/\",\"name\":\"Kit completo para ar condicionado portatil Springer midea MPC-12CRV1 MPC-12CRV2 - Loja - Dual Gree Servi\u00e7os | Pe\u00e7as\",\"isPartOf\":{\"@id\":\"https:\\\/\\\/dualgree.com.br\\\/loja\\\/#website\"},\"primaryImageOfPage\":{\"@id\":\"https:\\\/\\\/dualgree.com.br\\\/loja\\\/produto\\\/kit-completo-para-ar-condicionado-portatil-springer-midea-mpc-12crv1-mpc-12crv2\\\/#primaryimage\"},\"image\":{\"@id\":\"https:\\\/\\\/dualgree.com.br\\\/loja\\\/produto\\\/kit-completo-para-ar-condicionado-portatil-springer-midea-mpc-12crv1-mpc-12crv2\\\/#primaryimage\"},\"thumbnailUrl\":\"https:\\\/\\\/dualgree.com.br\\\/loja\\\/wp-content\\\/uploads\\\/2025\\\/04\\\/15298633163-kit-philco-conector-4119.jpg\",\"datePublished\":\"2025-04-12T18:10:01+00:00\",\"dateModified\":\"2026-04-28T18:19:58+00:00\",\"breadcrumb\":{\"@id\":\"https:\\\/\\\/dualgree.com.br\\\/loja\\\/produto\\\/kit-completo-para-ar-condicionado-portatil-springer-midea-mpc-12crv1-mpc-12crv2\\\/#breadcrumb\"},\"inLanguage\":\"pt-BR\",\"potentialAction\":[{\"@type\":\"ReadAction\",\"target\":[\"https:\\\/\\\/dualgree.com.br\\\/loja\\\/produto\\\/kit-completo-para-ar-condicionado-portatil-springer-midea-mpc-12crv1-mpc-12crv2\\\/\"]}]},{\"@type\":\"ImageObject\",\"inLanguage\":\"pt-BR\",\"@id\":\"https:\\\/\\\/dualgree.com.br\\\/loja\\\/produto\\\/kit-completo-para-ar-condicionado-portatil-springer-midea-mpc-12crv1-mpc-12crv2\\\/#primaryimage\",\"url\":\"https:\\\/\\\/dualgree.com.br\\\/loja\\\/wp-content\\\/uploads\\\/2025\\\/04\\\/15298633163-kit-philco-conector-4119.jpg\",\"contentUrl\":\"https:\\\/\\\/dualgree.com.br\\\/loja\\\/wp-content\\\/uploads\\\/2025\\\/04\\\/15298633163-kit-philco-conector-4119.jpg\",\"width\":1280,\"height\":1280},{\"@type\":\"BreadcrumbList\",\"@id\":\"https:\\\/\\\/dualgree.com.br\\\/loja\\\/produto\\\/kit-completo-para-ar-condicionado-portatil-springer-midea-mpc-12crv1-mpc-12crv2\\\/#breadcrumb\",\"itemListElement\":[{\"@type\":\"ListItem\",\"position\":1,\"name\":\"In\u00edcio\",\"item\":\"https:\\\/\\\/dualgree.com.br\\\/loja\\\/\"},{\"@type\":\"ListItem\",\"position\":2,\"name\":\"Loja &#8211; Cat\u00e1logo de Pe\u00e7as\",\"item\":\"https:\\\/\\\/dualgree.com.br\\\/loja\\\/\"},{\"@type\":\"ListItem\",\"position\":3,\"name\":\"Kit completo para ar condicionado portatil Springer midea MP...\"}]},{\"@type\":\"WebSite\",\"@id\":\"https:\\\/\\\/dualgree.com.br\\\/loja\\\/#website\",\"url\":\"https:\\\/\\\/dualgree.com.br\\\/loja\\\/\",\"name\":\"Loja - Dual Gree Servi\u00e7os | Partes e Pe\u00e7as\",\"description\":\"Catalogo de Pe\u00e7as para ar condicionado\",\"publisher\":{\"@id\":\"https:\\\/\\\/dualgree.com.br\\\/loja\\\/#organization\"},\"potentialAction\":[{\"@type\":\"SearchAction\",\"target\":{\"@type\":\"EntryPoint\",\"urlTemplate\":\"https:\\\/\\\/dualgree.com.br\\\/loja\\\/?s={search_term_string}\"},\"query-input\":{\"@type\":\"PropertyValueSpecification\",\"valueRequired\":true,\"valueName\":\"search_term_string\"}}],\"inLanguage\":\"pt-BR\"},{\"@type\":\"Organization\",\"@id\":\"https:\\\/\\\/dualgree.com.br\\\/loja\\\/#organization\",\"name\":\"Loja Dual Gree Servi\u00e7o\",\"url\":\"https:\\\/\\\/dualgree.com.br\\\/loja\\\/\",\"logo\":{\"@type\":\"ImageObject\",\"inLanguage\":\"pt-BR\",\"@id\":\"https:\\\/\\\/dualgree.com.br\\\/loja\\\/#\\\/schema\\\/logo\\\/image\\\/\",\"url\":\"https:\\\/\\\/dualgree.com.br\\\/loja\\\/wp-content\\\/uploads\\\/2024\\\/09\\\/teste-logo-ecommerce-dual-1-e1725909304971.png\",\"contentUrl\":\"https:\\\/\\\/dualgree.com.br\\\/loja\\\/wp-content\\\/uploads\\\/2024\\\/09\\\/teste-logo-ecommerce-dual-1-e1725909304971.png\",\"width\":470,\"height\":157,\"caption\":\"Loja Dual Gree Servi\u00e7o\"},\"image\":{\"@id\":\"https:\\\/\\\/dualgree.com.br\\\/loja\\\/#\\\/schema\\\/logo\\\/image\\\/\"}}]}<\/script>\n<!-- \/ Yoast SEO plugin. -->","yoast_head_json":{"title":"Kit completo para ar condicionado portatil Springer midea MPC-12CRV1 MPC-12CRV2 - Loja - Dual Gree Servi\u00e7os | Pe\u00e7as","robots":{"index":"index","follow":"follow","max-snippet":"max-snippet:-1","max-image-preview":"max-image-preview:large","max-video-preview":"max-video-preview:-1"},"canonical":"https:\/\/dualgree.com.br\/loja\/produto\/kit-completo-para-ar-condicionado-portatil-springer-midea-mpc-12crv1-mpc-12crv2\/","og_locale":"pt_BR","og_type":"article","og_title":"Kit completo para ar condicionado portatil Springer midea MPC-12CRV1 MPC-12CRV2 - Loja - Dual Gree Servi\u00e7os | Pe\u00e7as","og_description":"Kit completo para ar condicionado portatil compativel com Springer midea. \u00a0 Veja as fotos do anuncio antes de comprar!. \u00a0 N\u00c3O COMPRE, SE SEU MODELO N\u00c3O ESTIVER EM DESCRI\u00c7\u00c3O FALE COM VENDEDOR. Itens do Kit.1x 4082\u00a0 &#8211; Regua ajustavel at\u00e9 1,26.1x 4081\u00a0 &#8211; conector da regua rosca esquerda 15cm.1x 044\u00a0 \u00a0 &#8211; Tubo sanfonado com...","og_url":"https:\/\/dualgree.com.br\/loja\/produto\/kit-completo-para-ar-condicionado-portatil-springer-midea-mpc-12crv1-mpc-12crv2\/","og_site_name":"Loja - Dual Gree Servi\u00e7os | Pe\u00e7as","article_modified_time":"2026-04-28T18:19:58+00:00","twitter_card":"summary_large_image","schema":{"@context":"https:\/\/schema.org","@graph":[{"@type":"WebPage","@id":"https:\/\/dualgree.com.br\/loja\/produto\/kit-completo-para-ar-condicionado-portatil-springer-midea-mpc-12crv1-mpc-12crv2\/","url":"https:\/\/dualgree.com.br\/loja\/produto\/kit-completo-para-ar-condicionado-portatil-springer-midea-mpc-12crv1-mpc-12crv2\/","name":"Kit completo para ar condicionado portatil Springer midea MPC-12CRV1 MPC-12CRV2 - Loja - Dual Gree Servi\u00e7os | Pe\u00e7as","isPartOf":{"@id":"https:\/\/dualgree.com.br\/loja\/#website"},"primaryImageOfPage":{"@id":"https:\/\/dualgree.com.br\/loja\/produto\/kit-completo-para-ar-condicionado-portatil-springer-midea-mpc-12crv1-mpc-12crv2\/#primaryimage"},"image":{"@id":"https:\/\/dualgree.com.br\/loja\/produto\/kit-completo-para-ar-condicionado-portatil-springer-midea-mpc-12crv1-mpc-12crv2\/#primaryimage"},"thumbnailUrl":"https:\/\/dualgree.com.br\/loja\/wp-content\/uploads\/2025\/04\/15298633163-kit-philco-conector-4119.jpg","datePublished":"2025-04-12T18:10:01+00:00","dateModified":"2026-04-28T18:19:58+00:00","breadcrumb":{"@id":"https:\/\/dualgree.com.br\/loja\/produto\/kit-completo-para-ar-condicionado-portatil-springer-midea-mpc-12crv1-mpc-12crv2\/#breadcrumb"},"inLanguage":"pt-BR","potentialAction":[{"@type":"ReadAction","target":["https:\/\/dualgree.com.br\/loja\/produto\/kit-completo-para-ar-condicionado-portatil-springer-midea-mpc-12crv1-mpc-12crv2\/"]}]},{"@type":"ImageObject","inLanguage":"pt-BR","@id":"https:\/\/dualgree.com.br\/loja\/produto\/kit-completo-para-ar-condicionado-portatil-springer-midea-mpc-12crv1-mpc-12crv2\/#primaryimage","url":"https:\/\/dualgree.com.br\/loja\/wp-content\/uploads\/2025\/04\/15298633163-kit-philco-conector-4119.jpg","contentUrl":"https:\/\/dualgree.com.br\/loja\/wp-content\/uploads\/2025\/04\/15298633163-kit-philco-conector-4119.jpg","width":1280,"height":1280},{"@type":"BreadcrumbList","@id":"https:\/\/dualgree.com.br\/loja\/produto\/kit-completo-para-ar-condicionado-portatil-springer-midea-mpc-12crv1-mpc-12crv2\/#breadcrumb","itemListElement":[{"@type":"ListItem","position":1,"name":"In\u00edcio","item":"https:\/\/dualgree.com.br\/loja\/"},{"@type":"ListItem","position":2,"name":"Loja &#8211; Cat\u00e1logo de Pe\u00e7as","item":"https:\/\/dualgree.com.br\/loja\/"},{"@type":"ListItem","position":3,"name":"Kit completo para ar condicionado portatil Springer midea MP..."}]},{"@type":"WebSite","@id":"https:\/\/dualgree.com.br\/loja\/#website","url":"https:\/\/dualgree.com.br\/loja\/","name":"Loja - Dual Gree Servi\u00e7os | Partes e Pe\u00e7as","description":"Catalogo de Pe\u00e7as para ar condicionado","publisher":{"@id":"https:\/\/dualgree.com.br\/loja\/#organization"},"potentialAction":[{"@type":"SearchAction","target":{"@type":"EntryPoint","urlTemplate":"https:\/\/dualgree.com.br\/loja\/?s={search_term_string}"},"query-input":{"@type":"PropertyValueSpecification","valueRequired":true,"valueName":"search_term_string"}}],"inLanguage":"pt-BR"},{"@type":"Organization","@id":"https:\/\/dualgree.com.br\/loja\/#organization","name":"Loja Dual Gree Servi\u00e7o","url":"https:\/\/dualgree.com.br\/loja\/","logo":{"@type":"ImageObject","inLanguage":"pt-BR","@id":"https:\/\/dualgree.com.br\/loja\/#\/schema\/logo\/image\/","url":"https:\/\/dualgree.com.br\/loja\/wp-content\/uploads\/2024\/09\/teste-logo-ecommerce-dual-1-e1725909304971.png","contentUrl":"https:\/\/dualgree.com.br\/loja\/wp-content\/uploads\/2024\/09\/teste-logo-ecommerce-dual-1-e1725909304971.png","width":470,"height":157,"caption":"Loja Dual Gree Servi\u00e7o"},"image":{"@id":"https:\/\/dualgree.com.br\/loja\/#\/schema\/logo\/image\/"}}]}},"jetpack_publicize_connections":[],"jetpack_sharing_enabled":true,"jetpack_likes_enabled":true,"_links":{"self":[{"href":"https:\/\/dualgree.com.br\/loja\/wp-json\/wp\/v2\/product\/9247","targetHints":{"allow":["GET"]}}],"collection":[{"href":"https:\/\/dualgree.com.br\/loja\/wp-json\/wp\/v2\/product"}],"about":[{"href":"https:\/\/dualgree.com.br\/loja\/wp-json\/wp\/v2\/types\/product"}],"replies":[{"embeddable":true,"href":"https:\/\/dualgree.com.br\/loja\/wp-json\/wp\/v2\/comments?post=9247"}],"wp:featuredmedia":[{"embeddable":true,"href":"https:\/\/dualgree.com.br\/loja\/wp-json\/wp\/v2\/media\/9245"}],"wp:attachment":[{"href":"https:\/\/dualgree.com.br\/loja\/wp-json\/wp\/v2\/media?parent=9247"}],"wp:term":[{"taxonomy":"product_brand","embeddable":true,"href":"https:\/\/dualgree.com.br\/loja\/wp-json\/wp\/v2\/product_brand?post=9247"},{"taxonomy":"product_cat","embeddable":true,"href":"https:\/\/dualgree.com.br\/loja\/wp-json\/wp\/v2\/product_cat?post=9247"},{"taxonomy":"product_tag","embeddable":true,"href":"https:\/\/dualgree.com.br\/loja\/wp-json\/wp\/v2\/product_tag?post=9247"}],"curies":[{"name":"wp","href":"https:\/\/api.w.org\/{rel}","templated":true}]}}