{"id":9675,"date":"2025-05-27T16:59:44","date_gmt":"2025-05-27T16:59:44","guid":{"rendered":"https:\/\/dualgree.com.br\/loja\/produto\/bandeja-de-deno-calha-de-agua-ar-condicionado-electrolux-di09\/"},"modified":"2026-02-23T22:25:44","modified_gmt":"2026-02-23T22:25:44","slug":"bandeja-de-deno-calha-de-agua-ar-condicionado-electrolux-di09","status":"publish","type":"product","link":"https:\/\/dualgree.com.br\/loja\/produto\/bandeja-de-deno-calha-de-agua-ar-condicionado-electrolux-di09\/","title":{"rendered":"Bandeja De Deno Calha De Agua Ar Condicionado Electrolux Di0..."},"content":{"rendered":"<p>\u00a0<\/p>\n<p>ic2274 &#8211; Bandeja calha De Deno Ar Condicionado Electrolux<\/p>\n<p>\u00a0<\/p>\n<p>Confirme seu modelo ap\u00f3s compra<\/p>\n<p>\u00a0<\/p>\n<p>Compativel com<\/p>\n<p>\u00a0<\/p>\n<p>Electrolux Di09f<\/p>\n<p>Electrolux Di07f<\/p>\n<p>Electrolux Pi09f<\/p>\n<p>Electrolux Pi07f<\/p>\n<p>\u00a0<\/p>\n<p>Electrolux Di09R<\/p>\n<p>Electrolux Di07R<\/p>\n<p>Electrolux Pi09R<\/p>\n<p>Electrolux Pi07R<\/p>\n<p>\u00a0<\/p>\n<p>midea MSE-09cr<\/p>\n<p>midea mse-09hr<\/p>\n<p>midea MSE1-09cr<\/p>\n<p>midea mse1-09hr<\/p>\n<p>komeco kos09fc<\/p>\n","protected":false},"excerpt":{"rendered":"<p>\u00a0 ic2274 &#8211; Bandeja calha De Deno Ar Condicionado Electrolux \u00a0 Confirme seu modelo ap\u00f3s compra \u00a0 Compativel com \u00a0 Electrolux Di09f Electrolux Di07f Electrolux Pi09f Electrolux Pi07f \u00a0 Electrolux Di09R Electrolux Di07R Electrolux Pi09R Electrolux Pi07R \u00a0 midea MSE-09cr midea mse-09hr midea MSE1-09cr midea mse1-09hr komeco kos09fc<\/p>\n","protected":false},"featured_media":9672,"comment_status":"open","ping_status":"closed","template":"","meta":{"_kadence_starter_templates_imported_post":false,"_kad_post_transparent":"","_kad_post_title":"","_kad_post_layout":"","_kad_post_sidebar_id":"","_kad_post_content_style":"","_kad_post_vertical_padding":"","_kad_post_feature":"","_kad_post_feature_position":"","_kad_post_header":false,"_kad_post_footer":false,"jetpack_publicize_message":"","jetpack_publicize_feature_enabled":true,"jetpack_social_post_already_shared":false,"jetpack_social_options":{"image_generator_settings":{"template":"highway","default_image_id":0,"font":"","enabled":false},"version":2}},"product_brand":[],"product_cat":[188,181,176],"product_tag":[],"class_list":{"0":"post-9675","1":"product","2":"type-product","3":"status-publish","4":"has-post-thumbnail","6":"product_cat-bandeja-de-dreno-split","7":"product_cat-electrolux","8":"product_cat-midea","10":"first","11":"outofstock","12":"shipping-taxable","13":"purchasable","14":"product-type-simple","15":"entry","16":"content-bg","17":"loop-entry"},"yoast_head":"<!-- This site is optimized with the Yoast SEO plugin v27.5 - https:\/\/yoast.com\/product\/yoast-seo-wordpress\/ -->\n<title>Bandeja De Deno Calha De Agua Ar Condicionado Electrolux Di09 - Loja - Dual Gree Servi\u00e7os | Pe\u00e7as<\/title>\n<meta name=\"robots\" content=\"index, follow, max-snippet:-1, max-image-preview:large, max-video-preview:-1\" \/>\n<link rel=\"canonical\" href=\"https:\/\/dualgree.com.br\/loja\/produto\/bandeja-de-deno-calha-de-agua-ar-condicionado-electrolux-di09\/\" \/>\n<meta property=\"og:locale\" content=\"pt_BR\" \/>\n<meta property=\"og:type\" content=\"article\" \/>\n<meta property=\"og:title\" content=\"Bandeja De Deno Calha De Agua Ar Condicionado Electrolux Di09 - Loja - Dual Gree Servi\u00e7os | Pe\u00e7as\" \/>\n<meta property=\"og:description\" content=\"\u00a0 ic2274 &#8211; Bandeja calha De Deno Ar Condicionado Electrolux \u00a0 Confirme seu modelo ap\u00f3s compra \u00a0 Compativel com \u00a0 Electrolux Di09f Electrolux Di07f Electrolux Pi09f Electrolux Pi07f \u00a0 Electrolux Di09R Electrolux Di07R Electrolux Pi09R Electrolux Pi07R \u00a0 midea MSE-09cr midea mse-09hr midea MSE1-09cr midea mse1-09hr komeco kos09fc\" \/>\n<meta property=\"og:url\" content=\"https:\/\/dualgree.com.br\/loja\/produto\/bandeja-de-deno-calha-de-agua-ar-condicionado-electrolux-di09\/\" \/>\n<meta property=\"og:site_name\" content=\"Loja - Dual Gree Servi\u00e7os | Pe\u00e7as\" \/>\n<meta property=\"article:modified_time\" content=\"2026-02-23T22:25:44+00:00\" \/>\n<meta name=\"twitter:card\" content=\"summary_large_image\" \/>\n<script type=\"application\/ld+json\" class=\"yoast-schema-graph\">{\"@context\":\"https:\\\/\\\/schema.org\",\"@graph\":[{\"@type\":\"WebPage\",\"@id\":\"https:\\\/\\\/dualgree.com.br\\\/loja\\\/produto\\\/bandeja-de-deno-calha-de-agua-ar-condicionado-electrolux-di09\\\/\",\"url\":\"https:\\\/\\\/dualgree.com.br\\\/loja\\\/produto\\\/bandeja-de-deno-calha-de-agua-ar-condicionado-electrolux-di09\\\/\",\"name\":\"Bandeja De Deno Calha De Agua Ar Condicionado Electrolux Di09 - Loja - Dual Gree Servi\u00e7os | Pe\u00e7as\",\"isPartOf\":{\"@id\":\"https:\\\/\\\/dualgree.com.br\\\/loja\\\/#website\"},\"primaryImageOfPage\":{\"@id\":\"https:\\\/\\\/dualgree.com.br\\\/loja\\\/produto\\\/bandeja-de-deno-calha-de-agua-ar-condicionado-electrolux-di09\\\/#primaryimage\"},\"image\":{\"@id\":\"https:\\\/\\\/dualgree.com.br\\\/loja\\\/produto\\\/bandeja-de-deno-calha-de-agua-ar-condicionado-electrolux-di09\\\/#primaryimage\"},\"thumbnailUrl\":\"https:\\\/\\\/dualgree.com.br\\\/loja\\\/wp-content\\\/uploads\\\/2025\\\/05\\\/15350836392-ic2274-bandeja-calha-de-deno-ar-condicionado-electrolux.webp\",\"datePublished\":\"2025-05-27T16:59:44+00:00\",\"dateModified\":\"2026-02-23T22:25:44+00:00\",\"breadcrumb\":{\"@id\":\"https:\\\/\\\/dualgree.com.br\\\/loja\\\/produto\\\/bandeja-de-deno-calha-de-agua-ar-condicionado-electrolux-di09\\\/#breadcrumb\"},\"inLanguage\":\"pt-BR\",\"potentialAction\":[{\"@type\":\"ReadAction\",\"target\":[\"https:\\\/\\\/dualgree.com.br\\\/loja\\\/produto\\\/bandeja-de-deno-calha-de-agua-ar-condicionado-electrolux-di09\\\/\"]}]},{\"@type\":\"ImageObject\",\"inLanguage\":\"pt-BR\",\"@id\":\"https:\\\/\\\/dualgree.com.br\\\/loja\\\/produto\\\/bandeja-de-deno-calha-de-agua-ar-condicionado-electrolux-di09\\\/#primaryimage\",\"url\":\"https:\\\/\\\/dualgree.com.br\\\/loja\\\/wp-content\\\/uploads\\\/2025\\\/05\\\/15350836392-ic2274-bandeja-calha-de-deno-ar-condicionado-electrolux.webp\",\"contentUrl\":\"https:\\\/\\\/dualgree.com.br\\\/loja\\\/wp-content\\\/uploads\\\/2025\\\/05\\\/15350836392-ic2274-bandeja-calha-de-deno-ar-condicionado-electrolux.webp\",\"width\":1280,\"height\":1280},{\"@type\":\"BreadcrumbList\",\"@id\":\"https:\\\/\\\/dualgree.com.br\\\/loja\\\/produto\\\/bandeja-de-deno-calha-de-agua-ar-condicionado-electrolux-di09\\\/#breadcrumb\",\"itemListElement\":[{\"@type\":\"ListItem\",\"position\":1,\"name\":\"In\u00edcio\",\"item\":\"https:\\\/\\\/dualgree.com.br\\\/loja\\\/\"},{\"@type\":\"ListItem\",\"position\":2,\"name\":\"Loja &#8211; Cat\u00e1logo de Pe\u00e7as\",\"item\":\"https:\\\/\\\/dualgree.com.br\\\/loja\\\/\"},{\"@type\":\"ListItem\",\"position\":3,\"name\":\"Bandeja De Deno Calha De Agua Ar Condicionado Electrolux Di0...\"}]},{\"@type\":\"WebSite\",\"@id\":\"https:\\\/\\\/dualgree.com.br\\\/loja\\\/#website\",\"url\":\"https:\\\/\\\/dualgree.com.br\\\/loja\\\/\",\"name\":\"Loja - Dual Gree Servi\u00e7os | Partes e Pe\u00e7as\",\"description\":\"Catalogo de Pe\u00e7as para ar condicionado\",\"publisher\":{\"@id\":\"https:\\\/\\\/dualgree.com.br\\\/loja\\\/#organization\"},\"potentialAction\":[{\"@type\":\"SearchAction\",\"target\":{\"@type\":\"EntryPoint\",\"urlTemplate\":\"https:\\\/\\\/dualgree.com.br\\\/loja\\\/?s={search_term_string}\"},\"query-input\":{\"@type\":\"PropertyValueSpecification\",\"valueRequired\":true,\"valueName\":\"search_term_string\"}}],\"inLanguage\":\"pt-BR\"},{\"@type\":\"Organization\",\"@id\":\"https:\\\/\\\/dualgree.com.br\\\/loja\\\/#organization\",\"name\":\"Loja Dual Gree Servi\u00e7o\",\"url\":\"https:\\\/\\\/dualgree.com.br\\\/loja\\\/\",\"logo\":{\"@type\":\"ImageObject\",\"inLanguage\":\"pt-BR\",\"@id\":\"https:\\\/\\\/dualgree.com.br\\\/loja\\\/#\\\/schema\\\/logo\\\/image\\\/\",\"url\":\"https:\\\/\\\/dualgree.com.br\\\/loja\\\/wp-content\\\/uploads\\\/2024\\\/09\\\/teste-logo-ecommerce-dual-1-e1725909304971.png\",\"contentUrl\":\"https:\\\/\\\/dualgree.com.br\\\/loja\\\/wp-content\\\/uploads\\\/2024\\\/09\\\/teste-logo-ecommerce-dual-1-e1725909304971.png\",\"width\":470,\"height\":157,\"caption\":\"Loja Dual Gree Servi\u00e7o\"},\"image\":{\"@id\":\"https:\\\/\\\/dualgree.com.br\\\/loja\\\/#\\\/schema\\\/logo\\\/image\\\/\"}}]}<\/script>\n<!-- \/ Yoast SEO plugin. -->","yoast_head_json":{"title":"Bandeja De Deno Calha De Agua Ar Condicionado Electrolux Di09 - Loja - Dual Gree Servi\u00e7os | Pe\u00e7as","robots":{"index":"index","follow":"follow","max-snippet":"max-snippet:-1","max-image-preview":"max-image-preview:large","max-video-preview":"max-video-preview:-1"},"canonical":"https:\/\/dualgree.com.br\/loja\/produto\/bandeja-de-deno-calha-de-agua-ar-condicionado-electrolux-di09\/","og_locale":"pt_BR","og_type":"article","og_title":"Bandeja De Deno Calha De Agua Ar Condicionado Electrolux Di09 - Loja - Dual Gree Servi\u00e7os | Pe\u00e7as","og_description":"\u00a0 ic2274 &#8211; Bandeja calha De Deno Ar Condicionado Electrolux \u00a0 Confirme seu modelo ap\u00f3s compra \u00a0 Compativel com \u00a0 Electrolux Di09f Electrolux Di07f Electrolux Pi09f Electrolux Pi07f \u00a0 Electrolux Di09R Electrolux Di07R Electrolux Pi09R Electrolux Pi07R \u00a0 midea MSE-09cr midea mse-09hr midea MSE1-09cr midea mse1-09hr komeco kos09fc","og_url":"https:\/\/dualgree.com.br\/loja\/produto\/bandeja-de-deno-calha-de-agua-ar-condicionado-electrolux-di09\/","og_site_name":"Loja - Dual Gree Servi\u00e7os | Pe\u00e7as","article_modified_time":"2026-02-23T22:25:44+00:00","twitter_card":"summary_large_image","schema":{"@context":"https:\/\/schema.org","@graph":[{"@type":"WebPage","@id":"https:\/\/dualgree.com.br\/loja\/produto\/bandeja-de-deno-calha-de-agua-ar-condicionado-electrolux-di09\/","url":"https:\/\/dualgree.com.br\/loja\/produto\/bandeja-de-deno-calha-de-agua-ar-condicionado-electrolux-di09\/","name":"Bandeja De Deno Calha De Agua Ar Condicionado Electrolux Di09 - Loja - Dual Gree Servi\u00e7os | Pe\u00e7as","isPartOf":{"@id":"https:\/\/dualgree.com.br\/loja\/#website"},"primaryImageOfPage":{"@id":"https:\/\/dualgree.com.br\/loja\/produto\/bandeja-de-deno-calha-de-agua-ar-condicionado-electrolux-di09\/#primaryimage"},"image":{"@id":"https:\/\/dualgree.com.br\/loja\/produto\/bandeja-de-deno-calha-de-agua-ar-condicionado-electrolux-di09\/#primaryimage"},"thumbnailUrl":"https:\/\/dualgree.com.br\/loja\/wp-content\/uploads\/2025\/05\/15350836392-ic2274-bandeja-calha-de-deno-ar-condicionado-electrolux.webp","datePublished":"2025-05-27T16:59:44+00:00","dateModified":"2026-02-23T22:25:44+00:00","breadcrumb":{"@id":"https:\/\/dualgree.com.br\/loja\/produto\/bandeja-de-deno-calha-de-agua-ar-condicionado-electrolux-di09\/#breadcrumb"},"inLanguage":"pt-BR","potentialAction":[{"@type":"ReadAction","target":["https:\/\/dualgree.com.br\/loja\/produto\/bandeja-de-deno-calha-de-agua-ar-condicionado-electrolux-di09\/"]}]},{"@type":"ImageObject","inLanguage":"pt-BR","@id":"https:\/\/dualgree.com.br\/loja\/produto\/bandeja-de-deno-calha-de-agua-ar-condicionado-electrolux-di09\/#primaryimage","url":"https:\/\/dualgree.com.br\/loja\/wp-content\/uploads\/2025\/05\/15350836392-ic2274-bandeja-calha-de-deno-ar-condicionado-electrolux.webp","contentUrl":"https:\/\/dualgree.com.br\/loja\/wp-content\/uploads\/2025\/05\/15350836392-ic2274-bandeja-calha-de-deno-ar-condicionado-electrolux.webp","width":1280,"height":1280},{"@type":"BreadcrumbList","@id":"https:\/\/dualgree.com.br\/loja\/produto\/bandeja-de-deno-calha-de-agua-ar-condicionado-electrolux-di09\/#breadcrumb","itemListElement":[{"@type":"ListItem","position":1,"name":"In\u00edcio","item":"https:\/\/dualgree.com.br\/loja\/"},{"@type":"ListItem","position":2,"name":"Loja &#8211; Cat\u00e1logo de Pe\u00e7as","item":"https:\/\/dualgree.com.br\/loja\/"},{"@type":"ListItem","position":3,"name":"Bandeja De Deno Calha De Agua Ar Condicionado Electrolux Di0..."}]},{"@type":"WebSite","@id":"https:\/\/dualgree.com.br\/loja\/#website","url":"https:\/\/dualgree.com.br\/loja\/","name":"Loja - Dual Gree Servi\u00e7os | Partes e Pe\u00e7as","description":"Catalogo de Pe\u00e7as para ar condicionado","publisher":{"@id":"https:\/\/dualgree.com.br\/loja\/#organization"},"potentialAction":[{"@type":"SearchAction","target":{"@type":"EntryPoint","urlTemplate":"https:\/\/dualgree.com.br\/loja\/?s={search_term_string}"},"query-input":{"@type":"PropertyValueSpecification","valueRequired":true,"valueName":"search_term_string"}}],"inLanguage":"pt-BR"},{"@type":"Organization","@id":"https:\/\/dualgree.com.br\/loja\/#organization","name":"Loja Dual Gree Servi\u00e7o","url":"https:\/\/dualgree.com.br\/loja\/","logo":{"@type":"ImageObject","inLanguage":"pt-BR","@id":"https:\/\/dualgree.com.br\/loja\/#\/schema\/logo\/image\/","url":"https:\/\/dualgree.com.br\/loja\/wp-content\/uploads\/2024\/09\/teste-logo-ecommerce-dual-1-e1725909304971.png","contentUrl":"https:\/\/dualgree.com.br\/loja\/wp-content\/uploads\/2024\/09\/teste-logo-ecommerce-dual-1-e1725909304971.png","width":470,"height":157,"caption":"Loja Dual Gree Servi\u00e7o"},"image":{"@id":"https:\/\/dualgree.com.br\/loja\/#\/schema\/logo\/image\/"}}]}},"jetpack_publicize_connections":[],"jetpack_sharing_enabled":true,"jetpack_likes_enabled":true,"_links":{"self":[{"href":"https:\/\/dualgree.com.br\/loja\/wp-json\/wp\/v2\/product\/9675","targetHints":{"allow":["GET"]}}],"collection":[{"href":"https:\/\/dualgree.com.br\/loja\/wp-json\/wp\/v2\/product"}],"about":[{"href":"https:\/\/dualgree.com.br\/loja\/wp-json\/wp\/v2\/types\/product"}],"replies":[{"embeddable":true,"href":"https:\/\/dualgree.com.br\/loja\/wp-json\/wp\/v2\/comments?post=9675"}],"wp:featuredmedia":[{"embeddable":true,"href":"https:\/\/dualgree.com.br\/loja\/wp-json\/wp\/v2\/media\/9672"}],"wp:attachment":[{"href":"https:\/\/dualgree.com.br\/loja\/wp-json\/wp\/v2\/media?parent=9675"}],"wp:term":[{"taxonomy":"product_brand","embeddable":true,"href":"https:\/\/dualgree.com.br\/loja\/wp-json\/wp\/v2\/product_brand?post=9675"},{"taxonomy":"product_cat","embeddable":true,"href":"https:\/\/dualgree.com.br\/loja\/wp-json\/wp\/v2\/product_cat?post=9675"},{"taxonomy":"product_tag","embeddable":true,"href":"https:\/\/dualgree.com.br\/loja\/wp-json\/wp\/v2\/product_tag?post=9675"}],"curies":[{"name":"wp","href":"https:\/\/api.w.org\/{rel}","templated":true}]}}